{"id":746,"date":"2021-01-14T11:16:34","date_gmt":"2021-01-14T11:16:34","guid":{"rendered":"https:\/\/moradadastradicoes.com.br\/utmt\/?page_id=746"},"modified":"2021-01-18T15:28:52","modified_gmt":"2021-01-18T15:28:52","slug":"agenda-2021","status":"publish","type":"page","link":"https:\/\/moradadastradicoes.com.br\/utmt\/agenda-2021\/","title":{"rendered":"Agenda 2021"},"content":{"rendered":"<p>[et_pb_section fb_built=&#8221;1&#8243; next_background_color=&#8221;#f8b21f&#8221; _builder_version=&#8221;4.5.6&#8243; _module_preset=&#8221;default&#8221; custom_margin=&#8221;-50px||||false|false&#8221; custom_padding=&#8221;||||false|false&#8221; top_divider_color=&#8221;#e2a62e&#8221; bottom_divider_style=&#8221;wave2&#8243;][et_pb_row disabled_on=&#8221;on|on|off&#8221; _builder_version=&#8221;4.6.5&#8243; _module_preset=&#8221;default&#8221;][et_pb_column type=&#8221;4_4&#8243; _builder_version=&#8221;4.5.6&#8243; _module_preset=&#8221;default&#8221;][et_pb_text _builder_version=&#8221;4.7.7&#8243; _module_preset=&#8221;default&#8221; header_font=&#8221;Roboto||||||||&#8221; header_text_color=&#8221;#e2a62e&#8221;]<\/p>\n<h1 style=\"text-align: center;\">Agenda 2021<\/h1>\n<p>[\/et_pb_text][\/et_pb_column][\/et_pb_row][\/et_pb_section][et_pb_section fb_built=&#8221;1&#8243; prev_background_color=&#8221;#ffffff&#8221; _builder_version=&#8221;4.6.5&#8243; _module_preset=&#8221;default&#8221; background_color=&#8221;#f8b21f&#8221; background_enable_image=&#8221;off&#8221; background_size=&#8221;initial&#8221; min_height=&#8221;759px&#8221; custom_margin=&#8221;-150px||||false|false&#8221; custom_padding=&#8221;||||true|false&#8221; top_divider_style=&#8221;wave2&#8243;][et_pb_row column_structure=&#8221;1_3,1_3,1_3&#8243; _builder_version=&#8221;4.5.6&#8243; _module_preset=&#8221;default&#8221;][et_pb_column type=&#8221;1_3&#8243; _builder_version=&#8221;4.5.6&#8243; _module_preset=&#8221;default&#8221;][et_pb_toggle title=&#8221;Janeiro&#8221; open_toggle_text_color=&#8221;#623421&#8243; _builder_version=&#8221;4.7.7&#8243; _module_preset=&#8221;default&#8221; title_text_color=&#8221;#623421&#8243; title_font=&#8221;Arial|700|||||||&#8221;][\/et_pb_toggle][\/et_pb_column][et_pb_column type=&#8221;1_3&#8243; _builder_version=&#8221;4.5.6&#8243; _module_preset=&#8221;default&#8221;][et_pb_toggle title=&#8221;Fevereiro&#8221; open_toggle_text_color=&#8221;#623421&#8243; _builder_version=&#8221;4.7.7&#8243; _module_preset=&#8221;default&#8221; title_text_color=&#8221;#623421&#8243; title_font=&#8221;Arial|700|||||||&#8221; link_option_url=&#8221;https:\/\/moradadastradicoes.com.br\/utmt\/corpo-e-consciencia\/&#8221; link_option_url_new_window=&#8221;on&#8221;]<\/p>\n<ul>\n<li><a href=\"https:\/\/moradadastradicoes.com.br\/utmt\/corpo-e-consciencia\/\" target=\"_blank\" rel=\"noopener noreferrer\"><em><strong>Semin\u00e1rio 1 &#8211; Corpo e Consci\u00eancia(Aula 1\/4):<\/strong><\/em><\/a>\n<ul>\n<li><span face=\"Arial, serif\" size=\"3\"><strong>Per\u00edodo:<\/strong> S\u00e1bado 20\/02\/2021<\/span><\/li>\n<li><span face=\"Arial, serif\" size=\"3\"><strong>Hor\u00e1rio:<\/strong> das 14:30 \u00e0s 18:30<\/span><\/li>\n<li><span face=\"Arial, serif\" size=\"3\"><strong>Carga Hor\u00e1ria Total:<\/strong> 4 horas<\/span>\n<p class=\"western\" align=\"justify\"><span face=\"Calibri, serif\"><span size=\"2\"><span face=\"Arial, serif\"><span size=\"3\"><b>Investimento:<\/b><\/span><\/span><\/span><\/span><\/p>\n<\/li>\n<li>\n<p class=\"western\" align=\"justify\"><strong><em><span face=\"Calibri, serif\"><span size=\"2\"><span face=\"Arial, serif\"><span size=\"3\">R$ 860,00 p\/ Pessoa<\/span><\/span><\/span><\/span><\/em><\/strong><\/p>\n<\/li>\n<\/ul>\n<\/li>\n<\/ul>\n<p>[\/et_pb_toggle][\/et_pb_column][et_pb_column type=&#8221;1_3&#8243; _builder_version=&#8221;4.5.6&#8243; _module_preset=&#8221;default&#8221;][et_pb_toggle title=&#8221;Mar\u00e7o&#8221; open_toggle_text_color=&#8221;#623421&#8243; _builder_version=&#8221;4.7.7&#8243; _module_preset=&#8221;default&#8221; title_text_color=&#8221;#623421&#8243; title_font=&#8221;Arial|700|||||||&#8221;]<\/p>\n<ul>\n<li><a href=\"https:\/\/moradadastradicoes.com.br\/utmt\/corpo-e-consciencia\/\" target=\"_blank\" rel=\"noopener noreferrer\"><em><strong>Semin\u00e1rio 1 &#8211; Corpo e Consci\u00eancia(Aula 2\/4):<\/strong><\/em><\/a>\n<ul>\n<li><span face=\"Arial, serif\" size=\"3\"><strong>Per\u00edodo:<\/strong> S\u00e1bado 13\/03\/2021<\/span><\/li>\n<li><span face=\"Arial, serif\" size=\"3\"><strong>Hor\u00e1rio:<\/strong> das 14:30 \u00e0s 18:30<\/span><\/li>\n<li><span face=\"Arial, serif\" size=\"3\"><strong>Carga Hor\u00e1ria Total:<\/strong> 4 horas<\/span>\n<p class=\"western\" align=\"justify\"><span face=\"Calibri, serif\"><span size=\"2\"><span face=\"Arial, serif\"><span size=\"3\"><b>Investimento:<\/b><\/span><\/span><\/span><\/span><\/p>\n<\/li>\n<li>\n<p class=\"western\" align=\"justify\"><strong><em><span face=\"Calibri, serif\"><span size=\"2\"><span face=\"Arial, serif\"><span size=\"3\">R$ 860,00 p\/ Pessoa<\/span><\/span><\/span><\/span><\/em><\/strong><\/p>\n<\/li>\n<\/ul>\n<\/li>\n<li><strong>Oficina de Medita\u00e7\u00e3o &#8211; Turma 1 -Semin\u00e1rio 1<\/strong>\n<ul>\n<li><strong>Per\u00edodo:<\/strong> Quarta-Feira Dias\n<ul>\n<li>03\/03\/2021<\/li>\n<li>10\/03\/2021<\/li>\n<li>17\/03\/2021<\/li>\n<li>24\/03\/2021<\/li>\n<\/ul>\n<\/li>\n<li><strong>Hor\u00e1rio:<\/strong> das 18:30 \u00e0s 20:30<\/li>\n<li><strong>Carga Hor\u00e1ria Total:<\/strong> 2 horas\n<p align=\"justify\"><b>Investimento:<\/b><\/p>\n<\/li>\n<li>\n<p align=\"justify\"><em><strong>R$ 860,00 p\/ Pessoa<\/strong><\/em><\/p>\n<\/li>\n<\/ul>\n<\/li>\n<li><strong><a href=\"https:\/\/moradadastradicoes.com.br\/utmt\/o-ser-o-saber-e-o-conhecimento-de-si\/\" target=\"_blank\" rel=\"noopener\">O Ser, O Saber e o Conhecimento de S\u00ed:<\/a><\/strong>\n<ul>\n<li><strong>Per\u00edodo:<\/strong>\u00a0Quintas-Feiras<\/li>\n<li><strong>Hor\u00e1rio:<\/strong> das 19:00 \u00e0s 21:30<\/li>\n<li><strong>Carga Hor\u00e1ria Total:<\/strong> 2:30 horas<\/li>\n<li><strong>ONLINE e Quinzenal<\/strong>\n<p align=\"justify\"><b>Investimento:<\/b><\/p>\n<\/li>\n<li>\n<p align=\"justify\"><em><strong>R$ 860,00 p\/ Pessoa<\/strong><\/em><\/p>\n<\/li>\n<\/ul>\n<\/li>\n<\/ul>\n<p>[\/et_pb_toggle][\/et_pb_column][\/et_pb_row][et_pb_row column_structure=&#8221;1_3,1_3,1_3&#8243; _builder_version=&#8221;4.5.6&#8243; _module_preset=&#8221;default&#8221;][et_pb_column type=&#8221;1_3&#8243; _builder_version=&#8221;4.5.6&#8243; _module_preset=&#8221;default&#8221;][et_pb_toggle title=&#8221;Abril&#8221; open_toggle_text_color=&#8221;#623421&#8243; _builder_version=&#8221;4.7.7&#8243; _module_preset=&#8221;default&#8221; title_text_color=&#8221;#623421&#8243; title_font=&#8221;Arial|700|||||||&#8221;]<\/p>\n<ul>\n<li><a href=\"https:\/\/moradadastradicoes.com.br\/utmt\/corpo-e-consciencia\/\"><em><strong>Semin\u00e1rio 1 &#8211; Corpo e Consci\u00eancia(Aula 3\/4):<\/strong><\/em><\/a>\n<ul>\n<li><span face=\"Arial, serif\" size=\"3\"><strong>Per\u00edodo:<\/strong> S\u00e1bado 24\/04\/2021<\/span><\/li>\n<li><span face=\"Arial, serif\" size=\"3\"><strong>Hor\u00e1rio:<\/strong> das 14:30 \u00e0s 18:30<\/span><\/li>\n<li><span face=\"Arial, serif\" size=\"3\"><strong>Carga Hor\u00e1ria Total:<\/strong> 4 horas<\/span>\n<p class=\"western\" align=\"justify\"><span face=\"Calibri, serif\"><span size=\"2\"><span face=\"Arial, serif\"><span size=\"3\"><b>Investimento:<\/b><\/span><\/span><\/span><\/span><\/p>\n<\/li>\n<li>\n<p class=\"western\" align=\"justify\"><strong><em><span face=\"Calibri, serif\"><span size=\"2\"><span face=\"Arial, serif\"><span size=\"3\">R$ 860,00 p\/ Pessoa<\/span><\/span><\/span><\/span><\/em><\/strong><\/p>\n<\/li>\n<\/ul>\n<\/li>\n<li><a href=\"https:\/\/moradadastradicoes.com.br\/utmt\/o-ser-o-saber-e-o-conhecimento-de-si\/\" target=\"_blank\" rel=\"noopener noreferrer\"><em><strong>O Ser, O Saber e o Conhecimento de S\u00ed:<\/strong><\/em><\/a>\n<ul>\n<li><span face=\"Arial, serif\" size=\"3\"><strong>Per\u00edodo:<\/strong>\u00a0Quintas-Feiras<\/span><\/li>\n<li><span face=\"Arial, serif\" size=\"3\"><strong>Hor\u00e1rio:<\/strong> das 19:00 \u00e0s 21:30<\/span><\/li>\n<li><span face=\"Arial, serif\" size=\"3\"><strong>Carga Hor\u00e1ria Total:<\/strong> 2:30 horas<\/span><\/li>\n<li><em><strong>ONLINE e Quinzenal<\/strong><\/em>\n<p class=\"western\" align=\"justify\"><span face=\"Calibri, serif\"><span size=\"2\"><span face=\"Arial, serif\"><span size=\"3\"><b>Investimento:<\/b><\/span><\/span><\/span><\/span><\/p>\n<\/li>\n<li>\n<p class=\"western\" align=\"justify\"><strong><em><span face=\"Calibri, serif\"><span size=\"2\"><span face=\"Arial, serif\"><span size=\"3\">R$ 860,00 p\/ Pessoa<\/span><\/span><\/span><\/span><\/em><\/strong><\/p>\n<\/li>\n<\/ul>\n<\/li>\n<\/ul>\n<p>[\/et_pb_toggle][\/et_pb_column][et_pb_column type=&#8221;1_3&#8243; _builder_version=&#8221;4.5.6&#8243; _module_preset=&#8221;default&#8221;][et_pb_toggle title=&#8221;Maio&#8221; open_toggle_text_color=&#8221;#623421&#8243; _builder_version=&#8221;4.7.7&#8243; _module_preset=&#8221;default&#8221; title_text_color=&#8221;#623421&#8243; title_font=&#8221;Arial|700|||||||&#8221; link_option_url_new_window=&#8221;on&#8221;]<\/p>\n<ul>\n<li><em><strong>Semin\u00e1rio 3 &#8211; ONLINE(Aula 1\/3):<\/strong><\/em>\n<ul>\n<li><span face=\"Arial, serif\" size=\"3\"><strong>Per\u00edodo:<\/strong> S\u00e1bado 01\/05\/2021<\/span><\/li>\n<li><span face=\"Arial, serif\" size=\"3\"><strong>Hor\u00e1rio:<\/strong> das 09:00 \u00e0s 18:30<\/span><\/li>\n<li><span face=\"Arial, serif\" size=\"3\"><strong>Carga Hor\u00e1ria Total:<\/strong> 8 horas<\/span>\n<p class=\"western\" align=\"justify\"><span face=\"Calibri, serif\"><span size=\"2\"><span face=\"Arial, serif\"><span size=\"3\"><b>Investimento:<\/b><\/span><\/span><\/span><\/span><\/p>\n<\/li>\n<li>\n<p class=\"western\" align=\"justify\"><strong><em><span face=\"Calibri, serif\"><span size=\"2\"><span face=\"Arial, serif\"><span size=\"3\">R$ 860,00 p\/ Pessoa<\/span><\/span><\/span><\/span><\/em><\/strong><\/p>\n<\/li>\n<\/ul>\n<\/li>\n<li><a href=\"https:\/\/moradadastradicoes.com.br\/utmt\/corpo-e-consciencia\/\"><em><strong>Semin\u00e1rio 1 &#8211; Corpo e Consci\u00eancia(Aula 4\/4):<\/strong><\/em><\/a>\n<ul>\n<li><span face=\"Arial, serif\" size=\"3\"><strong>Per\u00edodo:<\/strong> S\u00e1bado 29\/05\/2021<\/span><\/li>\n<li><span face=\"Arial, serif\" size=\"3\"><strong>Hor\u00e1rio:<\/strong> das 14:30 \u00e0s 18:30<\/span><\/li>\n<li><span face=\"Arial, serif\" size=\"3\"><strong>Carga Hor\u00e1ria Total:<\/strong> 4 horas<\/span>\n<p class=\"western\" align=\"justify\"><span face=\"Calibri, serif\"><span size=\"2\"><span face=\"Arial, serif\"><span size=\"3\"><b>Investimento:<\/b><\/span><\/span><\/span><\/span><\/p>\n<\/li>\n<li>\n<p class=\"western\" align=\"justify\"><strong><em><span face=\"Calibri, serif\"><span size=\"2\"><span face=\"Arial, serif\"><span size=\"3\">R$ 860,00 p\/ Pessoa<\/span><\/span><\/span><\/span><\/em><\/strong><\/p>\n<\/li>\n<\/ul>\n<\/li>\n<li><a href=\"https:\/\/moradadastradicoes.com.br\/utmt\/leis-e-principios-da-espiritualidade\/\" target=\"_blank\" rel=\"noopener noreferrer\"><em><strong>Leis e Princ\u00edpios da Espiritualidade<\/strong><\/em><\/a>\n<ul>\n<li><span face=\"Arial, serif\" size=\"3\"><strong>Per\u00edodo:<\/strong> S\u00e1bado<\/span><\/li>\n<li><span face=\"Arial, serif\" size=\"3\"><strong>Hor\u00e1rio:<\/strong> das 09:00 \u00e0s 18:30<\/span><\/li>\n<li><span face=\"Arial, serif\" size=\"3\"><strong>Carga Hor\u00e1ria Total:<\/strong> 8 horas<\/span><\/li>\n<li><em><strong>ONLINE<\/strong><\/em>\n<p class=\"western\" align=\"justify\"><span face=\"Calibri, serif\"><span size=\"2\"><span face=\"Arial, serif\"><span size=\"3\"><b>Investimento:<\/b><\/span><\/span><\/span><\/span><\/p>\n<\/li>\n<li>\n<p class=\"western\" align=\"justify\"><strong><em><span face=\"Calibri, serif\"><span size=\"2\"><span face=\"Arial, serif\"><span size=\"3\">R$ 1.290,00 p\/ Pessoa<\/span><\/span><\/span><\/span><\/em><\/strong><\/p>\n<\/li>\n<\/ul>\n<\/li>\n<li><strong><a href=\"https:\/\/moradadastradicoes.com.br\/utmt\/o-ser-o-saber-e-o-conhecimento-de-si\/\" target=\"_blank\" rel=\"noopener\">O Ser, O Saber e o Conhecimento de S\u00ed:<\/a><\/strong>\n<ul>\n<li><strong>Per\u00edodo:<\/strong>\u00a0Quintas-Feiras<\/li>\n<li><strong>Hor\u00e1rio:<\/strong> das 19:00 \u00e0s 21:30<\/li>\n<li><strong>Carga Hor\u00e1ria Total:<\/strong> 2:30 horas<\/li>\n<li><strong>ONLINE e Quinzenal<\/strong>\n<p align=\"justify\"><b>Investimento:<\/b><\/p>\n<\/li>\n<li>\n<p align=\"justify\"><em><strong>R$ 860,00 p\/ Pessoa<\/strong><\/em><\/p>\n<\/li>\n<\/ul>\n<\/li>\n<\/ul>\n<p><strong><em><span face=\"Calibri, serif\"><span size=\"2\"><span face=\"Arial, serif\"><span size=\"3\"><\/span><\/span><\/span><\/span><\/em><\/strong><\/p>\n<p>[\/et_pb_toggle][\/et_pb_column][et_pb_column type=&#8221;1_3&#8243; _builder_version=&#8221;4.5.6&#8243; _module_preset=&#8221;default&#8221;][et_pb_toggle title=&#8221;Junho&#8221; open_toggle_text_color=&#8221;#623421&#8243; _builder_version=&#8221;4.7.7&#8243; _module_preset=&#8221;default&#8221; title_text_color=&#8221;#623421&#8243; title_font=&#8221;Arial|700|||||||&#8221; link_option_url=&#8221;https:\/\/moradadastradicoes.com.br\/utmt\/leis-e-principios-da-espiritualidade\/&#8221; link_option_url_new_window=&#8221;on&#8221;]<\/p>\n<ul>\n<li><a href=\"https:\/\/moradadastradicoes.com.br\/utmt\/leis-e-principios-da-espiritualidade\/\" target=\"_blank\" rel=\"noopener noreferrer\"><em><strong><\/strong><\/em><\/a><em><strong>Semin\u00e1rio 3 &#8211; ONLINE(Aula 2\/3):<\/strong><\/em>\n<ul>\n<li><span face=\"Arial, serif\" size=\"3\"><strong>Per\u00edodo:<\/strong> S\u00e1bado 05\/06\/2021<\/span><\/li>\n<li><span face=\"Arial, serif\" size=\"3\"><strong>Hor\u00e1rio:<\/strong> das 09:00 \u00e0s 18:30<\/span><\/li>\n<li><span face=\"Arial, serif\" size=\"3\"><strong>Carga Hor\u00e1ria Total:<\/strong> 8 horas<\/span>\n<p class=\"western\" align=\"justify\"><span face=\"Calibri, serif\"><span size=\"2\"><span face=\"Arial, serif\"><span size=\"3\"><b>Investimento:<\/b><\/span><\/span><\/span><\/span><\/p>\n<\/li>\n<li>\n<p class=\"western\" align=\"justify\"><strong><em><span face=\"Calibri, serif\"><span size=\"2\"><span face=\"Arial, serif\"><span size=\"3\">R$ 860,00 p\/ Pessoa<\/span><\/span><\/span><\/span><\/em><\/strong><\/p>\n<\/li>\n<\/ul>\n<\/li>\n<li><a href=\"https:\/\/moradadastradicoes.com.br\/utmt\/corpo-e-consciencia\/\" target=\"_blank\" rel=\"noopener noreferrer\"><em><strong><\/strong><\/em><\/a><strong><a href=\"https:\/\/moradadastradicoes.com.br\/utmt\/corpo-e-consciencia\/\" target=\"_blank\" rel=\"noopener\"><\/a>Oficina de Medita\u00e7\u00e3o &#8211; Turma 2 -Semin\u00e1rio 1<\/strong>\n<ul>\n<li><strong>Per\u00edodo:<\/strong> Quarta-Feira Dias\n<ul>\n<li>09\/06\/2021<\/li>\n<li>16\/06\/2021<\/li>\n<li>23\/06\/2021<\/li>\n<li>30\/06\/2021<\/li>\n<\/ul>\n<\/li>\n<li><strong>Hor\u00e1rio:<\/strong> das 18:30 \u00e0s 20:30<\/li>\n<li><strong>Carga Hor\u00e1ria Total:<\/strong> 2 horas\n<p align=\"justify\"><b>Investimento:<\/b><\/p>\n<\/li>\n<li>\n<p align=\"justify\"><em><strong>R$ 860,00 p\/ Pessoa<\/strong><\/em><\/p>\n<\/li>\n<\/ul>\n<\/li>\n<li><em><strong>Oficina Eneagrama Corporal e o Quarto Caminho(aula 1\/6):<\/strong><\/em>\n<ul>\n<li><span face=\"Arial, serif\" size=\"3\"><strong>Per\u00edodo:<\/strong> S\u00e1bado 26\/06\/2021<\/span><\/li>\n<li><span face=\"Arial, serif\" size=\"3\"><strong>Hor\u00e1rio:<\/strong> das 14:30 \u00e0s 18:30<\/span><\/li>\n<li><span face=\"Arial, serif\" size=\"3\"><strong>Carga Hor\u00e1ria Total:<\/strong> 4 horas<\/span>\n<p class=\"western\" align=\"justify\"><span face=\"Calibri, serif\"><span size=\"2\"><span face=\"Arial, serif\"><span size=\"3\"><b>Investimento:<\/b><\/span><\/span><\/span><\/span><\/p>\n<\/li>\n<li>\n<p class=\"western\" align=\"justify\">\n<\/li>\n<\/ul>\n<\/li>\n<li><a href=\"https:\/\/moradadastradicoes.com.br\/utmt\/leis-e-principios-da-espiritualidade\/\" target=\"_blank\" rel=\"noopener noreferrer\"><em><strong>Leis e Princ\u00edpios da Espiritualidade<\/strong><\/em><\/a>\n<ul>\n<li><span face=\"Arial, serif\" size=\"3\"><strong>Per\u00edodo:<\/strong> S\u00e1bado<\/span><\/li>\n<li><span face=\"Arial, serif\" size=\"3\"><strong>Hor\u00e1rio:<\/strong> das 09:00 \u00e0s 18:30<\/span><\/li>\n<li><span face=\"Arial, serif\" size=\"3\"><strong>Carga Hor\u00e1ria Total:<\/strong> 8 horas<\/span><\/li>\n<li><em><strong>ONLINE<\/strong><\/em>\n<p class=\"western\" align=\"justify\"><span face=\"Calibri, serif\"><span size=\"2\"><span face=\"Arial, serif\"><span size=\"3\"><b>Investimento:<\/b><\/span><\/span><\/span><\/span><\/p>\n<\/li>\n<li>\n<p class=\"western\" align=\"justify\"><strong><em><span face=\"Calibri, serif\"><span size=\"2\"><span face=\"Arial, serif\"><span size=\"3\">R$ 1.290,00 p\/ Pessoa<\/span><\/span><\/span><\/span><\/em><\/strong><\/p>\n<\/li>\n<\/ul>\n<\/li>\n<\/ul>\n<p>[\/et_pb_toggle][\/et_pb_column][\/et_pb_row][et_pb_row column_structure=&#8221;1_3,1_3,1_3&#8243; _builder_version=&#8221;4.5.6&#8243; _module_preset=&#8221;default&#8221;][et_pb_column type=&#8221;1_3&#8243; _builder_version=&#8221;4.5.6&#8243; _module_preset=&#8221;default&#8221;][et_pb_toggle title=&#8221;Julho&#8221; open_toggle_text_color=&#8221;#623421&#8243; _builder_version=&#8221;4.7.7&#8243; _module_preset=&#8221;default&#8221; title_text_color=&#8221;#623421&#8243; title_font=&#8221;Arial|700|||||||&#8221; link_option_url=&#8221;https:\/\/moradadastradicoes.com.br\/utmt\/leis-e-principios-da-espiritualidade\/&#8221; link_option_url_new_window=&#8221;on&#8221;]<\/p>\n<p><a href=\"https:\/\/moradadastradicoes.com.br\/utmt\/leis-e-principios-da-espiritualidade\/\" target=\"_blank\" rel=\"noopener noreferrer\"><em><strong><\/strong><\/em><\/a><em><strong>Oficina Eneagrama Corporal e o Quarto Caminho(aula 2\/6):<\/strong><\/em><\/p>\n<ul>\n<li><span face=\"Arial, serif\" size=\"3\"><strong>Per\u00edodo:<\/strong> S\u00e1bado 10\/07\/2021<\/span><\/li>\n<li><span face=\"Arial, serif\" size=\"3\"><strong>Hor\u00e1rio:<\/strong> das 14:30 \u00e0s 18:30<\/span><\/li>\n<li><span face=\"Arial, serif\" size=\"3\"><strong>Carga Hor\u00e1ria Total:<\/strong> 4 horas<\/span>\n<p class=\"western\" align=\"justify\"><span face=\"Calibri, serif\"><span size=\"2\"><span face=\"Arial, serif\"><span size=\"3\"><b>Investimento:<\/b><\/span><\/span><\/span><\/span><\/p>\n<\/li>\n<\/ul>\n<ul>\n<li><a href=\"https:\/\/moradadastradicoes.com.br\/utmt\/leis-e-principios-da-espiritualidade\/\" target=\"_blank\" rel=\"noopener noreferrer\"><em><strong><\/strong><\/em><\/a><em><strong>Semin\u00e1rio 3 &#8211; ONLINE(Aula 3\/3):<\/strong><\/em>\n<ul>\n<li><span face=\"Arial, serif\" size=\"3\"><strong>Per\u00edodo:<\/strong> S\u00e1bado 24\/07\/2021<\/span><\/li>\n<li><span face=\"Arial, serif\" size=\"3\"><strong>Hor\u00e1rio:<\/strong> das 09:00 \u00e0s 18:30<\/span><\/li>\n<li><span face=\"Arial, serif\" size=\"3\"><strong>Carga Hor\u00e1ria Total:<\/strong> 8 horas<\/span>\n<p class=\"western\" align=\"justify\"><span face=\"Calibri, serif\"><span size=\"2\"><span face=\"Arial, serif\"><span size=\"3\"><b>Investimento:<\/b><\/span><\/span><\/span><\/span><\/p>\n<\/li>\n<li>\n<p class=\"western\" align=\"justify\"><strong><em><span face=\"Calibri, serif\"><span size=\"2\"><span face=\"Arial, serif\"><span size=\"3\">R$ 860,00 p\/ Pessoa<\/span><\/span><\/span><\/span><\/em><\/strong><\/p>\n<\/li>\n<\/ul>\n<p><a href=\"https:\/\/moradadastradicoes.com.br\/utmt\/leis-e-principios-da-espiritualidade\/\" target=\"_blank\" rel=\"noopener noreferrer\"><em><strong>Leis e Princ\u00edpios da Espiritualidade<\/strong><\/em><\/a><\/p>\n<ul>\n<li><span face=\"Arial, serif\" size=\"3\"><strong>Per\u00edodo:<\/strong> S\u00e1bado<\/span><\/li>\n<li><span face=\"Arial, serif\" size=\"3\"><strong>Hor\u00e1rio:<\/strong> das 09:00 \u00e0s 18:30<\/span><\/li>\n<li><span face=\"Arial, serif\" size=\"3\"><strong>Carga Hor\u00e1ria Total:<\/strong> 8 horas<\/span><\/li>\n<li><em><strong>ONLINE<\/strong><\/em>\n<p class=\"western\" align=\"justify\"><span face=\"Calibri, serif\"><span size=\"2\"><span face=\"Arial, serif\"><span size=\"3\"><b>Investimento:<\/b><\/span><\/span><\/span><\/span><\/p>\n<\/li>\n<li>\n<p class=\"western\" align=\"justify\"><strong><em><span face=\"Calibri, serif\"><span size=\"2\"><span face=\"Arial, serif\"><span size=\"3\">R$ 1.290,00 p\/ Pessoa<\/span><\/span><\/span><\/span><\/em><\/strong><\/p>\n<\/li>\n<\/ul>\n<\/li>\n<li><strong><strong><em><span face=\"Calibri, serif\"><span size=\"2\"><span face=\"Arial, serif\"><span size=\"3\"><a href=\"https:\/\/moradadastradicoes.com.br\/utmt\/filosofia-e-a-constituicao-do-saber\/\" target=\"_blank\" rel=\"noopener noreferrer\">Filosofia e a Constitui\u00e7\u00e3o do Sujeito:<\/a><\/span><\/span><\/span><\/span><\/em><\/strong><\/strong>\n<ul>\n<li><span face=\"Arial, serif\" size=\"3\"><strong>Per\u00edodo:<\/strong>\u00a0Julho &#8211; 31\/07\/2021<\/span><\/li>\n<li><span face=\"Arial, serif\" size=\"3\"><strong>Hor\u00e1rio:<\/strong> das 09:00 \u00e0s 18:30<\/span><\/li>\n<li><span face=\"Arial, serif\" size=\"3\"><strong>Carga Hor\u00e1ria Total:<\/strong> 8:00 horas<\/span><\/li>\n<li><em><strong>ONLINE<\/strong><\/em>\n<p class=\"western\" align=\"justify\"><span face=\"Calibri, serif\"><span size=\"2\"><span face=\"Arial, serif\"><span size=\"3\"><b>Investimento:<\/b><\/span><\/span><\/span><\/span><\/p>\n<\/li>\n<li>\n<p class=\"western\" align=\"justify\"><strong><em><span face=\"Calibri, serif\"><span size=\"2\"><span face=\"Arial, serif\"><span size=\"3\">R$ 430,00 p\/ Pessoa<\/span><\/span><\/span><\/span><\/em><\/strong><\/p>\n<\/li>\n<\/ul>\n<\/li>\n<\/ul>\n<p><a href=\"https:\/\/moradadastradicoes.com.br\/utmt\/filosofia-e-a-constituicao-do-saber\/\" target=\"_blank\" rel=\"noopener noreferrer\"><em><strong><\/strong><\/em><\/a><\/p>\n<ul>\n<li><strong><em><span face=\"Calibri, serif\"><span size=\"2\"><span face=\"Arial, serif\"><span size=\"3\"><\/span><\/span><\/span><\/span><\/em><\/strong><\/li>\n<\/ul>\n<p>[\/et_pb_toggle][\/et_pb_column][et_pb_column type=&#8221;1_3&#8243; _builder_version=&#8221;4.5.6&#8243; _module_preset=&#8221;default&#8221;][et_pb_toggle title=&#8221;Agosto&#8221; open_toggle_text_color=&#8221;#623421&#8243; _builder_version=&#8221;4.7.7&#8243; _module_preset=&#8221;default&#8221; title_text_color=&#8221;#623421&#8243; title_font=&#8221;Arial|700|||||||&#8221; link_option_url=&#8221;https:\/\/moradadastradicoes.com.br\/utmt\/maio-ambiente-ecologia-sutentabilidade\/&#8221; link_option_url_new_window=&#8221;on&#8221; hover_enabled=&#8221;0&#8243; sticky_enabled=&#8221;0&#8243;]<\/p>\n<ul>\n<li><a href=\"https:\/\/moradadastradicoes.com.br\/utmt\/meio-ambiente-ecologia-sutentabilidade\/\" target=\"_blank\" rel=\"noopener noreferrer\"><em><strong>Consist\u00eancia de Dados Hidrol\u00f3gicos<\/strong><\/em><\/a>\n<ul>\n<li><span face=\"Arial, serif\" size=\"3\"><strong>Per\u00edodo:<\/strong> S\u00e1bado &#8211; 21\/08\/2021<\/span><\/li>\n<li><span face=\"Arial, serif\" size=\"3\"><strong>Hor\u00e1rio:<\/strong> das 14:30 \u00e0s 17:30<\/span><\/li>\n<li><span face=\"Arial, serif\" size=\"3\"><strong>Carga Hor\u00e1ria Total:<\/strong> 3 horas<\/span>\n<p class=\"western\" align=\"justify\"><span face=\"Calibri, serif\"><span size=\"2\"><span face=\"Arial, serif\"><span size=\"3\"><b>Investimento:<\/b><\/span><\/span><\/span><\/span><\/p>\n<\/li>\n<li>\n<p class=\"western\" align=\"justify\"><strong><em><span face=\"Calibri, serif\"><span size=\"2\"><span face=\"Arial, serif\"><span size=\"3\">R$ 860,00 p\/ Pessoa<\/span><\/span><\/span><\/span><\/em><\/strong><\/p>\n<\/li>\n<\/ul>\n<\/li>\n<li><strong><strong><em><span face=\"Calibri, serif\"><span size=\"2\"><span face=\"Arial, serif\"><span size=\"3\">Renascimento como T\u00e9cnica de Expans\u00e3o de Consci\u00eancia &#8211; P\u00f3s GRADUA\u00c7\u00c3O:<\/span><\/span><\/span><\/span><\/em><\/strong><\/strong>\n<ul>\n<li><span face=\"Arial, serif\" size=\"3\"><strong>Per\u00edodo:<\/strong>\u00a0Sexta e S\u00e1bado<\/span>\n<ul>\n<li><span face=\"Arial, serif\" size=\"3\">20\/08\/2021<\/span><\/li>\n<li><span face=\"Arial, serif\" size=\"3\">21\/08\/2021<\/span><\/li>\n<\/ul>\n<\/li>\n<li><span face=\"Arial, serif\" size=\"3\"><strong>Hor\u00e1rio:<\/strong>\u00a0<\/span><\/li>\n<li><span face=\"Arial, serif\" size=\"3\"><strong>Carga Hor\u00e1ria Total:<\/strong>\u00a0<\/span>\n<p class=\"western\" align=\"justify\"><span face=\"Calibri, serif\"><span size=\"2\"><span face=\"Arial, serif\"><span size=\"3\"><b>Investimento:<\/b><\/span><\/span><\/span><\/span><\/p>\n<\/li>\n<li><em><strong>Oficina Eneagrama Corporal e o Quarto Caminho(aula 3\/6):<\/strong><\/em><a href=\"https:\/\/moradadastradicoes.com.br\/utmt\/corpo-e-consciencia\/\" target=\"_blank\" rel=\"noopener noreferrer\"><em><strong><\/strong><\/em><\/a>\n<ul>\n<li><span face=\"Arial, serif\" size=\"3\"><strong>Per\u00edodo:<\/strong> S\u00e1bado 28\/08\/2021<\/span><\/li>\n<li><span face=\"Arial, serif\" size=\"3\"><strong>Hor\u00e1rio:<\/strong> das 14:30 \u00e0s 18:30<\/span><\/li>\n<li><span face=\"Arial, serif\" size=\"3\"><strong>Carga Hor\u00e1ria Total:<\/strong> 4 horas<\/span>\n<p class=\"western\" align=\"justify\"><span face=\"Calibri, serif\"><span size=\"2\"><span face=\"Arial, serif\"><span size=\"3\"><b>Investimento:<\/b><\/span><\/span><\/span><\/span><\/p>\n<\/li>\n<li>\n<p class=\"western\" align=\"justify\">\n<\/li>\n<\/ul>\n<\/li>\n<\/ul>\n<\/li>\n<\/ul>\n<p>[\/et_pb_toggle][\/et_pb_column][et_pb_column type=&#8221;1_3&#8243; _builder_version=&#8221;4.5.6&#8243; _module_preset=&#8221;default&#8221;][et_pb_toggle title=&#8221;Setembro&#8221; open_toggle_text_color=&#8221;#623421&#8243; _builder_version=&#8221;4.7.7&#8243; _module_preset=&#8221;default&#8221; title_text_color=&#8221;#623421&#8243; title_font=&#8221;Arial|700|||||||&#8221; link_option_url=&#8221;https:\/\/moradadastradicoes.com.br\/utmt\/maio-ambiente-ecologia-sutentabilidade\/&#8221; link_option_url_new_window=&#8221;on&#8221; hover_enabled=&#8221;0&#8243; sticky_enabled=&#8221;0&#8243;]<\/p>\n<ul>\n<li><a href=\"https:\/\/moradadastradicoes.com.br\/utmt\/maio-ambiente-ecologia-sutentabilidade\/\" target=\"_blank\" rel=\"noopener noreferrer\"><em><strong><\/strong><\/em><\/a><em><strong><a href=\"https:\/\/moradadastradicoes.com.br\/utmt\/corpo-e-consciencia\/\" target=\"_blank\" rel=\"noopener\">Oficina de Medita\u00e7\u00e3o &#8211; Turma 3 -Semin\u00e1rio 1<\/a><\/strong><\/em>\n<ul>\n<li><strong>Per\u00edodo:<\/strong> Quarta-Feira Dias\n<ul>\n<li>09\/09\/2021<\/li>\n<li>15\/09\/2021<\/li>\n<li>22\/09\/2021<\/li>\n<li>29\/09\/2021<\/li>\n<\/ul>\n<\/li>\n<li><strong>Hor\u00e1rio:<\/strong>\u00a0das 18:30 \u00e0s 20:30<\/li>\n<li><strong>Carga Hor\u00e1ria Total:<\/strong> 2 horas\n<p align=\"justify\"><b>Investimento:<\/b><\/p>\n<\/li>\n<li>\n<p align=\"justify\"><b><\/b><em><strong>R$ 860,00 p\/ Pessoa<\/strong><\/em><\/p>\n<p><em><strong><\/strong><\/em><\/p>\n<\/li>\n<\/ul>\n<\/li>\n<li><a href=\"https:\/\/moradadastradicoes.com.br\/utmt\/maio-ambiente-ecologia-sutentabilidade\/\" target=\"_blank\" rel=\"noopener noreferrer\"><em><strong><\/strong><\/em><\/a><em><strong>Oficina A Teia da Vida<\/strong><\/em>\n<ul>\n<li><strong>Per\u00edodo:<\/strong> S\u00e1bado e Domingo<\/li>\n<li>04\/09\/2021<\/li>\n<li>05\/09\/2021<\/li>\n<\/ul>\n<\/li>\n<li><strong>Hor\u00e1rio:<\/strong><\/li>\n<li><strong>Carga Hor\u00e1ria Total:<\/strong>\n<p align=\"justify\"><b>Investimento:<\/b><\/p>\n<p><b><\/b><\/p>\n<\/li>\n<li><b><b><em><strong><a href=\"https:\/\/moradadastradicoes.com.br\/utmt\/meio-ambiente-ecologia-sutentabilidade\/\" target=\"_blank\" rel=\"noopener noreferrer\">Gest\u00e3o do Ambiente<\/a><span><\/span><\/strong><\/em><\/b><\/b>\n<ul>\n<li><span face=\"Arial, serif\" size=\"3\"><strong>Per\u00edodo:<\/strong><span>\u00a0<\/span>Domingo \u2013 19\/09\/2021<\/span><\/li>\n<li><span face=\"Arial, serif\" size=\"3\"><strong>Hor\u00e1rio:<\/strong><span>\u00a0<\/span>das 14:30 \u00e0s 17:30<\/span><\/li>\n<li><span face=\"Arial, serif\" size=\"3\"><strong>Carga Hor\u00e1ria Total:<\/strong><span>\u00a0<\/span>3 horas<\/span>\n<p class=\"v1gmail-western\" align=\"justify\"><span face=\"Calibri, serif\"><span size=\"2\"><span face=\"Arial, serif\"><span size=\"3\"><b>Investimento:<\/b><\/span><\/span><\/span><\/span><\/p>\n<\/li>\n<li>\n<p class=\"v1gmail-western\" align=\"justify\"><strong><em><span face=\"Calibri, serif\"><span size=\"2\"><span face=\"Arial, serif\"><span size=\"3\">R$ 860,00 p\/ Pessoa<\/span><\/span><\/span><\/span><\/em><\/strong><\/p>\n<\/li>\n<\/ul>\n<\/li>\n<li>\n<p align=\"justify\"><b><a href=\"https:\/\/moradadastradicoes.com.br\/utmt\/corpo-e-consciencia\/\" target=\"_blank\" rel=\"noopener noreferrer\"><em><strong>Oficina Eneagrama Corporal e o Quarto Caminho(aula 4\/6):<\/strong><\/em><\/a><\/b><\/p>\n<ul>\n<li><span face=\"Arial, serif\" size=\"3\"><strong>Per\u00edodo:<\/strong> S\u00e1bado 25\/09\/2021<\/span><\/li>\n<li><span face=\"Arial, serif\" size=\"3\"><strong>Hor\u00e1rio:<\/strong> das 14:30 \u00e0s 18:30<\/span><\/li>\n<li><span face=\"Arial, serif\" size=\"3\"><strong>Carga Hor\u00e1ria Total:<\/strong> 4 horas<\/span>\n<p class=\"western\" align=\"justify\"><span face=\"Calibri, serif\"><span size=\"2\"><span face=\"Arial, serif\"><span size=\"3\"><b>Investimento:<\/b><\/span><\/span><\/span><\/span><\/p>\n<\/li>\n<\/ul>\n<\/li>\n<\/ul>\n<p>[\/et_pb_toggle][\/et_pb_column][\/et_pb_row][et_pb_row column_structure=&#8221;1_3,1_3,1_3&#8243; _builder_version=&#8221;4.5.6&#8243; _module_preset=&#8221;default&#8221;][et_pb_column type=&#8221;1_3&#8243; _builder_version=&#8221;4.5.6&#8243; _module_preset=&#8221;default&#8221;][et_pb_toggle title=&#8221;Outubro&#8221; open_toggle_text_color=&#8221;#623421&#8243; _builder_version=&#8221;4.7.7&#8243; _module_preset=&#8221;default&#8221; title_text_color=&#8221;#623421&#8243; title_font=&#8221;Arial|700|||||||&#8221; link_option_url=&#8221;https:\/\/moradadastradicoes.com.br\/utmt\/maio-ambiente-ecologia-sutentabilidade\/&#8221; link_option_url_new_window=&#8221;on&#8221;]<\/p>\n<ul>\n<li><a href=\"https:\/\/moradadastradicoes.com.br\/utmt\/fundamentos-das-tradicoes-e-escolas-espirituais\/\" target=\"_blank\" rel=\"noopener noreferrer\"><em><strong>Fundamentos das Tradi\u00e7\u00f5es e Escolas Espirituais<\/strong><\/em><\/a>\n<ul>\n<li><span face=\"Arial, serif\" size=\"3\"><strong>Per\u00edodo:<\/strong> S\u00e1bado e Domingo dias 09\/10\/2021 e 10\/10\/2021<\/span><\/li>\n<li><span face=\"Arial, serif\" size=\"3\"><strong>Hor\u00e1rio:<\/strong>\u00a0S\u00e1bado das 09:30 \u00e0s 18:30 e Domingo das 09:00 \u00e0s 13:00<\/span><\/li>\n<li><span face=\"Arial, serif\" size=\"3\"><strong>Carga Hor\u00e1ria Total:<\/strong> 8 horas no S\u00e1bado e 4 horas no Domingo<\/span>\n<p class=\"western\" align=\"justify\"><span face=\"Calibri, serif\"><span size=\"2\"><span face=\"Arial, serif\"><span size=\"3\"><b>Investimento:<\/b><\/span><\/span><\/span><\/span><\/p>\n<\/li>\n<li>\n<p class=\"western\" align=\"justify\"><strong><em><span face=\"Calibri, serif\"><span size=\"2\"><span face=\"Arial, serif\"><span size=\"3\">R$ 650,00 p\/ Pessoa<\/span><\/span><\/span><\/span><\/em><\/strong><\/p>\n<\/li>\n<\/ul>\n<\/li>\n<li><a href=\"https:\/\/moradadastradicoes.com.br\/utmt\/maio-ambiente-ecologia-sutentabilidade\/\" target=\"_blank\" rel=\"noopener noreferrer\"><em><strong><\/strong><\/em><\/a><em><strong>As Tradi\u00e7\u00f5es e o Princ\u00edpio Masculino e Feminino<\/strong><\/em>\n<ul>\n<li><span face=\"Arial, serif\" size=\"3\"><strong>Per\u00edodo:<\/strong> S\u00e1bado &#8211; 16\/10\/2021<\/span><\/li>\n<li><span face=\"Arial, serif\" size=\"3\"><strong>Hor\u00e1rio:<\/strong> das 09:00 \u00e0s 18:30<\/span><\/li>\n<li><span face=\"Arial, serif\" size=\"3\"><strong>Carga Hor\u00e1ria Total:<\/strong> 8 horas<\/span>\n<p class=\"western\" align=\"justify\"><span face=\"Calibri, serif\"><span size=\"2\"><span face=\"Arial, serif\"><span size=\"3\"><b>Investimento:<\/b><\/span><\/span><\/span><\/span><\/p>\n<\/li>\n<li>\n<p class=\"western\" align=\"justify\">\n<\/li>\n<\/ul>\n<\/li>\n<li><a href=\"https:\/\/moradadastradicoes.com.br\/utmt\/maio-ambiente-ecologia-sutentabilidade\/\" target=\"_blank\" rel=\"noopener noreferrer\"><em><strong>Consist\u00eancia de Dados Hidrol\u00f3gicos<\/strong><\/em><\/a>\n<ul>\n<li><span face=\"Arial, serif\" size=\"3\"><strong>Per\u00edodo:<\/strong> S\u00e1bado &#8211; 16\/10\/2021<\/span><\/li>\n<li><span face=\"Arial, serif\" size=\"3\"><strong>Hor\u00e1rio:<\/strong> das 14:30 \u00e0s 17:30<\/span><\/li>\n<li><span face=\"Arial, serif\" size=\"3\"><strong>Carga Hor\u00e1ria Total:<\/strong> 3 horas<\/span>\n<p class=\"western\" align=\"justify\"><span face=\"Calibri, serif\"><span size=\"2\"><span face=\"Arial, serif\"><span size=\"3\"><b>Investimento:<\/b><\/span><\/span><\/span><\/span><\/p>\n<\/li>\n<li>\n<p class=\"western\" align=\"justify\"><strong><em><span face=\"Calibri, serif\"><span size=\"2\"><span face=\"Arial, serif\"><span size=\"3\">R$ 860,00 p\/ Pessoa<\/span><\/span><\/span><\/span><\/em><\/strong><\/p>\n<\/li>\n<\/ul>\n<\/li>\n<li><a href=\"https:\/\/moradadastradicoes.com.br\/utmt\/maio-ambiente-ecologia-sutentabilidade\/\" target=\"_blank\" rel=\"noopener noreferrer\"><em><strong><\/strong><\/em><\/a><em><strong>Oficina Eneagrama Corporal e o Quarto Caminho(aula 5\/6):<\/strong><\/em>\n<ul>\n<li><span face=\"Arial, serif\" size=\"3\"><strong>Per\u00edodo:<\/strong> S\u00e1bado &#8211; 30\/10\/2021<\/span><\/li>\n<li><span face=\"Arial, serif\" size=\"3\"><strong>Hor\u00e1rio:<\/strong> das 14:30 \u00e0s 18:30<\/span><\/li>\n<li><span face=\"Arial, serif\" size=\"3\"><strong>Carga Hor\u00e1ria Total:<\/strong> 4 horas<\/span>\n<p class=\"western\" align=\"justify\"><span face=\"Calibri, serif\"><span size=\"2\"><span face=\"Arial, serif\"><span size=\"3\"><b>Investimento:<\/b><\/span><\/span><\/span><\/span><\/p>\n<\/li>\n<li>\n<p><strong><em><span face=\"Calibri, serif\"><span size=\"2\"><span face=\"Arial, serif\"><span size=\"3\"><\/span><\/span><\/span><\/span><\/em><\/strong><\/p>\n<\/li>\n<\/ul>\n<\/li>\n<\/ul>\n<p>[\/et_pb_toggle][\/et_pb_column][et_pb_column type=&#8221;1_3&#8243; _builder_version=&#8221;4.5.6&#8243; _module_preset=&#8221;default&#8221;][et_pb_toggle title=&#8221;Novembro&#8221; open_toggle_text_color=&#8221;#623421&#8243; _builder_version=&#8221;4.7.7&#8243; _module_preset=&#8221;default&#8221; title_text_color=&#8221;#623421&#8243; title_font=&#8221;Arial|700|||||||&#8221; link_option_url=&#8221;https:\/\/moradadastradicoes.com.br\/utmt\/maio-ambiente-ecologia-sutentabilidade\/&#8221; link_option_url_new_window=&#8221;on&#8221;]<\/p>\n<ul>\n<li><a href=\"https:\/\/moradadastradicoes.com.br\/utmt\/maio-ambiente-ecologia-sutentabilidade\/\" target=\"_blank\" rel=\"noopener noreferrer\"><em><strong>Gest\u00e3o do Ambiente<\/strong><\/em><\/a>\n<ul>\n<li><span face=\"Arial, serif\" size=\"3\"><strong>Per\u00edodo:<\/strong> S\u00e1bado &#8211; 27\/11\/2021<\/span><\/li>\n<li><span face=\"Arial, serif\" size=\"3\"><strong>Hor\u00e1rio:<\/strong> das 14:30 \u00e0s 17:30<\/span><\/li>\n<li><span face=\"Arial, serif\" size=\"3\"><strong>Carga Hor\u00e1ria Total:<\/strong> 3 horas<\/span>\n<p class=\"western\" align=\"justify\"><span face=\"Calibri, serif\"><span size=\"2\"><span face=\"Arial, serif\"><span size=\"3\"><b>Investimento:<\/b><\/span><\/span><\/span><\/span><\/p>\n<\/li>\n<li>\n<p class=\"western\" align=\"justify\"><strong><em><span face=\"Calibri, serif\"><span size=\"2\"><span face=\"Arial, serif\"><span size=\"3\">R$ 860,00 p\/ Pessoa<\/span><\/span><\/span><\/span><\/em><\/strong><\/p>\n<\/li>\n<\/ul>\n<\/li>\n<li><strong><strong><em><span face=\"Calibri, serif\"><span size=\"2\"><span face=\"Arial, serif\"><span size=\"3\">Oficina Eneagrama Corporal e o Quarto Caminho(aula 6\/6):<\/span><\/span><\/span><\/span><\/em><\/strong><\/strong>\n<ul>\n<li><span face=\"Arial, serif\" size=\"3\"><strong>Per\u00edodo:<\/strong> S\u00e1bado &#8211; 27\/11\/2021<\/span><\/li>\n<li><span face=\"Arial, serif\" size=\"3\"><strong>Hor\u00e1rio:<\/strong> das 14:30 \u00e0s 18:30<\/span><\/li>\n<li><span face=\"Arial, serif\" size=\"3\"><strong>Carga Hor\u00e1ria Total:<\/strong> 4 horas<\/span>\n<p class=\"western\" align=\"justify\"><span face=\"Calibri, serif\"><span size=\"2\"><span face=\"Arial, serif\"><span size=\"3\"><b>Investimento:<\/b><\/span><\/span><\/span><\/span><\/p>\n<\/li>\n<\/ul>\n<\/li>\n<\/ul>\n<p>[\/et_pb_toggle][\/et_pb_column][et_pb_column type=&#8221;1_3&#8243; _builder_version=&#8221;4.5.6&#8243; _module_preset=&#8221;default&#8221;][et_pb_toggle title=&#8221;Dezembro&#8221; open_toggle_text_color=&#8221;#623421&#8243; _builder_version=&#8221;4.7.7&#8243; _module_preset=&#8221;default&#8221; title_text_color=&#8221;#623421&#8243; title_font=&#8221;Arial|700|||||||&#8221;][\/et_pb_toggle][\/et_pb_column][\/et_pb_row][et_pb_row column_structure=&#8221;1_3,1_3,1_3&#8243; _builder_version=&#8221;4.5.6&#8243; _module_preset=&#8221;default&#8221;][et_pb_column type=&#8221;1_3&#8243; _builder_version=&#8221;4.5.6&#8243; _module_preset=&#8221;default&#8221;][\/et_pb_column][et_pb_column type=&#8221;1_3&#8243; _builder_version=&#8221;4.5.6&#8243; _module_preset=&#8221;default&#8221;][et_pb_button button_url=&#8221;https:\/\/moradadastradicoes.com.br\/utmt\/formulario-de-inscricoes\/&#8221; url_new_window=&#8221;on&#8221; button_text=&#8221;Reserve Sua Vaga!&#8221; button_alignment=&#8221;center&#8221; _builder_version=&#8221;4.6.5&#8243; _module_preset=&#8221;default&#8221; custom_button=&#8221;on&#8221; button_text_color=&#8221;#623421&#8243; button_border_width=&#8221;1px&#8221; button_border_radius=&#8221;50px&#8221; button_letter_spacing=&#8221;2px&#8221; button_font=&#8221;Roboto|500|||||||&#8221; button_icon=&#8221;%%24%%&#8221;][\/et_pb_button][\/et_pb_column][et_pb_column type=&#8221;1_3&#8243; _builder_version=&#8221;4.5.6&#8243; _module_preset=&#8221;default&#8221;][\/et_pb_column][\/et_pb_row][\/et_pb_section]<\/p>\n","protected":false},"excerpt":{"rendered":"<p>Agenda 2021 Semin\u00e1rio 1 &#8211; Corpo e Consci\u00eancia(Aula 1\/4): Per\u00edodo: S\u00e1bado 20\/02\/2021 Hor\u00e1rio: das 14:30 \u00e0s 18:30 Carga Hor\u00e1ria Total: 4 horas Investimento: R$ 860,00 p\/ Pessoa Semin\u00e1rio 1 &#8211; Corpo e Consci\u00eancia(Aula 2\/4): Per\u00edodo: S\u00e1bado 13\/03\/2021 Hor\u00e1rio: das 14:30 \u00e0s 18:30 Carga Hor\u00e1ria Total: 4 horas Investimento: R$ 860,00 p\/ Pessoa Oficina de Medita\u00e7\u00e3o [&hellip;]<\/p>\n","protected":false},"author":1,"featured_media":0,"parent":0,"menu_order":0,"comment_status":"closed","ping_status":"closed","template":"","meta":{"_et_pb_use_builder":"on","_et_pb_old_content":"","_et_gb_content_width":""},"_links":{"self":[{"href":"https:\/\/moradadastradicoes.com.br\/utmt\/wp-json\/wp\/v2\/pages\/746"}],"collection":[{"href":"https:\/\/moradadastradicoes.com.br\/utmt\/wp-json\/wp\/v2\/pages"}],"about":[{"href":"https:\/\/moradadastradicoes.com.br\/utmt\/wp-json\/wp\/v2\/types\/page"}],"author":[{"embeddable":true,"href":"https:\/\/moradadastradicoes.com.br\/utmt\/wp-json\/wp\/v2\/users\/1"}],"replies":[{"embeddable":true,"href":"https:\/\/moradadastradicoes.com.br\/utmt\/wp-json\/wp\/v2\/comments?post=746"}],"version-history":[{"count":48,"href":"https:\/\/moradadastradicoes.com.br\/utmt\/wp-json\/wp\/v2\/pages\/746\/revisions"}],"predecessor-version":[{"id":855,"href":"https:\/\/moradadastradicoes.com.br\/utmt\/wp-json\/wp\/v2\/pages\/746\/revisions\/855"}],"wp:attachment":[{"href":"https:\/\/moradadastradicoes.com.br\/utmt\/wp-json\/wp\/v2\/media?parent=746"}],"curies":[{"name":"wp","href":"https:\/\/api.w.org\/{rel}","templated":true}]}}