{"id":468,"date":"2020-11-24T13:59:57","date_gmt":"2020-11-24T13:59:57","guid":{"rendered":"https:\/\/moradadastradicoes.com.br\/utmt\/?page_id=468"},"modified":"2020-11-24T19:27:14","modified_gmt":"2020-11-24T19:27:14","slug":"programa-educacional-morada-das-tradicoes","status":"publish","type":"page","link":"https:\/\/moradadastradicoes.com.br\/utmt\/programa-educacional-morada-das-tradicoes\/","title":{"rendered":"Programa Educacional MORADA DAS TRADI\u00c7\u00d5ES"},"content":{"rendered":"<p>[et_pb_section fb_built=&#8221;1&#8243; next_background_color=&#8221;#f8b21f&#8221; _builder_version=&#8221;4.6.5&#8243; _module_preset=&#8221;default&#8221; custom_margin=&#8221;-50px||-180px||false|false&#8221; custom_padding=&#8221;||||false|false&#8221; top_divider_color=&#8221;#e2a62e&#8221; bottom_divider_style=&#8221;wave2&#8243;][et_pb_row _builder_version=&#8221;4.5.6&#8243; _module_preset=&#8221;default&#8221;][et_pb_column type=&#8221;4_4&#8243; _builder_version=&#8221;4.5.6&#8243; _module_preset=&#8221;default&#8221;][et_pb_text disabled_on=&#8221;on|on|off&#8221; _builder_version=&#8221;4.6.5&#8243; _module_preset=&#8221;default&#8221; header_font=&#8221;Roboto||||||||&#8221; header_text_color=&#8221;#e2a62e&#8221;]<\/p>\n<h1 style=\"text-align: center;\">Programa Educacional da Morada das Tradi\u00e7\u00f5es<\/h1>\n<h1 style=\"text-align: center;\">Apresenta\u00e7\u00e3o<\/h1>\n<p>&nbsp;<\/p>\n<p>&nbsp;<\/p>\n<p>[\/et_pb_text][et_pb_text disabled_on=&#8221;off|off|on&#8221; _builder_version=&#8221;4.6.5&#8243; _module_preset=&#8221;default&#8221; header_font=&#8221;Roboto||||||||&#8221; header_text_color=&#8221;#e2a62e&#8221; header_font_size=&#8221;20px&#8221; header_letter_spacing=&#8221;2px&#8221; header_line_height=&#8221;1.3em&#8221;]<\/p>\n<h1 style=\"text-align: center;\">Programa Educacional da Morada das Tradi\u00e7\u00f5es<\/h1>\n<h1 style=\"text-align: center;\">Apresenta\u00e7\u00e3o<\/h1>\n<p>&nbsp;<\/p>\n<p>&nbsp;<\/p>\n<p>[\/et_pb_text][\/et_pb_column][\/et_pb_row][\/et_pb_section][et_pb_section fb_built=&#8221;1&#8243; prev_background_color=&#8221;#ffffff&#8221; _builder_version=&#8221;4.6.5&#8243; _module_preset=&#8221;default&#8221; background_color=&#8221;#f8b21f&#8221; background_enable_image=&#8221;off&#8221; background_size=&#8221;initial&#8221; min_height=&#8221;759px&#8221; custom_margin=&#8221;15px||||false|false&#8221; custom_padding=&#8221;||||true|false&#8221; top_divider_style=&#8221;wave2&#8243;][et_pb_row _builder_version=&#8221;4.5.6&#8243; _module_preset=&#8221;default&#8221;][et_pb_column type=&#8221;4_4&#8243; _builder_version=&#8221;4.5.6&#8243; _module_preset=&#8221;default&#8221;][et_pb_toggle title=&#8221;Apresenta\u00e7\u00e3o:&#8221; open=&#8221;on&#8221; open_toggle_text_color=&#8221;#623421&#8243; _builder_version=&#8221;4.6.5&#8243; _module_preset=&#8221;default&#8221; title_text_color=&#8221;#623421&#8243; title_font=&#8221;Arial|700|||||||&#8221;]<\/p>\n<p><span face=\"Arial, serif\" style=\"font-family: Arial, serif;\"><span size=\"3\" style=\"font-size: medium;\">A Universidade dos Talentos ainda oferece periodicamente:<\/span><\/span><\/p>\n<ul>\n<li>\n<p><span face=\"Arial, serif\" style=\"font-family: Arial, serif;\"><span size=\"3\" style=\"font-size: medium;\">palestras sobre a Energia do Ano e outros assuntos;<\/span><\/span><\/p>\n<\/li>\n<li>\n<p><span face=\"Arial, serif\" style=\"font-family: Arial, serif;\"><span size=\"3\" style=\"font-size: medium;\">promove lan\u00e7amento de livros da Universidade dos Talentos;<\/span><\/span><\/p>\n<\/li>\n<li>\n<p><span face=\"Arial, serif\" style=\"font-family: Arial, serif;\"><span size=\"3\" style=\"font-size: medium;\">organiza a participa\u00e7\u00e3o em Congressos de interesse da Universidade para os participantes dos grupos de estudo;<\/span><\/span><\/p>\n<\/li>\n<li>\n<p><span face=\"Arial, serif\" style=\"font-family: Arial, serif;\"><span size=\"3\" style=\"font-size: medium;\">organiza viagens espirituais por lugares sagrados;<\/span><\/span><\/p>\n<\/li>\n<li>\n<p><span face=\"Arial, serif\" style=\"font-family: Arial, serif;\"><span size=\"3\" style=\"font-size: medium;\">oferece a Biblioteca Morada das Tradi\u00e7\u00f5es para os participantes dos grupos de estudo;<\/span><\/span><\/p>\n<\/li>\n<li>\n<p><span face=\"Arial, serif\" style=\"font-family: Arial, serif;\"><span size=\"3\" style=\"font-size: medium;\">desenvolve Rodas de Conversa com facilitadores, gestores, professores, mediadores e profissionais de ambiente corporativo;<\/span><\/span><\/p>\n<\/li>\n<li>\n<p><span face=\"Arial, serif\" style=\"font-family: Arial, serif;\"><span size=\"3\" style=\"font-size: medium;\">acompanha exerc\u00edcios espirituais;<\/span><\/span><\/p>\n<\/li>\n<li>\n<p><span face=\"Arial, serif\" style=\"font-family: Arial, serif;\"><span size=\"3\" style=\"font-size: medium;\">oferece o estudo da energia do m\u00eas;<\/span><\/span><\/p>\n<\/li>\n<li>\n<p><span face=\"Arial, serif\" style=\"font-family: Arial, serif;\"><span size=\"3\" style=\"font-size: medium;\">promove retiros espirituais para os participantes dos grupos de estudo da Universidade dos Talentos.<\/span><\/span><\/p>\n<\/li>\n<\/ul>\n<p>[\/et_pb_toggle][\/et_pb_column][\/et_pb_row][et_pb_row _builder_version=&#8221;4.5.6&#8243; _module_preset=&#8221;default&#8221;][et_pb_column type=&#8221;4_4&#8243; _builder_version=&#8221;4.5.6&#8243; _module_preset=&#8221;default&#8221;][et_pb_text _builder_version=&#8221;4.6.5&#8243; _module_preset=&#8221;default&#8221; header_font=&#8221;|700|||||||&#8221; header_text_align=&#8221;center&#8221; header_text_color=&#8221;#ffffff&#8221;]<\/p>\n<h1>Oficinas para Especializa\u00e7\u00e3o de Assuntos<\/h1>\n<p>[\/et_pb_text][\/et_pb_column][\/et_pb_row][et_pb_row column_structure=&#8221;1_3,1_3,1_3&#8243; _builder_version=&#8221;4.5.6&#8243; _module_preset=&#8221;default&#8221;][et_pb_column type=&#8221;1_3&#8243; _builder_version=&#8221;4.5.6&#8243; _module_preset=&#8221;default&#8221;][et_pb_toggle title=&#8221;1 \u2013 CORPO E CONSCI\u00caNCIA&#8221; open_toggle_text_color=&#8221;#623421&#8243; _builder_version=&#8221;4.6.5&#8243; _module_preset=&#8221;default&#8221; title_text_color=&#8221;#623421&#8243; title_font=&#8221;Arial|700|||||||&#8221; title_font_size=&#8221;14px&#8221; link_option_url=&#8221;https:\/\/moradadastradicoes.com.br\/utmt\/formulario-de-inscricoes\/&#8221; link_option_url_new_window=&#8221;on&#8221;]<\/p>\n<p align=\"justify\"><span style=\"font-size: medium;\"><strong><span face=\"Arial, serif\" style=\"font-family: Arial, serif;\"><span size=\"3\"><i>Oficina 1 \u2013 A pr\u00e1tica da medita\u00e7\u00e3o<\/i><\/span><\/span><\/strong><\/span><\/p>\n<p align=\"justify\"><span face=\"Arial, serif\" style=\"font-family: Arial, serif;\"><span size=\"3\" style=\"font-size: medium;\"><b>Objetivo: <\/b><\/span><\/span><\/p>\n<p align=\"justify\"><span face=\"Arial, serif\" style=\"font-family: Arial, serif;\"><span size=\"3\" style=\"font-size: medium;\">Oferecer o exerc\u00edcio da medita\u00e7\u00e3o para manter o processo ps\u00edquico no dinamismo adequado ao processo da gest\u00e3o da vida com discernimento.<\/span><\/span><\/p>\n<p align=\"justify\"><span face=\"Arial, serif\" style=\"font-family: Arial, serif;\"><span size=\"3\" style=\"font-size: medium;\"><b>Procedimentos: <\/b><\/span><\/span><\/p>\n<p align=\"justify\"><span face=\"Arial, serif\" style=\"font-family: Arial, serif;\"><span size=\"3\" style=\"font-size: medium;\">Apresentar o conceito, finalidade e objetivos da pr\u00e1tica da medita\u00e7\u00e3o.<\/span><\/span><\/p>\n<p align=\"justify\"><span face=\"Arial, serif\" style=\"font-family: Arial, serif;\"><span size=\"3\" style=\"font-size: medium;\">Oferecer modelo de medita\u00e7\u00e3o, especialmente o m\u00e9todo mais utilizado pela Morada das Tradi\u00e7\u00f5es.<\/span><\/span><\/p>\n<p align=\"justify\"><span face=\"Arial, serif\" style=\"font-family: Arial, serif;\"><span size=\"3\" style=\"font-size: medium;\">Exercitar as etapas da medita\u00e7\u00e3o, com intervalos em cada fase com explica\u00e7\u00f5es do processo.<\/span><\/span><\/p>\n<p align=\"justify\"><span style=\"font-size: medium;\"><strong><span face=\"Arial, serif\" style=\"font-family: Arial, serif;\"><span size=\"3\"><i>Oficina 2 \u2013 Pr\u00e1ticas de respira\u00e7\u00f5es terap\u00eauticas e yoga<\/i><\/span><\/span><\/strong><\/span><\/p>\n<p align=\"justify\"><span face=\"Arial, serif\" style=\"font-family: Arial, serif;\"><span size=\"3\" style=\"font-size: medium;\"><b>Objetivo:<\/b><\/span><\/span><\/p>\n<p align=\"justify\"><span face=\"Arial, serif\" style=\"font-family: Arial, serif;\"><span size=\"3\" style=\"font-size: medium;\">Desenvolver o tema de exerc\u00edcios respirat\u00f3rios que podem ser utilizadas como t\u00e9cnicas auto terap\u00eauticas para a vida do participante.<\/span><\/span><\/p>\n<p align=\"justify\"><span face=\"Arial, serif\" style=\"font-family: Arial, serif;\"><span size=\"3\" style=\"font-size: medium;\"><b>Procedimentos:<\/b><\/span><\/span><\/p>\n<p align=\"justify\"><span face=\"Arial, serif\" style=\"font-family: Arial, serif;\"><span size=\"3\" style=\"font-size: medium;\">Exercitar algumas t\u00e9cnicas de respira\u00e7\u00e3o com finalidade de relaxamentos.<\/span><\/span><\/p>\n<p align=\"justify\"><span face=\"Arial, serif\" style=\"font-family: Arial, serif;\"><span size=\"3\" style=\"font-size: medium;\">Praticar t\u00e9cnicas de respira\u00e7\u00e3o para os processos de gest\u00e3o da energia ps\u00edquica e corporal<\/span><\/span><\/p>\n<p align=\"justify\"><span face=\"Arial, serif\" style=\"font-family: Arial, serif;\"><span size=\"3\" style=\"font-size: medium;\">Oferecer teorias e orienta\u00e7\u00f5es de tradi\u00e7\u00f5es que utilizam as respira\u00e7\u00f5es em suas pr\u00e1ticas de vida.<\/span><\/span><\/p>\n<p align=\"justify\"><span face=\"Arial, serif\" style=\"font-family: Arial, serif;\"><span size=\"3\" style=\"font-size: medium;\"><\/span><\/span><\/p>\n<p>[\/et_pb_toggle][\/et_pb_column][et_pb_column type=&#8221;1_3&#8243; _builder_version=&#8221;4.5.6&#8243; _module_preset=&#8221;default&#8221;][et_pb_toggle title=&#8221;2 \u2013 MEIO AMBIENTE, ECOLOGIA E SUSTENTABILIDADE&#8221; open_toggle_text_color=&#8221;#623421&#8243; _builder_version=&#8221;4.6.5&#8243; _module_preset=&#8221;default&#8221; title_text_color=&#8221;#623421&#8243; title_font=&#8221;Arial|700|||||||&#8221; title_font_size=&#8221;14px&#8221; title_line_height=&#8221;1.4em&#8221; link_option_url=&#8221;https:\/\/moradadastradicoes.com.br\/utmt\/formulario-de-inscricoes\/&#8221; link_option_url_new_window=&#8221;on&#8221;]<\/p>\n<p align=\"justify\"><span style=\"font-size: medium;\"><strong><span face=\"Arial, serif\" style=\"font-family: Arial, serif;\"><span size=\"3\"><i>Oficina 1 \u2013 Consist\u00eancia de dados Hidrol\u00f3gicos<\/i><\/span><\/span><\/strong><\/span><\/p>\n<p align=\"justify\"><span face=\"Arial, serif\" style=\"font-family: Arial, serif;\"><span size=\"3\" style=\"font-size: medium;\"><b>Objetivo:<\/b><\/span><\/span><\/p>\n<p align=\"justify\"><span face=\"Arial, serif\" style=\"font-family: Arial, serif;\"><span size=\"3\" style=\"font-size: medium;\">Apresentar a import\u00e2ncia e orienta\u00e7\u00f5es fundamentais da atividade de consist\u00eancia de dados hidrol\u00f3gicos.<\/span><\/span><\/p>\n<p align=\"justify\"><span face=\"Arial, serif\" style=\"font-family: Arial, serif;\"><span size=\"3\" style=\"font-size: medium;\"><b>Procedimentos:<\/b><\/span><\/span><\/p>\n<p align=\"justify\"><span face=\"Arial, serif\" style=\"font-family: Arial, serif;\"><span size=\"3\" style=\"font-size: medium;\">Apresentar os conceitos de hidrologia, ciclo hidrol\u00f3gico e bacia hidrogr\u00e1fica.<\/span><\/span><\/p>\n<p align=\"justify\"><span face=\"Arial, serif\" style=\"font-family: Arial, serif;\"><span size=\"3\" style=\"font-size: medium;\">Apresentar a rede de monitoramento hidrol\u00f3gico do Brasil e como acessar os dados das esta\u00e7\u00f5es.<\/span><\/span><\/p>\n<p align=\"justify\"><span face=\"Arial, serif\" style=\"font-family: Arial, serif;\"><span size=\"3\" style=\"font-size: medium;\">Oferecer orienta\u00e7\u00f5es para a consist\u00eancia de dados hidrol\u00f3gicos.<\/span><\/span><\/p>\n<p align=\"justify\"><span face=\"Arial, serif\" style=\"font-family: Arial, serif;\"><span size=\"3\" style=\"font-size: medium;\">Realizar uma das etapas da consist\u00eancia de dados hidrol\u00f3gicos na s\u00e9rie de dados de uma esta\u00e7\u00e3o.<\/span><\/span><\/p>\n<p align=\"justify\"><span style=\"font-size: medium;\"><strong><span face=\"Arial, serif\" style=\"font-family: Arial, serif;\"><span size=\"3\"><i>Oficina 2 \u2013 Hidrometria (pr\u00e9-requisito para a Oficina de Hidrossedimentometria)<\/i><\/span><\/span><\/strong><\/span><\/p>\n<p align=\"justify\"><span face=\"Arial, serif\" style=\"font-family: Arial, serif;\"><span size=\"3\" style=\"font-size: medium;\"><b>Objetivo:<\/b><\/span><\/span><\/p>\n<p align=\"justify\"><span face=\"Arial, serif\" style=\"font-family: Arial, serif;\"><span size=\"3\" style=\"font-size: medium;\">Apresentar no\u00e7\u00f5es b\u00e1sicas de como realizar medidas fluviom\u00e9tricas com a finalidade de obter dados de descarga l\u00edquida do rio. <\/span><\/span><\/p>\n<p align=\"justify\"><span face=\"Arial, serif\" style=\"font-family: Arial, serif;\"><span size=\"3\" style=\"font-size: medium;\"><b>Procedimentos:<\/b><\/span><\/span><\/p>\n<p align=\"justify\"><span face=\"Arial, serif\" style=\"font-family: Arial, serif;\"><span size=\"3\" style=\"font-size: medium;\">Apresentar a Hidrometria e a capacita\u00e7\u00e3o necess\u00e1ria para atua\u00e7\u00e3o. <\/span><\/span><\/p>\n<p align=\"justify\"><span face=\"Arial, serif\" style=\"font-family: Arial, serif;\"><span size=\"3\" style=\"font-size: medium;\">Apresentar\/mostrar e explicar o m\u00e9todo da medi\u00e7\u00e3o de vaz\u00e3o convencional com o uso de molinete hidrom\u00e9trico.<\/span><\/span><\/p>\n<p align=\"justify\"><span face=\"Arial, serif\" style=\"font-family: Arial, serif;\"><span size=\"3\" style=\"font-size: medium;\">Apresentar\/mostrar e explicar os m\u00e9todos de c\u00e1lculo da medi\u00e7\u00e3o convencional pelo processo num\u00e9rico.<\/span><\/span><\/p>\n<p align=\"justify\"><span face=\"Arial, serif\" style=\"font-family: Arial, serif;\"><span size=\"3\" style=\"font-size: medium;\">Aplicar os m\u00e9todos apresentados com dados de uma medi\u00e7\u00e3o de vaz\u00e3o realizada em uma esta\u00e7\u00e3o fluviom\u00e9trica.<\/span><\/span><\/p>\n<p align=\"justify\"><span style=\"font-size: medium;\"><strong><span face=\"Arial, serif\" style=\"font-family: Arial, serif;\"><span size=\"3\"><i>Oficina 3 \u2013 Hidrossedimentometria (pr\u00e9-requisito a Oficina de Hidrometria)<\/i><\/span><\/span><\/strong><\/span><\/p>\n<p align=\"justify\"><span face=\"Arial, serif\" style=\"font-family: Arial, serif;\"><span size=\"3\" style=\"font-size: medium;\"><b>Objetivo:<\/b><\/span><\/span><\/p>\n<p align=\"justify\"><span face=\"Arial, serif\" style=\"font-family: Arial, serif;\"><span size=\"3\" style=\"font-size: medium;\">Apresentar no\u00e7\u00f5es b\u00e1sicas de como realizar a coleta de sedimentos do rio com a finalidade de obter dados de concentra\u00e7\u00e3o de sedimentos. <\/span><\/span><\/p>\n<p align=\"justify\"><span face=\"Arial, serif\" style=\"font-family: Arial, serif;\"><span size=\"3\" style=\"font-size: medium;\"><b>Procedimentos:<\/b><\/span><\/span><\/p>\n<p align=\"justify\"><span face=\"Arial, serif\" style=\"font-family: Arial, serif;\"><span size=\"3\" style=\"font-size: medium;\">Apresentar a import\u00e2ncia e aplica\u00e7\u00e3o da Hidrossedimentometria e a capacita\u00e7\u00e3o necess\u00e1ria para atua\u00e7\u00e3o.<\/span><\/span><\/p>\n<p align=\"justify\"><span face=\"Arial, serif\" style=\"font-family: Arial, serif;\"><span size=\"3\" style=\"font-size: medium;\">Apresentar os equipamentos de Hidrossedimentometria necess\u00e1rios para a coleta de sedimentos.<\/span><\/span><\/p>\n<p align=\"justify\"><span face=\"Arial, serif\" style=\"font-family: Arial, serif;\"><span size=\"3\" style=\"font-size: medium;\">Explicar como realizar a amostragem de sedimentos.<\/span><\/span><\/p>\n<p align=\"justify\"><span face=\"Arial, serif\" style=\"font-family: Arial, serif;\"><span size=\"3\" style=\"font-size: medium;\">Especificar as an\u00e1lises de laborat\u00f3rio necess\u00e1rias a serem realizadas.<\/span><\/span><\/p>\n<p align=\"justify\"><span face=\"Arial, serif\" style=\"font-family: Arial, serif;\"><span size=\"3\" style=\"font-size: medium;\">Demonstrar como realizar o c\u00e1lculo da descarga s\u00f3lida.<\/span><\/span><\/p>\n<p align=\"justify\"><span face=\"Arial, serif\" style=\"font-family: Arial, serif;\"><span size=\"3\" style=\"font-size: medium;\">Recomendar como realizar o processamento de dados sedimentom\u00e9tricos.<\/span><\/span><\/p>\n<p align=\"justify\"><span face=\"Arial, serif\" style=\"font-family: Arial, serif;\"><span size=\"3\" style=\"font-size: medium;\">Aplicar os m\u00e9todos apresentados com dados de uma amostragem de sedimentos realizada em uma esta\u00e7\u00e3o fluviom\u00e9trica-sedimentom\u00e9trica.<\/span><\/span><\/p>\n<p align=\"justify\"><span style=\"font-size: medium;\"><strong><span face=\"Arial, serif\" style=\"font-family: Arial, serif;\"><span size=\"3\"><i>Oficina 4 \u2013 Gest\u00e3o do Ambiente<\/i><\/span><\/span><\/strong><\/span><\/p>\n<p align=\"justify\"><span face=\"Arial, serif\" style=\"font-family: Arial, serif;\"><span size=\"3\" style=\"font-size: medium;\"><b>Objetivo:<\/b><\/span><\/span><span face=\"Arial, serif\" style=\"font-family: Arial, serif;\"><span size=\"3\" style=\"font-size: medium;\"> <\/span><\/span><\/p>\n<p align=\"justify\"><span color=\"#000000\" style=\"color: #000000;\"><span face=\"Arial, serif\" style=\"font-family: Arial, serif;\"><span size=\"3\" style=\"font-size: medium;\">Apresentar uma abordagem integrativa da tem\u00e1tica ambiental, em que o indiv\u00edduo \u00e9 parte do seu meio, estimulando o aprendizado da gest\u00e3o de si e como consequ\u00eancia, a gest\u00e3o dos recursos ambientais. <\/span><\/span><\/span><\/p>\n<p align=\"justify\"><span face=\"Arial, serif\" style=\"font-family: Arial, serif;\"><span size=\"3\" style=\"font-size: medium;\"><b>Procedimentos: <\/b><\/span><\/span><\/p>\n<p align=\"justify\"><span face=\"Arial, serif\" style=\"font-family: Arial, serif;\"><span size=\"3\" style=\"font-size: medium;\">Apresenta\u00e7\u00e3o das pessoas participantes \u2013 r\u00e1pido perfil de cada um. <\/span><\/span><\/p>\n<p align=\"justify\"><span face=\"Arial, serif\" style=\"font-family: Arial, serif;\"><span size=\"3\" style=\"font-size: medium;\"><em><strong>Gest\u00e3o e di\u00e1logo (interno e externo)<\/strong><\/em> \u2013 apresenta\u00e7\u00e3o do conceito de gest\u00e3o e sustentabilidade: como ato de cuidado; cuidado consigo e com as rela\u00e7\u00f5es externas (o meio); pr\u00e1tica de medita\u00e7\u00e3o, o que consome, com o que se relaciona. <\/span><\/span><\/p>\n<p align=\"justify\"><span face=\"Arial, serif\" style=\"font-family: Arial, serif;\"><span size=\"3\" style=\"font-size: medium;\"><strong>Responsabilidade S\u00f3cio Ambiental<\/strong> \u2013 quest\u00f5es legais e \u00e9ticas para pessoas e empresas; Regulamenta\u00e7\u00f5es sobre saneamento, \u00e1gua, seguran\u00e7a alimentar, energia.<\/span><\/span><\/p>\n<p align=\"justify\"><span face=\"Arial, serif\" style=\"font-family: Arial, serif;\"><span size=\"3\" style=\"font-size: medium;\"><em><strong>Indicadores Ambientais<\/strong><\/em> \u2013 o que s\u00e3o indicadores, a import\u00e2ncia do monitoramento constante das condi\u00e7\u00f5es de vida, de uma empresa. Medidas de preven\u00e7\u00e3o e conten\u00e7\u00e3o. <\/span><\/span><\/p>\n<p align=\"justify\"><span face=\"Arial, serif\" style=\"font-family: Arial, serif;\"><span size=\"3\" style=\"font-size: medium;\"><em><strong>Educa\u00e7\u00e3o Ambiental<\/strong><\/em> \u2013 compromisso de contribui\u00e7\u00e3o com a forma\u00e7\u00e3o de consci\u00eancia do ambiente. Abordagem sist\u00eamica das dimens\u00f5es da sustentabilidade. <\/span><\/span><\/p>\n<p>[\/et_pb_toggle][\/et_pb_column][et_pb_column type=&#8221;1_3&#8243; _builder_version=&#8221;4.5.6&#8243; _module_preset=&#8221;default&#8221;][et_pb_toggle title=&#8221;3 \u2013 LEIS E PRINC\u00cdPIOS DA ESPIRITUALIDADE&#8221; open_toggle_text_color=&#8221;#623421&#8243; _builder_version=&#8221;4.6.5&#8243; _module_preset=&#8221;default&#8221; title_text_color=&#8221;#623421&#8243; title_font=&#8221;Arial|700|||||||&#8221; link_option_url=&#8221;https:\/\/moradadastradicoes.com.br\/utmt\/formulario-de-inscricoes\/&#8221; link_option_url_new_window=&#8221;on&#8221;]<\/p>\n<p align=\"justify\"><span face=\"Arial, serif\" style=\"font-family: Arial, serif;\"><span size=\"3\" style=\"font-size: medium;\"><i><strong>Oficina 1 \u2013 CABALA<\/strong> \u2013 O princ\u00edpio das leis espirituais<\/i><\/span><\/span><\/p>\n<p align=\"justify\"><span face=\"Arial, serif\" style=\"font-family: Arial, serif;\"><span size=\"3\" style=\"font-size: medium;\"><b>Objetivo:<\/b><\/span><\/span><span face=\"Arial, serif\" style=\"font-family: Arial, serif;\"><span size=\"3\" style=\"font-size: medium;\"> <\/span><\/span><\/p>\n<p align=\"justify\"><span face=\"Arial, serif\" style=\"font-family: Arial, serif;\"><span size=\"3\" style=\"font-size: medium;\">Apresentar o diagrama da <\/span><\/span><span face=\"Arial, serif\" style=\"font-family: Arial, serif;\"><span size=\"3\" style=\"font-size: medium;\"><b>\u00c1rvore da Vida<\/b><\/span><\/span><span face=\"Arial, serif\" style=\"font-family: Arial, serif;\"><span size=\"3\" style=\"font-size: medium;\"> para que os participantes compreenderem seus caminhos da vida, segundo a Cabala.<\/span><\/span><\/p>\n<p align=\"justify\"><span face=\"Arial, serif\" style=\"font-family: Arial, serif;\"><span size=\"3\" style=\"font-size: medium;\"><b>Procedimentos:<\/b><\/span><\/span><span face=\"Arial, serif\" style=\"font-family: Arial, serif;\"><span size=\"3\" style=\"font-size: medium;\"> Apresentar a maneira de ler os c\u00f3digos, especialmente pela gematria para que o estudante aprenda a calcular o seu caminho na \u00c1rvore da Vida, com o devido caminho na vida.<\/span><\/span><\/p>\n<p align=\"justify\"><span style=\"font-size: medium;\"><strong><span face=\"Arial, serif\" style=\"font-family: Arial, serif;\"><span size=\"3\"><i>Oficina 2 \u2013 Eneagrama corporal e o Quarto Caminho<\/i><\/span><\/span><\/strong><\/span><\/p>\n<p align=\"justify\"><span face=\"Arial, serif\" style=\"font-family: Arial, serif;\"><span size=\"3\" style=\"font-size: medium;\"><b>Objetivo:<\/b><\/span><\/span><span face=\"Arial, serif\" style=\"font-family: Arial, serif;\"><span size=\"3\" style=\"font-size: medium;\"><i> <\/i><\/span><\/span><\/p>\n<p align=\"justify\"><span face=\"Arial, serif\" style=\"font-family: Arial, serif;\"><span size=\"3\" style=\"font-size: medium;\">Apresentar os princ\u00edpios do <\/span><\/span><span face=\"Arial, serif\" style=\"font-family: Arial, serif;\"><span size=\"3\" style=\"font-size: medium;\"><b>Eneagrama corporal ensinado por Gurdjieff<\/b><\/span><\/span><span face=\"Arial, serif\" style=\"font-family: Arial, serif;\"><span size=\"3\" style=\"font-size: medium;\">, com os significados e leis espirituais que regem os ensinamentos da tradi\u00e7\u00e3o.<\/span><\/span><\/p>\n<p align=\"justify\"><span face=\"Arial, serif\" style=\"font-family: Arial, serif;\"><span size=\"3\" style=\"font-size: medium;\"><b>Procedimentos: <\/b><\/span><\/span><span face=\"Arial, serif\" style=\"font-family: Arial, serif;\"><span size=\"3\" style=\"font-size: medium;\">Desenvolver os conceitos apresentados por George I. Gurdjieff sobre o Eneagrama Corporal, os movimentos b\u00e1sicos identificadores da tipologia e as principais leis que fundamentam essa tradi\u00e7\u00e3o.<\/span><\/span><\/p>\n<p align=\"justify\"><span style=\"font-size: medium;\"><strong><span face=\"Arial, serif\" style=\"font-family: Arial, serif;\"><span size=\"3\"><i>Oficina 3 \u2013 O Quarto Caminho<\/i><\/span><\/span><\/strong><\/span><\/p>\n<p align=\"justify\"><span face=\"Arial, serif\" style=\"font-family: Arial, serif;\"><span size=\"3\" style=\"font-size: medium;\"><b>Objetivo:<\/b><\/span><\/span><span face=\"Arial, serif\" style=\"font-family: Arial, serif;\"><span size=\"3\" style=\"font-size: medium;\"><i> <\/i><\/span><\/span><span face=\"Arial, serif\" style=\"font-family: Arial, serif;\"><span size=\"3\" style=\"font-size: medium;\">Apresentar os conceitos b\u00e1sicos da escola espiritual chamada de <\/span><\/span><span face=\"Arial, serif\" style=\"font-family: Arial, serif;\"><span size=\"3\" style=\"font-size: medium;\"><b>Quarto Caminho por Gurdjieff<\/b><\/span><\/span><span face=\"Arial, serif\" style=\"font-family: Arial, serif;\"><span size=\"3\" style=\"font-size: medium;\">, bem como algumas pr\u00e1ticas para o desenvolvimento da presentifica\u00e7\u00e3o.<\/span><\/span><\/p>\n<p align=\"justify\"><span face=\"Arial, serif\" style=\"font-family: Arial, serif;\"><span size=\"3\" style=\"font-size: medium;\"><b>Procedimentos: <\/b><\/span><\/span><span face=\"Arial, serif\" style=\"font-family: Arial, serif;\"><span size=\"3\" style=\"font-size: medium;\">Estudar os conceitos e princ\u00edpios do Quarto Caminho apresentados pelo Sr. Gurdjieff, com pr\u00e1ticas e exerc\u00edcios que auxiliam no desenvolvimento e na qualifica\u00e7\u00e3o integral do ser humano.<\/span><\/span><\/p>\n<p align=\"justify\"><span style=\"font-size: medium;\"><strong><span face=\"Arial, serif\" style=\"font-family: Arial, serif;\"><span size=\"3\"><i>Oficina 4 \u2013 AS LEIS DA MATEM\u00c1TICA &#8211; A matem\u00e1tica para gest\u00e3o da vida<\/i><\/span><\/span><\/strong><\/span><\/p>\n<p align=\"justify\"><span face=\"Arial, serif\" style=\"font-family: Arial, serif;\"><span size=\"3\" style=\"font-size: medium;\"><b>Objetivo: <\/b><\/span><\/span><\/p>\n<p align=\"justify\"><span face=\"Arial, serif\" style=\"font-family: Arial, serif;\"><span size=\"3\" style=\"font-size: medium;\">Apresentar <\/span><\/span><span face=\"Arial, serif\" style=\"font-family: Arial, serif;\"><span size=\"3\" style=\"font-size: medium;\"><b>a matem\u00e1tica e os fundamentos da l\u00f3gica do Universo<\/b><\/span><\/span><span face=\"Arial, serif\" style=\"font-family: Arial, serif;\"><span size=\"3\" style=\"font-size: medium;\">, para analisar uma maneira da l\u00f3gica matem\u00e1tica como princ\u00edpio do desenvolvimento da racionalidade e estrutura para a vida. <\/span><\/span><\/p>\n<p align=\"justify\"><span face=\"Arial, serif\" style=\"font-family: Arial, serif;\"><span size=\"3\" style=\"font-size: medium;\"><b>Procedimentos: <\/b><\/span><\/span><\/p>\n<p align=\"justify\"><span face=\"Arial, serif\" style=\"font-family: Arial, serif;\"><span size=\"3\" style=\"font-size: medium;\">Relacionar algumas modelagens e padr\u00f5es existentes na natureza decodificados por matem\u00e1ticos.<\/span><\/span><\/p>\n<p align=\"justify\"><span face=\"Arial, serif\" style=\"font-family: Arial, serif;\"><span size=\"3\" style=\"font-size: medium;\">Identificar algumas contribui\u00e7\u00f5es da Matem\u00e1tica para o desenvolvimento da humanidade e sua import\u00e2ncia ps\u00edquica.<\/span><\/span><\/p>\n<p>[\/et_pb_toggle][\/et_pb_column][\/et_pb_row][et_pb_row column_structure=&#8221;1_3,1_3,1_3&#8243; _builder_version=&#8221;4.5.6&#8243; _module_preset=&#8221;default&#8221;][et_pb_column type=&#8221;1_3&#8243; _builder_version=&#8221;4.5.6&#8243; _module_preset=&#8221;default&#8221;][et_pb_toggle title=&#8221;4 \u2013 O SER E O SABER HUMANO&#8221; open_toggle_text_color=&#8221;#623421&#8243; _builder_version=&#8221;4.6.5&#8243; _module_preset=&#8221;default&#8221; title_text_color=&#8221;#623421&#8243; title_font=&#8221;Arial|700|||||||&#8221; title_font_size=&#8221;14px&#8221; link_option_url=&#8221;https:\/\/moradadastradicoes.com.br\/utmt\/formulario-de-inscricoes\/&#8221; link_option_url_new_window=&#8221;on&#8221;]<\/p>\n<p align=\"justify\"><span style=\"font-size: medium;\"><strong><span face=\"Arial, serif\" style=\"font-family: Arial, serif;\"><span size=\"3\"><i>Oficina 1 \u2013 O complexo no sistema familiar<\/i><\/span><\/span><\/strong><\/span><\/p>\n<p align=\"justify\"><span face=\"Arial, serif\" style=\"font-family: Arial, serif;\"><span size=\"3\" style=\"font-size: medium;\"><b>Objetivo: <\/b><\/span><\/span><\/p>\n<p align=\"justify\"><span face=\"Arial, serif\" style=\"font-family: Arial, serif;\"><span size=\"3\" style=\"font-size: medium;\">Apresentar a teoria sist\u00eamica dos processos familiares, organizacionais e sociais.<\/span><\/span><\/p>\n<p align=\"justify\"><span face=\"Arial, serif\" style=\"font-family: Arial, serif;\"><span size=\"3\" style=\"font-size: medium;\"><b>Procedimentos: <\/b><\/span><\/span><\/p>\n<p align=\"justify\"><span face=\"Arial, serif\" style=\"font-family: Arial, serif;\"><span size=\"3\" style=\"font-size: medium;\">Elaborar a teoria sist\u00eamica organ\u00edsmica, utilizando situa\u00e7\u00f5es rotineiras.<\/span><\/span><\/p>\n<p align=\"justify\"><span face=\"Arial, serif\" style=\"font-family: Arial, serif;\"><span size=\"3\" style=\"font-size: medium;\">Oferecer modelo de identifica\u00e7\u00e3o da estrutura do grupo e respectivas rela\u00e7\u00f5es.<\/span><\/span><\/p>\n<p align=\"justify\"><span face=\"Arial, serif\" style=\"font-family: Arial, serif;\"><span size=\"3\" style=\"font-size: medium;\">Construir reflex\u00f5es sobre as vari\u00e1veis din\u00e2micas nas rela\u00e7\u00f5es inter e intra grupos sist\u00eamicos.<\/span><\/span><\/p>\n<p align=\"justify\"><span face=\"Arial, serif\" style=\"font-family: Arial, serif;\"><span size=\"3\" style=\"font-size: medium;\">Exercitar a constela\u00e7\u00e3o familiar sist\u00eamica.<\/span><\/span><\/p>\n<p align=\"justify\"><span face=\"Arial, serif\" style=\"font-family: Arial, serif;\"><span size=\"3\" style=\"font-size: medium;\"><i><\/i><\/span><\/span><\/p>\n<p align=\"justify\"><span style=\"font-size: medium;\"><strong><span face=\"Arial, serif\" style=\"font-family: Arial, serif;\"><span size=\"3\"><i>Oficina 2 \u2013 Estados de consci\u00eancia<\/i><\/span><\/span><\/strong><\/span><\/p>\n<p align=\"justify\"><span face=\"Arial, serif\" style=\"font-family: Arial, serif;\"><span size=\"3\" style=\"font-size: medium;\"><b>Objetivo: <\/b><\/span><\/span><\/p>\n<p align=\"justify\"><span face=\"Arial, serif\" style=\"font-family: Arial, serif;\"><span size=\"3\" style=\"font-size: medium;\">Apresentar a teoria psicol\u00f3gica do aparelho ps\u00edquico e respectivos estados ps\u00edquicos na condi\u00e7\u00e3o humana.<\/span><\/span><\/p>\n<p align=\"justify\"><span face=\"Arial, serif\" style=\"font-family: Arial, serif;\"><span size=\"3\" style=\"font-size: medium;\"><b>Procedimentos: <\/b><\/span><\/span><\/p>\n<p align=\"justify\"><span face=\"Arial, serif\" style=\"font-family: Arial, serif;\"><span size=\"3\" style=\"font-size: medium;\">Explicar teoricamente as rela\u00e7\u00f5es dos estados ps\u00edquicos.<\/span><\/span><\/p>\n<p align=\"justify\"><span face=\"Arial, serif\" style=\"font-family: Arial, serif;\"><span size=\"3\" style=\"font-size: medium;\">Oferecer situa\u00e7\u00f5es em que o estado ps\u00edquico se mostre para o indiv\u00edduo no padr\u00e3o emocional latente.<\/span><\/span><\/p>\n<p align=\"justify\"><span face=\"Arial, serif\" style=\"font-family: Arial, serif;\"><span size=\"3\" style=\"font-size: medium;\">Desenvolver os estados de consci\u00eancia e os fen\u00f4menos da rela\u00e7\u00e3o com a realidade e com o inconsciente.<\/span><\/span><\/p>\n<p>[\/et_pb_toggle][\/et_pb_column][et_pb_column type=&#8221;1_3&#8243; _builder_version=&#8221;4.5.6&#8243; _module_preset=&#8221;default&#8221;][et_pb_toggle title=&#8221;5 \u2013 FILOSOFIA E A CONSTITUI\u00c7\u00c3O DO SUJEITO&#8221; open_toggle_text_color=&#8221;#623421&#8243; _builder_version=&#8221;4.6.5&#8243; _module_preset=&#8221;default&#8221; title_text_color=&#8221;#623421&#8243; title_font=&#8221;Arial|700|||||||&#8221; title_font_size=&#8221;14px&#8221; title_line_height=&#8221;1.4em&#8221; link_option_url=&#8221;https:\/\/moradadastradicoes.com.br\/utmt\/formulario-de-inscricoes\/&#8221; link_option_url_new_window=&#8221;on&#8221;]<\/p>\n<p align=\"justify\"><span style=\"font-size: medium;\"><strong><span face=\"Arial, serif\" style=\"font-family: Arial, serif;\"><span size=\"3\"><i>Oficina 1 \u2013 A escrita cient\u00edfica para produ\u00e7\u00e3o do conhecimento.<\/i><\/span><\/span><\/strong><\/span><\/p>\n<p align=\"justify\"><span face=\"Arial, serif\" style=\"font-family: Arial, serif;\"><span size=\"3\" style=\"font-size: medium;\"><b>Objetivo: <\/b><\/span><\/span><\/p>\n<p align=\"justify\"><span face=\"Arial, serif\" style=\"font-family: Arial, serif;\"><span size=\"3\" style=\"font-size: medium;\">Desenvolver a t\u00e9cnica de escrita e de leitura cient\u00edfica, com finalidades de aproximar o participante de produ\u00e7\u00f5es de si e do dizer acad\u00eamico.<\/span><\/span><\/p>\n<p align=\"justify\"><span face=\"Arial, serif\" style=\"font-family: Arial, serif;\"><span size=\"3\" style=\"font-size: medium;\"><b>Procedimentos: <\/b><\/span><\/span><\/p>\n<p align=\"justify\"><span face=\"Arial, serif\" style=\"font-family: Arial, serif;\"><span size=\"3\" style=\"font-size: medium;\">Exercitar a escrita e a oralidade como identifica\u00e7\u00e3o de si no ato.<\/span><\/span><\/p>\n<p align=\"justify\"><span face=\"Arial, serif\" style=\"font-family: Arial, serif;\"><span size=\"3\" style=\"font-size: medium;\">Aplicar exerc\u00edcios de leitura e de escrita para o desenvolvimento de possibilidades relacionais.<\/span><\/span><\/p>\n<p align=\"justify\"><span face=\"Arial, serif\" style=\"font-family: Arial, serif;\"><span size=\"3\" style=\"font-size: medium;\">Desenvolver textos de maneira a se reconhecer e se desenvolver na pertin\u00eancia da linguagem comum para o respectivo ambiente.<\/span><\/span><\/p>\n<p align=\"justify\"><span face=\"Arial, serif\" style=\"font-family: Arial, serif;\"><span size=\"3\" style=\"font-size: medium;\"><i><b>Conte\u00fado DE INTRODU\u00c7\u00c3O CIENT\u00cdFICA em trabalhado pela Maria: <\/b><\/i><\/span><\/span><\/p>\n<p align=\"justify\"><span face=\"Arial, serif\" style=\"font-family: Arial, serif;\"><span size=\"3\" style=\"font-size: medium;\"><i>1- Processo de Aprendizagem<\/i><\/span><\/span><\/p>\n<p align=\"justify\"><span face=\"Arial, serif\" style=\"font-family: Arial, serif;\"><span size=\"3\" style=\"font-size: medium;\"><i>2- Diretrizes para leitura, an\u00e1lise e interpreta\u00e7\u00e3o de textos <\/i><\/span><\/span><\/p>\n<p align=\"justify\"><span face=\"Arial, serif\" style=\"font-family: Arial, serif;\"><span size=\"3\" style=\"font-size: medium;\"><i>3- M\u00e9todo, fundamentos metodol\u00f3gicos e paradigmas epistemol\u00f3gicos <\/i><\/span><\/span><\/p>\n<p align=\"justify\"><span face=\"Arial, serif\" style=\"font-family: Arial, serif;\"><span size=\"3\" style=\"font-size: medium;\"><i>4- Tipos de Pesquisa <\/i><\/span><\/span><\/p>\n<p align=\"justify\"><span face=\"Arial, serif\" style=\"font-family: Arial, serif;\"><span size=\"3\" style=\"font-size: medium;\"><i>5- Concep\u00e7\u00e3o e Elabora\u00e7\u00e3o de trabalhos cient\u00edficos (introdu\u00e7\u00e3o, referencial te\u00f3rico, m\u00e9todo, resultados, considera\u00e7\u00f5es finais). <\/i><\/span><\/span><\/p>\n<p align=\"justify\"><span face=\"Arial, serif\" style=\"font-family: Arial, serif;\"><span size=\"3\" style=\"font-size: medium;\"><i>6- Nomenclaturas e instrumentos do universo da pesquisa cient\u00edfica (aqui eu apresentei itens b\u00e1sicos como plataformas de pesquisa, revistas cient\u00edficas, classifica\u00e7\u00e3o, estado da arte, lattes). <\/i><\/span><\/span><\/p>\n<p>[\/et_pb_toggle][\/et_pb_column][et_pb_column type=&#8221;1_3&#8243; _builder_version=&#8221;4.5.6&#8243; _module_preset=&#8221;default&#8221;][et_pb_toggle title=&#8221;6 \u2013 TRADI\u00c7\u00d5ES E ESCOLAS ESPIRITUAIS&#8221; open_toggle_text_color=&#8221;#623421&#8243; _builder_version=&#8221;4.6.5&#8243; _module_preset=&#8221;default&#8221; title_text_color=&#8221;#623421&#8243; title_font=&#8221;Arial|700|||||||&#8221; link_option_url=&#8221;https:\/\/moradadastradicoes.com.br\/utmt\/formulario-de-inscricoes\/&#8221; link_option_url_new_window=&#8221;on&#8221;]<\/p>\n<p align=\"justify\"><span style=\"font-size: medium;\"><strong><span face=\"Arial, serif\" style=\"font-family: Arial, serif;\"><span size=\"3\"><i>Oficina 1 \u2013 Princ\u00edpios de Numerologia e Cabala<\/i><\/span><\/span><\/strong><\/span><\/p>\n<p align=\"justify\"><span face=\"Arial, serif\" style=\"font-family: Arial, serif;\"><span size=\"3\" style=\"font-size: medium;\"><b>Objetivo: <\/b><\/span><\/span><\/p>\n<p align=\"justify\"><span face=\"Arial, serif\" style=\"font-family: Arial, serif;\"><span size=\"3\" style=\"font-size: medium;\">Apresentar as tradi\u00e7\u00f5es da cabala oral, tradicional, talism\u00e2nica, cient\u00edfica e m\u00edstica.<\/span><\/span><\/p>\n<p align=\"justify\"><span face=\"Arial, serif\" style=\"font-family: Arial, serif;\"><span size=\"3\" style=\"font-size: medium;\"><b>Procedimentos: <\/b><\/span><\/span><\/p>\n<p align=\"justify\"><span face=\"Arial, serif\" style=\"font-family: Arial, serif;\"><span size=\"3\" style=\"font-size: medium;\">Analisar os c\u00f3digos do nome de pessoas e data de nascimento.<\/span><\/span><\/p>\n<p align=\"justify\"><span face=\"Arial, serif\" style=\"font-family: Arial, serif;\"><span size=\"3\" style=\"font-size: medium;\">Construir exemplos em grupo sobre a maneira de compreender a energia descrita pelos n\u00fameros.<\/span><\/span><\/p>\n<p align=\"justify\"><span face=\"Arial, serif\" style=\"font-family: Arial, serif;\"><span size=\"3\" style=\"font-size: medium;\">Desenvolver racioc\u00ednio l\u00f3gico de acordo com as tradi\u00e7\u00f5es para contextualizar a import\u00e2ncia desse tipo de conhecimento objetivo na vida.<\/span><\/span><\/p>\n<p align=\"justify\"><span style=\"font-size: medium;\"><strong><span face=\"Arial, serif\" style=\"font-family: Arial, serif;\"><span size=\"3\"><i>Oficina 2 \u2013 As tradi\u00e7\u00f5es e os Princ\u00edpios Masculino e Feminino<\/i><\/span><\/span><\/strong><\/span><\/p>\n<p align=\"justify\"><span face=\"Arial, serif\" style=\"font-family: Arial, serif;\"><span size=\"3\" style=\"font-size: medium;\"><b>Objetivo: <\/b><\/span><\/span><\/p>\n<p align=\"justify\"><span face=\"Arial, serif\" style=\"font-family: Arial, serif;\"><span size=\"3\" style=\"font-size: medium;\">Apresentar os princ\u00edpios do masculino e feminino nas tradi\u00e7\u00f5es estudadas pela Morada das Tradi\u00e7\u00f5es.<\/span><\/span><\/p>\n<p align=\"justify\"><span face=\"Arial, serif\" style=\"font-family: Arial, serif;\"><span size=\"3\" style=\"font-size: medium;\"><b>Procedimentos: <\/b><\/span><\/span><\/p>\n<p align=\"justify\"><span face=\"Arial, serif\" style=\"font-family: Arial, serif;\"><span size=\"3\" style=\"font-size: medium;\">Analisar os conceitos das polaridades psicol\u00f3gicas e org\u00e2nicas.<\/span><\/span><\/p>\n<p align=\"justify\"><span face=\"Arial, serif\" style=\"font-family: Arial, serif;\"><span size=\"3\" style=\"font-size: medium;\">Construir conhecimentos pessoais sobre os princ\u00edpios geradores da energia e rela\u00e7\u00f5es das polaridades.<\/span><\/span><\/p>\n<p align=\"justify\"><span face=\"Arial, serif\" style=\"font-family: Arial, serif;\"><span size=\"3\" style=\"font-size: medium;\">Desenvolver conhecimentos de si e das respectivas polaridades.<\/span><\/span><\/p>\n<p align=\"justify\"><span style=\"font-size: medium;\"><strong><span face=\"Arial, serif\" style=\"font-family: Arial, serif;\"><span size=\"3\"><i>Oficina 3 \u2013 A m\u00edstica e a sabedoria das tradi\u00e7\u00f5es<\/i><\/span><\/span><\/strong><\/span><\/p>\n<p align=\"justify\"><span face=\"Arial, serif\" style=\"font-family: Arial, serif;\"><span size=\"3\" style=\"font-size: medium;\"><b>Objetivo: <\/b><\/span><\/span><\/p>\n<p align=\"justify\"><span face=\"Arial, serif\" style=\"font-family: Arial, serif;\"><span size=\"3\" style=\"font-size: medium;\">Apresentar os princ\u00edpios e fundamentos em v\u00e1rias tradi\u00e7\u00f5es m\u00edsticas, espirituais, religiosas que fazem parte da hist\u00f3ria cultural universal.<\/span><\/span><\/p>\n<p align=\"justify\"><span face=\"Arial, serif\" style=\"font-family: Arial, serif;\"><span size=\"3\" style=\"font-size: medium;\"><b>Procedimentos: <\/b><\/span><\/span><\/p>\n<p align=\"justify\"><span face=\"Arial, serif\" style=\"font-family: Arial, serif;\"><span size=\"3\" style=\"font-size: medium;\">Desenvolver leituras espec\u00edficas e rela\u00e7\u00f5es consistentes entre arqu\u00e9tipos, lendas e mitos culturais.<\/span><\/span><\/p>\n<p align=\"justify\"><span face=\"Arial, serif\" style=\"font-family: Arial, serif;\"><span size=\"3\" style=\"font-size: medium;\">Analisar as possibilidades de reconhecimento de si com aux\u00edlio de or\u00e1culos.<\/span><\/span><\/p>\n<p align=\"justify\"><span face=\"Arial, serif\" style=\"font-family: Arial, serif;\"><span size=\"3\" style=\"font-size: medium;\">Investigar a natureza dos conceitos em algumas tradi\u00e7\u00f5es como os celtas, os orix\u00e1s, os mist\u00e9rios dos mestres ascensionados, a m\u00edstica em alguns santos. <\/span><\/span><\/p>\n<p align=\"justify\"><span style=\"font-size: medium;\"><strong><span face=\"Arial, serif\" style=\"font-family: Arial, serif;\"><span size=\"3\"><i>Oficina 4 \u2013 Astrologia<\/i><\/span><\/span><\/strong><\/span><\/p>\n<p align=\"justify\"><span face=\"Arial, serif\" style=\"font-family: Arial, serif;\"><span size=\"3\" style=\"font-size: medium;\"><b>Objetivo: <\/b><\/span><\/span><\/p>\n<p align=\"justify\"><span face=\"Arial, serif\" style=\"font-family: Arial, serif;\"><span size=\"3\" style=\"font-size: medium;\">Apresentar os princ\u00edpios da astrologia e maneira de ler as rela\u00e7\u00f5es que se estabelecem num mapa astral.<\/span><\/span><\/p>\n<p align=\"justify\"><span face=\"Arial, serif\" style=\"font-family: Arial, serif;\"><span size=\"3\" style=\"font-size: medium;\"><b>Procedimentos: <\/b><\/span><\/span><\/p>\n<p align=\"justify\"><span face=\"Arial, serif\" style=\"font-family: Arial, serif;\"><span size=\"3\" style=\"font-size: medium;\">Analisar o modo como estudar a astrologia no hemisf\u00e9rio sul.<\/span><\/span><\/p>\n<p align=\"justify\"><span face=\"Arial, serif\" style=\"font-family: Arial, serif;\"><span size=\"3\" style=\"font-size: medium;\">Desenvolver o estudo do zod\u00edaco e das combina\u00e7\u00f5es.<\/span><\/span><\/p>\n<p align=\"justify\"><span face=\"Arial, serif\" style=\"font-family: Arial, serif;\"><span size=\"3\" style=\"font-size: medium;\">Maneiras de desenvolver vocabul\u00e1rio adequado para fazer as interpreta\u00e7\u00f5es de um mapa.<\/span><\/span><\/p>\n<p>[\/et_pb_toggle][\/et_pb_column][\/et_pb_row][et_pb_row column_structure=&#8221;1_3,1_3,1_3&#8243; _builder_version=&#8221;4.5.6&#8243; _module_preset=&#8221;default&#8221;][et_pb_column type=&#8221;1_3&#8243; _builder_version=&#8221;4.5.6&#8243; _module_preset=&#8221;default&#8221;][et_pb_toggle title=&#8221;7 \u2013 O PROCESSO DE MEDIAR E A C\u00c2MARA DE MEDIA\u00c7\u00c3O&#8221; open_toggle_text_color=&#8221;#623421&#8243; _builder_version=&#8221;4.6.5&#8243; _module_preset=&#8221;default&#8221; title_text_color=&#8221;#623421&#8243; title_font=&#8221;Arial|700|||||||&#8221; title_font_size=&#8221;14px&#8221; title_line_height=&#8221;1.4em&#8221; link_option_url=&#8221;https:\/\/moradadastradicoes.com.br\/utmt\/formulario-de-inscricoes\/&#8221; link_option_url_new_window=&#8221;on&#8221;]<\/p>\n<p align=\"justify\"><span face=\"Arial, serif\" style=\"font-family: Arial, serif;\"><span size=\"3\" style=\"font-size: medium;\"><i>Oficina 1 \u2013 O M\u00e9todo Morada das Tradi\u00e7\u00f5es<\/i><\/span><\/span><\/p>\n<p>[\/et_pb_toggle][\/et_pb_column][et_pb_column type=&#8221;1_3&#8243; _builder_version=&#8221;4.5.6&#8243; _module_preset=&#8221;default&#8221;][et_pb_toggle title=&#8221;8 \u2013 PROFISSIONALIZA\u00c7\u00c3O E A CONSTRU\u00c7\u00c3O DA PROSPERIDADE &#8221; open_toggle_text_color=&#8221;#623421&#8243; _builder_version=&#8221;4.6.5&#8243; _module_preset=&#8221;default&#8221; title_text_color=&#8221;#623421&#8243; title_font=&#8221;Arial|700|||||||&#8221; title_font_size=&#8221;14px&#8221; title_line_height=&#8221;1.4em&#8221; link_option_url=&#8221;https:\/\/moradadastradicoes.com.br\/utmt\/formulario-de-inscricoes\/&#8221; link_option_url_new_window=&#8221;on&#8221;]<\/p>\n<p align=\"justify\"><span style=\"font-size: medium;\"><strong><span face=\"Arial, serif\" style=\"font-family: Arial, serif;\"><span size=\"3\"><i>Oficina 1 \u2013 Forma\u00e7\u00e3o profissionalizante em Reiki<\/i><\/span><\/span><\/strong><\/span><\/p>\n<p align=\"justify\"><span face=\"Arial, serif\" style=\"font-family: Arial, serif;\"><span size=\"3\" style=\"font-size: medium;\"><b>Objetivo: <\/b><\/span><\/span><\/p>\n<p align=\"justify\"><span face=\"Arial, serif\" style=\"font-family: Arial, serif;\"><span size=\"3\" style=\"font-size: medium;\">Instrumentalizar o participante para aplica\u00e7\u00e3o profissional da t\u00e9cnica de Reiki, bem como a organiza\u00e7\u00e3o do trabalho e forma\u00e7\u00e3o continuada. <\/span><\/span><\/p>\n<p align=\"justify\"><span face=\"Arial, serif\" style=\"font-family: Arial, serif;\"><span size=\"3\" style=\"font-size: medium;\"><b>Procedimentos: <\/b><\/span><\/span><\/p>\n<p align=\"justify\"><span face=\"Arial, serif\" style=\"font-family: Arial, serif;\"><span size=\"3\" style=\"font-size: medium;\">Realizar as etapas de forma\u00e7\u00e3o b\u00e1sica do Reki.<\/span><\/span><\/p>\n<p align=\"justify\"><span face=\"Arial, serif\" style=\"font-family: Arial, serif;\"><span size=\"3\" style=\"font-size: medium;\">Consolidar os aprendizados por meio de est\u00e1gios, relat\u00f3rios e orienta\u00e7\u00f5es profissionais.<\/span><\/span><\/p>\n<p align=\"justify\"><span face=\"Arial, serif\" style=\"font-family: Arial, serif;\"><span size=\"3\" style=\"font-size: medium;\">Investigar possibilidade do desenvolvimento profissional na vida pessoal.<\/span><\/span><\/p>\n<p align=\"justify\"> <span style=\"font-size: medium;\"><strong><span face=\"Arial, serif\" style=\"font-family: Arial, serif;\"><span size=\"3\"><i>Oficina 2 \u2013 Matem\u00e1tica na pr\u00e1tica da vida<\/i><\/span><\/span><\/strong><\/span><\/p>\n<p align=\"justify\"><span face=\"Arial, serif\" style=\"font-family: Arial, serif;\"><span size=\"3\" style=\"font-size: medium;\"><b>Objetivo: <\/b><\/span><\/span><\/p>\n<p align=\"justify\"><span face=\"Arial, serif\" style=\"font-family: Arial, serif;\"><span size=\"3\" style=\"font-size: medium;\">Identificar as f\u00f3rmulas e equa\u00e7\u00f5es poss\u00edveis segundo a ci\u00eancia da Matem\u00e1tica para serem utilizadas nas quest\u00f5es pr\u00e1ticas da vida<\/span><\/span><\/p>\n<p align=\"justify\"><span face=\"Arial, serif\" style=\"font-family: Arial, serif;\"><span size=\"3\" style=\"font-size: medium;\"><b>Procedimentos: <\/b><\/span><\/span><\/p>\n<p align=\"justify\"><span face=\"Arial, serif\" style=\"font-family: Arial, serif;\"><span size=\"3\" style=\"font-size: medium;\">Apresentar a t\u00e9cnica de resolu\u00e7\u00e3o de problemas para solucionar quest\u00f5es variadas do cotidiano.<\/span><\/span><\/p>\n<p align=\"justify\"><span face=\"Arial, serif\" style=\"font-family: Arial, serif;\"><span size=\"3\" style=\"font-size: medium;\">Explorar o conceito de proporcionalidade, regra de tr\u00eas, porcentagem, \u00e1rea e per\u00edmetro.<\/span><\/span><\/p>\n<p align=\"justify\"><span face=\"Arial, serif\" style=\"font-family: Arial, serif;\"><span size=\"3\" style=\"font-size: medium;\">Identificar as formas para utilizar essas ferramentas da Matem\u00e1tica nas situa\u00e7\u00f5es pr\u00e1ticas do cotidiano<\/span><\/span><\/p>\n<p align=\"justify\"> <span style=\"font-size: medium;\"><strong><span face=\"Arial, serif\" style=\"font-family: Arial, serif;\"><span size=\"3\"><i>Oficina 3 \u2013 A Gest\u00e3o Financeira Pessoal<\/i><\/span><\/span><\/strong><\/span><\/p>\n<p align=\"justify\"><span face=\"Arial, serif\" style=\"font-family: Arial, serif;\"><span size=\"3\" style=\"font-size: medium;\"><b>Objetivo:<\/b><\/span><\/span><\/p>\n<p align=\"justify\"><span face=\"Arial, serif\" style=\"font-family: Arial, serif;\"><span size=\"3\" style=\"font-size: medium;\">Apresentar maneiras para o participante fazer a gest\u00e3o financeira em sua vida pessoal.<\/span><\/span><\/p>\n<p align=\"justify\"><span face=\"Arial, serif\" style=\"font-family: Arial, serif;\"><span size=\"3\" style=\"font-size: medium;\"><b>Procedimentos: <\/b><\/span><\/span><\/p>\n<p align=\"justify\"><span face=\"Arial, serif\" style=\"font-family: Arial, serif;\"><span size=\"3\" style=\"font-size: medium;\">Fazer um levantamento da realidade financeira individual.<\/span><\/span><\/p>\n<p align=\"justify\"><span face=\"Arial, serif\" style=\"font-family: Arial, serif;\"><span size=\"3\" style=\"font-size: medium;\">Identificar seus objetivos para curto, m\u00e9dio e longo prazo.<\/span><\/span><\/p>\n<p align=\"justify\"><span face=\"Arial, serif\" style=\"font-family: Arial, serif;\"><span size=\"3\" style=\"font-size: medium;\">Desenvolver um plano de a\u00e7\u00e3o pertinente para suas finan\u00e7as.<\/span><\/span><\/p>\n<p align=\"justify\"><span face=\"Arial, serif\" style=\"font-family: Arial, serif;\"><span size=\"3\" style=\"font-size: medium;\">Definir uma forma para monitorar esse planejamento.<\/span><\/span><\/p>\n<p align=\"justify\"><span style=\"font-size: medium;\"><strong><span face=\"Arial, serif\" style=\"font-family: Arial, serif;\"><span size=\"3\"><i>Oficina 4 \u2013 Gest\u00e3o do processo de profissionaliza\u00e7\u00e3o<\/i><\/span><\/span><\/strong><\/span><\/p>\n<p align=\"justify\"><span face=\"Arial, serif\" style=\"font-family: Arial, serif;\"><span size=\"3\" style=\"font-size: medium;\"><b>Objetivo:<\/b><\/span><\/span><span face=\"Arial, serif\" style=\"font-family: Arial, serif;\"><span size=\"3\" style=\"font-size: medium;\"> <\/span><\/span><\/p>\n<p align=\"justify\"><span face=\"Arial, serif\" style=\"font-family: Arial, serif;\"><span size=\"3\" style=\"font-size: medium;\">Conduzir um processo individual e grupal utilizando o <\/span><\/span><span face=\"Arial, serif\" style=\"font-family: Arial, serif;\"><span size=\"3\" style=\"font-size: medium;\"><b>TALENTOGRAMA-gest\u00e3o de carreira<\/b><\/span><\/span><span face=\"Arial, serif\" style=\"font-family: Arial, serif;\"><span size=\"3\" style=\"font-size: medium;\"> para a identifica\u00e7\u00e3o de desejos, grandes objetivos pessoais e profissionais, bem como a gest\u00e3o desse processo de carreira, identifica\u00e7\u00e3o de produtos, realiza\u00e7\u00e3o de planejamento e defini\u00e7\u00e3o de estrat\u00e9gias. <\/span><\/span><\/p>\n<p align=\"justify\"><span face=\"Arial, serif\" style=\"font-family: Arial, serif;\"><span size=\"3\" style=\"font-size: medium;\"><b>Procedimentos:<\/b><\/span><\/span><\/p>\n<p align=\"justify\"><span face=\"Arial, serif\" style=\"font-family: Arial, serif;\"><span size=\"3\" style=\"font-size: medium;\">Realizar o TALENTOGRAMA \u2013 Mapeamento Comportamental presencial ou o TALENTOGRAMA Vocacional online;<\/span><\/span><\/p>\n<p align=\"justify\"><span face=\"Arial, serif\" style=\"font-family: Arial, serif;\"><span size=\"3\" style=\"font-size: medium;\">Analisar o caminho profissional de cada participante;<\/span><\/span><\/p>\n<p align=\"justify\"><span face=\"Arial, serif\" style=\"font-family: Arial, serif;\"><span size=\"3\" style=\"font-size: medium;\">Desenvolver o processo de 22 passos para a elabora\u00e7\u00e3o do Plano de Vida e de Carreira de cada um om gest\u00e3o adequada.<\/span><\/span><\/p>\n<p align=\"justify\"><span style=\"font-size: medium;\"><strong><span face=\"Arial, serif\" style=\"font-family: Arial, serif;\"><span size=\"3\"><i>Oficina 5 \u2013 CABALA na pr\u00e1tica da vida (curso est\u00e1 on line)<\/i><\/span><\/span><\/strong><\/span><\/p>\n<p align=\"justify\"><span face=\"Arial, serif\" style=\"font-family: Arial, serif;\"><span size=\"3\" style=\"font-size: medium;\"><b>Objetivo:<\/b><\/span><\/span><span face=\"Arial, serif\" style=\"font-family: Arial, serif;\"><span size=\"3\" style=\"font-size: medium;\"> <\/span><\/span><\/p>\n<p align=\"justify\"><span face=\"Arial, serif\" style=\"font-family: Arial, serif;\"><span size=\"3\" style=\"font-size: medium;\">Apresentar a numerologia social cabalista Pitag\u00f3rica e orientar na constru\u00e7\u00e3o da Numerologia Social Pessoal, a Identifica\u00e7\u00e3o de Talentos em cada pessoa.<\/span><\/span><\/p>\n<p align=\"justify\"><span face=\"Arial, serif\" style=\"font-family: Arial, serif;\"><span size=\"3\" style=\"font-size: medium;\"><b>Procedimentos:<\/b><\/span><\/span><span face=\"Arial, serif\" style=\"font-family: Arial, serif;\"><span size=\"3\" style=\"font-size: medium;\"> <\/span><\/span><\/p>\n<p align=\"justify\"><span face=\"Arial, serif\" style=\"font-family: Arial, serif;\"><span size=\"3\" style=\"font-size: medium;\">Curso online com aulas gravadas e monitoria online para dirimir d\u00favidas e suporte t\u00e9cnico. C\u00e1lculo via sistema da Numerologia Social Pessoal para confer\u00eancia da precis\u00e3o dos c\u00e1lculos e exerc\u00edcios feitos.<\/span><\/span><\/p>\n<p align=\"justify\"><span style=\"font-size: medium;\"><strong><span face=\"Arial, serif\" style=\"font-family: Arial, serif;\"><span size=\"3\"><i>Oficina 6 \u2013 CABALA para as Empresas<\/i><\/span><\/span><\/strong><\/span><\/p>\n<p align=\"justify\"><span face=\"Arial, serif\" style=\"font-family: Arial, serif;\"><span size=\"3\" style=\"font-size: medium;\"><b>Objetivo:<\/b><\/span><\/span><span face=\"Arial, serif\" style=\"font-family: Arial, serif;\"><span size=\"3\" style=\"font-size: medium;\"> <\/span><\/span><\/p>\n<p align=\"justify\"><span face=\"Arial, serif\" style=\"font-family: Arial, serif;\"><span size=\"3\" style=\"font-size: medium;\">A partir da realiza\u00e7\u00e3o do curso de Cabala Online, estudar a cultura organizacional e aux\u00edlio operacional que a numerologia cabalista pode oferecer os c\u00f3digos sociais como contribui\u00e7\u00e3o \u00e0 pr\u00e1tica corporativa.<\/span><\/span><\/p>\n<p align=\"justify\"><span face=\"Arial, serif\" style=\"font-family: Arial, serif;\"><span size=\"3\" style=\"font-size: medium;\"><b>Procedimentos:<\/b><\/span><\/span><span face=\"Arial, serif\" style=\"font-family: Arial, serif;\"><span size=\"3\" style=\"font-size: medium;\"> <\/span><\/span><\/p>\n<p align=\"justify\"><span face=\"Arial, serif\" style=\"font-family: Arial, serif;\"><span size=\"3\" style=\"font-size: medium;\">A partir do conte\u00fado estudado no curso de cabala I\/on line, aqui s\u00e3o apresentadas as possibilidades de leitura e interpreta\u00e7\u00e3o de dados dispon\u00edveis para a gest\u00e3o de recursos numa empresa.<\/span><\/span><\/p>\n<p align=\"justify\"><span style=\"font-size: medium;\"><strong><span face=\"Arial, serif\" style=\"font-family: Arial, serif;\"><span size=\"3\"><i>Oficina 7 \u2013 CABALA para o ano<\/i><\/span><\/span><\/strong><\/span><\/p>\n<p align=\"justify\"><span face=\"Arial, serif\" style=\"font-family: Arial, serif;\"><span size=\"3\" style=\"font-size: medium;\"><b>Objetivo:<\/b><\/span><\/span><span face=\"Arial, serif\" style=\"font-family: Arial, serif;\"><span size=\"3\" style=\"font-size: medium;\"> <\/span><\/span><\/p>\n<p align=\"justify\"><span face=\"Arial, serif\" style=\"font-family: Arial, serif;\"><span size=\"3\" style=\"font-size: medium;\">Considerando os estudos em cabala e em outras tradi\u00e7\u00f5es, oferecer oficina para o estudo mais detalhado das tradi\u00e7\u00f5es que orientam sobre a anergia de cada ano, com a finalidade de cada participante elaborar reflex\u00f5es sobre o seu pr\u00f3prio ano na rela\u00e7\u00e3o com o ano da humanidade.<\/span><\/span><\/p>\n<p align=\"justify\"><span face=\"Arial, serif\" style=\"font-family: Arial, serif;\"><span size=\"3\" style=\"font-size: medium;\"><b>Procedimentos:<\/b><\/span><\/span><span face=\"Arial, serif\" style=\"font-family: Arial, serif;\"><span size=\"3\" style=\"font-size: medium;\"> <\/span><\/span><\/p>\n<p align=\"justify\"><span face=\"Arial, serif\" style=\"font-family: Arial, serif;\"><span size=\"3\" style=\"font-size: medium;\">Apresentar detalhadamente o que as tradi\u00e7\u00f5es orientam para o ano em curso.<\/span><\/span><\/p>\n<p align=\"justify\"><span face=\"Arial, serif\" style=\"font-family: Arial, serif;\"><span size=\"3\" style=\"font-size: medium;\">Analisar o ano pessoal em rela\u00e7\u00e3o com o ano da humanidade.<\/span><\/span><\/p>\n<p align=\"justify\"><span face=\"Arial, serif\" style=\"font-family: Arial, serif;\"><span size=\"3\" style=\"font-size: medium;\">Construir reflex\u00f5es pertinentes sobre o pr\u00f3prio desempenho no ano, seguindo o referencial oferecido na oficina.<\/span><\/span><\/p>\n<p align=\"justify\"><span style=\"font-size: medium;\"><strong><span face=\"Arial, serif\" style=\"font-family: Arial, serif;\"><span size=\"3\"><i>Oficina 8 \u2013 Planejamento \u2013 A Teia da Vida<\/i><\/span><\/span><\/strong><\/span><\/p>\n<p align=\"justify\"><span face=\"Arial, serif\" style=\"font-family: Arial, serif;\"><span size=\"3\" style=\"font-size: medium;\"><b>Objetivo: <\/b><\/span><\/span><\/p>\n<p align=\"justify\"><span face=\"Arial, serif\" style=\"font-family: Arial, serif;\"><span size=\"3\" style=\"font-size: medium;\">Identificar os principais desejos e prop\u00f3sitos pessoais e profissionais e estruturar planejamento e estrat\u00e9gias utilizando de t\u00e9cnicas e modelos pr\u00e1ticos para estrutura\u00e7\u00e3o de planos e estrat\u00e9gias pessoais e\/ou empresariais.<\/span><\/span><\/p>\n<p align=\"justify\"><span face=\"Arial, serif\" style=\"font-family: Arial, serif;\"><span size=\"3\" style=\"font-size: medium;\"><b>Procedimentos: <\/b><\/span><\/span><\/p>\n<p align=\"justify\"><span face=\"Arial, serif\" style=\"font-family: Arial, serif;\"><span size=\"3\" style=\"font-size: medium;\">A partir de aulas gravadas dispon\u00edvel online para estudos e download de materiais, identificar por meio t\u00e9cnicas cient\u00edficas de leitura cient\u00edfica de sonhos, os principais desejos e princ\u00edpios de vida pessoais e profissionais e com orienta\u00e7\u00f5es profissionais espec\u00edficas, estruturar plano completo de realiza\u00e7\u00e3o de seus objetivos e as estrat\u00e9gias pessoais e empresarias compat\u00edveis. Trabalho realizado normalmente no in\u00edcio de Setembro de cada ano.<\/span><\/span><\/p>\n<p>[\/et_pb_toggle][\/et_pb_column][et_pb_column type=&#8221;1_3&#8243; _builder_version=&#8221;4.5.6&#8243; _module_preset=&#8221;default&#8221;][\/et_pb_column][\/et_pb_row][\/et_pb_section]<\/p>\n","protected":false},"excerpt":{"rendered":"<p>Programa Educacional da Morada das Tradi\u00e7\u00f5es Apresenta\u00e7\u00e3o &nbsp; &nbsp;Programa Educacional da Morada das Tradi\u00e7\u00f5es Apresenta\u00e7\u00e3o &nbsp; &nbsp;A Universidade dos Talentos ainda oferece periodicamente: palestras sobre a Energia do Ano e outros assuntos; promove lan\u00e7amento de livros da Universidade dos Talentos; organiza a participa\u00e7\u00e3o em Congressos de interesse da Universidade para os participantes dos grupos de [&hellip;]<\/p>\n","protected":false},"author":1,"featured_media":0,"parent":0,"menu_order":0,"comment_status":"closed","ping_status":"closed","template":"","meta":{"_et_pb_use_builder":"on","_et_pb_old_content":"","_et_gb_content_width":""},"_links":{"self":[{"href":"https:\/\/moradadastradicoes.com.br\/utmt\/wp-json\/wp\/v2\/pages\/468"}],"collection":[{"href":"https:\/\/moradadastradicoes.com.br\/utmt\/wp-json\/wp\/v2\/pages"}],"about":[{"href":"https:\/\/moradadastradicoes.com.br\/utmt\/wp-json\/wp\/v2\/types\/page"}],"author":[{"embeddable":true,"href":"https:\/\/moradadastradicoes.com.br\/utmt\/wp-json\/wp\/v2\/users\/1"}],"replies":[{"embeddable":true,"href":"https:\/\/moradadastradicoes.com.br\/utmt\/wp-json\/wp\/v2\/comments?post=468"}],"version-history":[{"count":15,"href":"https:\/\/moradadastradicoes.com.br\/utmt\/wp-json\/wp\/v2\/pages\/468\/revisions"}],"predecessor-version":[{"id":582,"href":"https:\/\/moradadastradicoes.com.br\/utmt\/wp-json\/wp\/v2\/pages\/468\/revisions\/582"}],"wp:attachment":[{"href":"https:\/\/moradadastradicoes.com.br\/utmt\/wp-json\/wp\/v2\/media?parent=468"}],"curies":[{"name":"wp","href":"https:\/\/api.w.org\/{rel}","templated":true}]}}