{"id":312,"date":"2020-11-23T14:27:19","date_gmt":"2020-11-23T14:27:19","guid":{"rendered":"https:\/\/moradadastradicoes.com.br\/utmt\/?page_id=312"},"modified":"2020-11-28T09:25:04","modified_gmt":"2020-11-28T09:25:04","slug":"fundamentos-das-tradicoes-e-escolas-espirituais","status":"publish","type":"page","link":"https:\/\/moradadastradicoes.com.br\/utmt\/fundamentos-das-tradicoes-e-escolas-espirituais\/","title":{"rendered":"FUNDAMENTOS DAS TRADI\u00c7\u00d5ES E ESCOLAS ESPIRITUAIS"},"content":{"rendered":"<p>[et_pb_section fb_built=&#8221;1&#8243; next_background_color=&#8221;#f8b21f&#8221; _builder_version=&#8221;4.5.6&#8243; _module_preset=&#8221;default&#8221; custom_margin=&#8221;-50px||||false|false&#8221; custom_padding=&#8221;||||false|false&#8221; top_divider_color=&#8221;#e2a62e&#8221; bottom_divider_style=&#8221;wave2&#8243;][et_pb_row _builder_version=&#8221;4.5.6&#8243; _module_preset=&#8221;default&#8221;][et_pb_column type=&#8221;4_4&#8243; _builder_version=&#8221;4.5.6&#8243; _module_preset=&#8221;default&#8221;][et_pb_text disabled_on=&#8221;on|on|off&#8221; _builder_version=&#8221;4.6.5&#8243; _module_preset=&#8221;default&#8221; header_font=&#8221;Roboto||||||||&#8221; header_text_color=&#8221;#e2a62e&#8221;]<\/p>\n<h1 style=\"text-align: center;\">Programa Educacional da Morada das Tradi\u00e7\u00f5es<\/h1>\n<h1 style=\"text-align: center;\">6-Fundamentos das Tradi\u00e7\u00f5es e Escolas Espirituais<\/h1>\n<p>&nbsp;<\/p>\n<p>&nbsp;<\/p>\n<p>[\/et_pb_text][et_pb_text disabled_on=&#8221;off|off|on&#8221; _builder_version=&#8221;4.6.5&#8243; _module_preset=&#8221;default&#8221; header_font=&#8221;Roboto||||||||&#8221; header_text_color=&#8221;#e2a62e&#8221; header_font_size=&#8221;20px&#8221; header_letter_spacing=&#8221;2px&#8221; header_line_height=&#8221;1.3em&#8221;]<\/p>\n<h1 style=\"text-align: center;\">Programa Educacional da Morada das Tradi\u00e7\u00f5es<\/h1>\n<h1 style=\"text-align: center;\">6-Fundamentos das Tradi\u00e7\u00f5es e Escolas Espirituais<\/h1>\n<p>&nbsp;<\/p>\n<p>&nbsp;<\/p>\n<p>[\/et_pb_text][\/et_pb_column][\/et_pb_row][\/et_pb_section][et_pb_section fb_built=&#8221;1&#8243; prev_background_color=&#8221;#ffffff&#8221; _builder_version=&#8221;4.6.5&#8243; _module_preset=&#8221;default&#8221; background_color=&#8221;#f8b21f&#8221; background_enable_image=&#8221;off&#8221; background_size=&#8221;initial&#8221; min_height=&#8221;759px&#8221; custom_margin=&#8221;-150px||||false|false&#8221; custom_padding=&#8221;||||true|false&#8221; top_divider_style=&#8221;wave2&#8243;][et_pb_row column_structure=&#8221;1_3,1_3,1_3&#8243; _builder_version=&#8221;4.5.6&#8243; _module_preset=&#8221;default&#8221;][et_pb_column type=&#8221;1_3&#8243; _builder_version=&#8221;4.5.6&#8243; _module_preset=&#8221;default&#8221;][et_pb_toggle title=&#8221;Ementa:&#8221; open_toggle_text_color=&#8221;#623421&#8243; _builder_version=&#8221;4.6.5&#8243; _module_preset=&#8221;default&#8221; title_text_color=&#8221;#623421&#8243; title_font=&#8221;Arial|700|||||||&#8221;]<\/p>\n<p align=\"justify\"><span face=\"Arial, serif\" style=\"font-family: Arial, serif;\"><span size=\"3\" style=\"font-size: medium;\">Apresentar as escolas do pensamento universal que se dedicam \u00e0 constru\u00e7\u00e3o de tradi\u00e7\u00f5es, especialmente o modo de vida e contextualiza\u00e7\u00f5es. Desenvolver o conceito do fen\u00f4meno das religi\u00f5es e as rela\u00e7\u00f5es que se estabelecem na sociedade, no autoconhecimento e desenvolvimento espiritual.<\/span><\/span><\/p>\n<p>[\/et_pb_toggle][\/et_pb_column][et_pb_column type=&#8221;1_3&#8243; _builder_version=&#8221;4.5.6&#8243; _module_preset=&#8221;default&#8221;][et_pb_toggle title=&#8221;Objetivo Geral:&#8221; open_toggle_text_color=&#8221;#623421&#8243; _builder_version=&#8221;4.6.5&#8243; _module_preset=&#8221;default&#8221; title_text_color=&#8221;#623421&#8243; title_font=&#8221;Arial|700|||||||&#8221;]<\/p>\n<p align=\"justify\"><span face=\"Arial, serif\" style=\"font-family: Arial, serif;\"><span size=\"3\" style=\"font-size: medium;\">A partir do estudo das escolas espirituais e tradi\u00e7\u00f5es que geram saberes culturais ao longo da hist\u00f3ria universal, estabelecer rela\u00e7\u00e3o pertinente com a maneira de viver contempor\u00e2nea e especialmente com os aspectos da descoberta de potencial inerente ao ser humano.<\/span><\/span><\/p>\n<p>[\/et_pb_toggle][\/et_pb_column][et_pb_column type=&#8221;1_3&#8243; _builder_version=&#8221;4.5.6&#8243; _module_preset=&#8221;default&#8221;][et_pb_toggle title=&#8221;Objetivos Espec\u00edficos:&#8221; open_toggle_text_color=&#8221;#623421&#8243; _builder_version=&#8221;4.6.5&#8243; _module_preset=&#8221;default&#8221; title_text_color=&#8221;#623421&#8243; title_font=&#8221;Arial|700|||||||&#8221; hover_enabled=&#8221;0&#8243; sticky_enabled=&#8221;0&#8243;]<\/p>\n<p align=\"justify\"><span face=\"Arial, serif\" style=\"font-family: Arial, serif;\"><span size=\"3\" style=\"font-size: medium;\">Refletir sobre as bases das escolas espirituais, das religi\u00f5es nos respectivos per\u00edodos e na sistematiza\u00e7\u00e3o do pensamento. <\/span><\/span><\/p>\n<p align=\"justify\"><span face=\"Arial, serif\" style=\"font-family: Arial, serif;\"><span size=\"3\" style=\"font-size: medium;\">Analisar os processos de constru\u00e7\u00e3o do saber cultural de cada tradi\u00e7\u00e3o, bem como as rela\u00e7\u00f5es pertinentes que permanecem no psiquismo humano, especialmente nas culturas de f\u00e9 e cren\u00e7a.<\/span><\/span><\/p>\n<p align=\"justify\"><span face=\"Arial, serif\" style=\"font-family: Arial, serif;\"><span size=\"3\" style=\"font-size: medium;\">Relacionar as respectivas escolas espirituais com as religi\u00f5es e o modelo de vida atual, buscando pelo reconhecimento com os outros num processo autopoi\u00e9tico.<\/span><\/span><\/p>\n<p align=\"justify\">\n<p>[\/et_pb_toggle][\/et_pb_column][\/et_pb_row][et_pb_row _builder_version=&#8221;4.6.5&#8243; _module_preset=&#8221;default&#8221; custom_margin=&#8221;||-55px||false|false&#8221; custom_padding=&#8221;||||false|false&#8221; global_module=&#8221;283&#8243; saved_tabs=&#8221;all&#8221;][et_pb_column type=&#8221;4_4&#8243; _builder_version=&#8221;4.5.6&#8243; _module_preset=&#8221;default&#8221;][et_pb_text _builder_version=&#8221;4.6.5&#8243; _module_preset=&#8221;default&#8221; text_font=&#8221;|700|||||||&#8221; header_font=&#8221;Roboto|700|||||||&#8221; header_text_color=&#8221;#ffffff&#8221;]<\/p>\n<h1 style=\"text-align: center;\">Conte\u00fado Program\u00e1tico<\/h1>\n<p>&nbsp;<\/p>\n<p>&nbsp;<\/p>\n<p>[\/et_pb_text][\/et_pb_column][\/et_pb_row][et_pb_row column_structure=&#8221;1_2,1_2&#8243; _builder_version=&#8221;4.5.6&#8243; _module_preset=&#8221;default&#8221;][et_pb_column type=&#8221;1_2&#8243; _builder_version=&#8221;4.5.6&#8243; _module_preset=&#8221;default&#8221;][et_pb_toggle title=&#8221;As Religi\u00f5es mais Conhecidas Historicamente:&#8221; open_toggle_text_color=&#8221;#623421&#8243; _builder_version=&#8221;4.6.5&#8243; _module_preset=&#8221;default&#8221; title_text_color=&#8221;#623421&#8243; title_font=&#8221;Arial|700|||||||&#8221; closed_title_font_size=&#8221;14px&#8221; closed_title_letter_spacing=&#8221;1px&#8221; closed_title_line_height=&#8221;1.8em&#8221; hover_enabled=&#8221;0&#8243; sticky_enabled=&#8221;0&#8243;]<\/p>\n<p align=\"justify\"><span face=\"Arial, serif\" style=\"font-family: Arial, serif;\"><span size=\"3\" style=\"font-size: medium;\">Apresentar algumas religi\u00f5es universais, com os respectivos princ\u00edpios, dogmas e contexto.<\/span><\/span><\/p>\n<p>[\/et_pb_toggle][\/et_pb_column][et_pb_column type=&#8221;1_2&#8243; _builder_version=&#8221;4.5.6&#8243; _module_preset=&#8221;default&#8221;][et_pb_toggle title=&#8221;As tradi\u00e7\u00f5es Universais:&#8221; open_toggle_text_color=&#8221;#623421&#8243; _builder_version=&#8221;4.6.5&#8243; _module_preset=&#8221;default&#8221; title_text_color=&#8221;#623421&#8243; title_font=&#8221;Arial|700|||||||&#8221; closed_title_font_size=&#8221;14px&#8221; closed_title_line_height=&#8221;1.8em&#8221; hover_enabled=&#8221;0&#8243; sticky_enabled=&#8221;0&#8243;]<\/p>\n<p align=\"justify\"><span face=\"Arial, serif\" style=\"font-family: Arial, serif;\"><span size=\"3\" style=\"font-size: medium;\">Os modelos de homem segundo tradi\u00e7\u00f5es como os cabalistas, os herm\u00e9ticos, os tribais, os cientistas, os sacerdotes, os iniciados, os seguidores, os caminhantes, os disc\u00edpulos, desde os livros herm\u00e9ticos at\u00e9 a l\u00f3gica do princ\u00edpio e vida humana produtiva.<\/span><\/span><\/p>\n<p>[\/et_pb_toggle][\/et_pb_column][\/et_pb_row][et_pb_row column_structure=&#8221;1_2,1_2&#8243; _builder_version=&#8221;4.5.6&#8243; _module_preset=&#8221;default&#8221;][et_pb_column type=&#8221;1_2&#8243; _builder_version=&#8221;4.5.6&#8243; _module_preset=&#8221;default&#8221;][et_pb_toggle title=&#8221;O Princ\u00edpio e Fundamento das Coisas&#8221; open_toggle_text_color=&#8221;#623421&#8243; _builder_version=&#8221;4.6.5&#8243; _module_preset=&#8221;default&#8221; title_text_color=&#8221;#623421&#8243; title_font=&#8221;Arial|700|||||||&#8221; closed_title_font_size=&#8221;14px&#8221; closed_title_line_height=&#8221;1.8em&#8221; hover_enabled=&#8221;0&#8243; sticky_enabled=&#8221;0&#8243;]<\/p>\n<p align=\"justify\"><span face=\"Arial, serif\" style=\"font-family: Arial, serif;\"><span size=\"3\" style=\"font-size: medium;\">Relacionar a religi\u00e3o como fen\u00f4meno; apresentar a tradi\u00e7\u00e3o e a cultura ocidental e oriental como processo geogr\u00e1fico e hist\u00f3rico na unidade de cada modelo cognitivo.<\/span><\/span><\/p>\n<p>[\/et_pb_toggle][\/et_pb_column][et_pb_column type=&#8221;1_2&#8243; _builder_version=&#8221;4.5.6&#8243; _module_preset=&#8221;default&#8221;][et_pb_toggle title=&#8221;Metodologia: &#8221; open_toggle_text_color=&#8221;#623421&#8243; _builder_version=&#8221;4.6.5&#8243; _module_preset=&#8221;default&#8221; title_text_color=&#8221;#623421&#8243; title_font=&#8221;Arial|700|||||||&#8221;]<\/p>\n<p align=\"justify\"><span face=\"Arial, serif\" style=\"font-family: Arial, serif;\"><span size=\"3\" style=\"font-size: medium;\">O processo metodol\u00f3gico envolve:<\/span><\/span><\/p>\n<p align=\"justify\"><span face=\"Arial, serif\" style=\"font-family: Arial, serif;\"><span size=\"3\" style=\"font-size: medium;\"> <\/span><\/span><span face=\"Arial, serif\" style=\"font-family: Arial, serif;\"><span size=\"3\" style=\"font-size: medium;\"><b>a)<\/b><\/span><\/span><span face=\"Arial, serif\" style=\"font-family: Arial, serif;\"><span size=\"3\" style=\"font-size: medium;\"> levantamento dos saberes do grupo sobre o assunto;<\/span><\/span><\/p>\n<p align=\"justify\"><span face=\"Arial, serif\" style=\"font-family: Arial, serif;\"><span size=\"3\" style=\"font-size: medium;\"> <\/span><\/span><span face=\"Arial, serif\" style=\"font-family: Arial, serif;\"><span size=\"3\" style=\"font-size: medium;\"><b>b) <\/b><\/span><\/span><span face=\"Arial, serif\" style=\"font-family: Arial, serif;\"><span size=\"3\" style=\"font-size: medium;\">apresentar teoricamente as bases das religi\u00f5es;<\/span><\/span><\/p>\n<p align=\"justify\"><span face=\"Arial, serif\" style=\"font-family: Arial, serif;\"><span size=\"3\" style=\"font-size: medium;\"> <\/span><\/span><span face=\"Arial, serif\" style=\"font-family: Arial, serif;\"><span size=\"3\" style=\"font-size: medium;\"><b>c)<\/b><\/span><\/span><span face=\"Arial, serif\" style=\"font-family: Arial, serif;\"><span size=\"3\" style=\"font-size: medium;\"> apresentar as fundamenta\u00e7\u00f5es das tradi\u00e7\u00f5es e respectivos saberes;<\/span><\/span><\/p>\n<p align=\"justify\"><span face=\"Arial, serif\" style=\"font-family: Arial, serif;\"><span size=\"3\" style=\"font-size: medium;\"> <\/span><\/span><span face=\"Arial, serif\" style=\"font-family: Arial, serif;\"><span size=\"3\" style=\"font-size: medium;\"><b>d)<\/b><\/span><\/span><span face=\"Arial, serif\" style=\"font-family: Arial, serif;\"><span size=\"3\" style=\"font-size: medium;\"> relacionar a m\u00edstica e o desenvolvimento de perspectivas culturais como possibilidades de desempenho do psiquismo humano;<\/span><\/span><\/p>\n<p align=\"justify\"><span face=\"Arial, serif\" style=\"font-family: Arial, serif;\"><span size=\"3\" style=\"font-size: medium;\"> <\/span><\/span><span face=\"Arial, serif\" style=\"font-family: Arial, serif;\"><span size=\"3\" style=\"font-size: medium;\"><b>e)<\/b><\/span><\/span><span face=\"Arial, serif\" style=\"font-family: Arial, serif;\"><span size=\"3\" style=\"font-size: medium;\"> exercitar alguns princ\u00edpios de tradi\u00e7\u00f5es.<\/span><\/span><\/p>\n<p>[\/et_pb_toggle][\/et_pb_column][\/et_pb_row][et_pb_row _builder_version=&#8221;4.5.6&#8243; _module_preset=&#8221;default&#8221;][et_pb_column type=&#8221;4_4&#8243; _builder_version=&#8221;4.5.6&#8243; _module_preset=&#8221;default&#8221;][et_pb_toggle title=&#8221;Refer\u00eancias (para revisar):&#8221; open_toggle_text_color=&#8221;#623421&#8243; _builder_version=&#8221;4.6.5&#8243; _module_preset=&#8221;default&#8221; title_text_color=&#8221;#623421&#8243; title_font=&#8221;Arial|700|||||||&#8221;]<\/p>\n<p align=\"justify\"><span face=\"Arial, serif\" style=\"font-family: Arial, serif;\"><span size=\"3\" style=\"font-size: medium;\">Todas as tradi\u00e7\u00f5es que praticamos.<\/span><\/span><\/p>\n<p>[\/et_pb_toggle][\/et_pb_column][\/et_pb_row][et_pb_row _builder_version=&#8221;4.5.6&#8243; _module_preset=&#8221;default&#8221;][et_pb_column type=&#8221;4_4&#8243; _builder_version=&#8221;4.5.6&#8243; _module_preset=&#8221;default&#8221;][et_pb_button button_url=&#8221;https:\/\/moradadastradicoes.com.br\/utmt\/formulario-de-inscricoes\/&#8221; url_new_window=&#8221;on&#8221; button_text=&#8221;Reserve Sua Vaga!&#8221; button_alignment=&#8221;center&#8221; _builder_version=&#8221;4.6.5&#8243; _module_preset=&#8221;default&#8221; custom_button=&#8221;on&#8221; button_text_color=&#8221;#623421&#8243; button_border_width=&#8221;1px&#8221; button_border_radius=&#8221;50px&#8221; button_letter_spacing=&#8221;2px&#8221; button_font=&#8221;Roboto|500|||||||&#8221; button_icon=&#8221;%%24%%&#8221;][\/et_pb_button][\/et_pb_column][\/et_pb_row][\/et_pb_section]<\/p>\n","protected":false},"excerpt":{"rendered":"<p>Programa Educacional da Morada das Tradi\u00e7\u00f5es 6-Fundamentos das Tradi\u00e7\u00f5es e Escolas Espirituais &nbsp; &nbsp;Programa Educacional da Morada das Tradi\u00e7\u00f5es 6-Fundamentos das Tradi\u00e7\u00f5es e Escolas Espirituais &nbsp; &nbsp;Apresentar as escolas do pensamento universal que se dedicam \u00e0 constru\u00e7\u00e3o de tradi\u00e7\u00f5es, especialmente o modo de vida e contextualiza\u00e7\u00f5es. Desenvolver o conceito do fen\u00f4meno das religi\u00f5es e as [&hellip;]<\/p>\n","protected":false},"author":1,"featured_media":0,"parent":0,"menu_order":0,"comment_status":"closed","ping_status":"closed","template":"","meta":{"_et_pb_use_builder":"on","_et_pb_old_content":"","_et_gb_content_width":""},"_links":{"self":[{"href":"https:\/\/moradadastradicoes.com.br\/utmt\/wp-json\/wp\/v2\/pages\/312"}],"collection":[{"href":"https:\/\/moradadastradicoes.com.br\/utmt\/wp-json\/wp\/v2\/pages"}],"about":[{"href":"https:\/\/moradadastradicoes.com.br\/utmt\/wp-json\/wp\/v2\/types\/page"}],"author":[{"embeddable":true,"href":"https:\/\/moradadastradicoes.com.br\/utmt\/wp-json\/wp\/v2\/users\/1"}],"replies":[{"embeddable":true,"href":"https:\/\/moradadastradicoes.com.br\/utmt\/wp-json\/wp\/v2\/comments?post=312"}],"version-history":[{"count":10,"href":"https:\/\/moradadastradicoes.com.br\/utmt\/wp-json\/wp\/v2\/pages\/312\/revisions"}],"predecessor-version":[{"id":733,"href":"https:\/\/moradadastradicoes.com.br\/utmt\/wp-json\/wp\/v2\/pages\/312\/revisions\/733"}],"wp:attachment":[{"href":"https:\/\/moradadastradicoes.com.br\/utmt\/wp-json\/wp\/v2\/media?parent=312"}],"curies":[{"name":"wp","href":"https:\/\/api.w.org\/{rel}","templated":true}]}}