{"id":306,"date":"2020-11-23T14:17:08","date_gmt":"2020-11-23T14:17:08","guid":{"rendered":"https:\/\/moradadastradicoes.com.br\/utmt\/?page_id=306"},"modified":"2020-11-28T09:27:01","modified_gmt":"2020-11-28T09:27:01","slug":"filosofia-e-a-constituicao-do-saber","status":"publish","type":"page","link":"https:\/\/moradadastradicoes.com.br\/utmt\/filosofia-e-a-constituicao-do-saber\/","title":{"rendered":"FILOSOFIA E A CONSTITUI\u00c7\u00c3O DO SUJEITO"},"content":{"rendered":"<p>[et_pb_section fb_built=&#8221;1&#8243; next_background_color=&#8221;#f8b21f&#8221; _builder_version=&#8221;4.5.6&#8243; _module_preset=&#8221;default&#8221; custom_margin=&#8221;-50px||||false|false&#8221; custom_padding=&#8221;||||false|false&#8221; top_divider_color=&#8221;#e2a62e&#8221; bottom_divider_style=&#8221;wave2&#8243;][et_pb_row _builder_version=&#8221;4.5.6&#8243; _module_preset=&#8221;default&#8221;][et_pb_column type=&#8221;4_4&#8243; _builder_version=&#8221;4.5.6&#8243; _module_preset=&#8221;default&#8221;][et_pb_text disabled_on=&#8221;on|on|off&#8221; _builder_version=&#8221;4.6.5&#8243; _module_preset=&#8221;default&#8221; header_font=&#8221;Roboto||||||||&#8221; header_text_color=&#8221;#e2a62e&#8221;]<\/p>\n<h1 style=\"text-align: center;\">Programa Educacional da Morada das Tradi\u00e7\u00f5es<\/h1>\n<h1 style=\"text-align: center;\">5-Filosofia e a Constitui\u00e7\u00e3o do Sujeito<\/h1>\n<p>&nbsp;<\/p>\n<p>[\/et_pb_text][et_pb_text disabled_on=&#8221;off|off|on&#8221; _builder_version=&#8221;4.6.5&#8243; _module_preset=&#8221;default&#8221; header_font=&#8221;Roboto||||||||&#8221; header_text_color=&#8221;#e2a62e&#8221; header_font_size=&#8221;20px&#8221; header_letter_spacing=&#8221;2px&#8221; header_line_height=&#8221;1.2em&#8221;]<\/p>\n<h1 style=\"text-align: center;\">Programa Educacional da Morada das Tradi\u00e7\u00f5es<\/h1>\n<h1 style=\"text-align: center;\">5-Filosofia e a Constitui\u00e7\u00e3o do Sujeito<\/h1>\n<p>&nbsp;<\/p>\n<p>[\/et_pb_text][\/et_pb_column][\/et_pb_row][\/et_pb_section][et_pb_section fb_built=&#8221;1&#8243; prev_background_color=&#8221;#ffffff&#8221; _builder_version=&#8221;4.6.5&#8243; _module_preset=&#8221;default&#8221; background_color=&#8221;#f8b21f&#8221; background_enable_image=&#8221;off&#8221; background_size=&#8221;initial&#8221; min_height=&#8221;759px&#8221; custom_margin=&#8221;-115px||||false|false&#8221; custom_padding=&#8221;||||true|false&#8221; top_divider_style=&#8221;wave2&#8243;][et_pb_row column_structure=&#8221;1_3,1_3,1_3&#8243; _builder_version=&#8221;4.5.6&#8243; _module_preset=&#8221;default&#8221;][et_pb_column type=&#8221;1_3&#8243; _builder_version=&#8221;4.5.6&#8243; _module_preset=&#8221;default&#8221;][et_pb_toggle title=&#8221;Ementa:&#8221; open_toggle_text_color=&#8221;#623421&#8243; _builder_version=&#8221;4.6.5&#8243; _module_preset=&#8221;default&#8221; title_text_color=&#8221;#623421&#8243; title_font=&#8221;Arial|700|||||||&#8221;]<\/p>\n<p align=\"justify\"><span face=\"Arial, serif\" style=\"font-family: Arial, serif;\"><span size=\"3\" style=\"font-size: medium;\">Conhecer os princ\u00edpios b\u00e1sicos sobre o modo de pensar e agir que a filosofia oferece, como uma refer\u00eancia que constr\u00f3i a ci\u00eancia, as teorias do conhecimento, considera a cultura e o sujeito num di\u00e1logo pertinente e constante na rela\u00e7\u00e3o consigo mesmo e com o mundo.<\/span><\/span><\/p>\n<p>[\/et_pb_toggle][\/et_pb_column][et_pb_column type=&#8221;1_3&#8243; _builder_version=&#8221;4.5.6&#8243; _module_preset=&#8221;default&#8221;][et_pb_toggle title=&#8221;Objetivo Geral:&#8221; open_toggle_text_color=&#8221;#623421&#8243; _builder_version=&#8221;4.6.5&#8243; _module_preset=&#8221;default&#8221; title_text_color=&#8221;#623421&#8243; title_font=&#8221;Arial|700|||||||&#8221;]<\/p>\n<p align=\"justify\"><span face=\"Arial, serif\" style=\"font-family: Arial, serif;\"><span size=\"3\" style=\"font-size: medium;\">A partir do estudo das escolas filos\u00f3ficas e dos conceitos que formam as bases epistemol\u00f3gicas, estabelecer rela\u00e7\u00e3o pertinente com a maneira de falar, de escrever e de se perceber e se posicionar no mundo contempor\u00e2neo.<\/span><\/span><\/p>\n<p>[\/et_pb_toggle][\/et_pb_column][et_pb_column type=&#8221;1_3&#8243; _builder_version=&#8221;4.5.6&#8243; _module_preset=&#8221;default&#8221;][et_pb_toggle title=&#8221;Objetivos espec\u00edficos:&#8221; open_toggle_text_color=&#8221;#623421&#8243; _builder_version=&#8221;4.6.5&#8243; _module_preset=&#8221;default&#8221; title_text_color=&#8221;#623421&#8243; title_font=&#8221;Arial|700|||||||&#8221;]<\/p>\n<p align=\"justify\"><span face=\"Arial, serif\" style=\"font-family: Arial, serif;\"><span size=\"3\" style=\"font-size: medium;\">Refletir sobre as bases das escolas filos\u00f3ficas nos respectivos per\u00edodos e a sistematiza\u00e7\u00e3o do pensamento. <\/span><\/span><\/p>\n<p align=\"justify\"><span face=\"Arial, serif\" style=\"font-family: Arial, serif;\"><span size=\"3\" style=\"font-size: medium;\">Analisar os processos de constru\u00e7\u00e3o do saber cient\u00edfico ou formal, bem como as rela\u00e7\u00f5es culturais hist\u00f3ricas que mobilizam a constru\u00e7\u00e3o dos saberes humanos.<\/span><\/span><\/p>\n<p align=\"justify\"><span face=\"Arial, serif\" style=\"font-family: Arial, serif;\"><span size=\"3\" style=\"font-size: medium;\">Relacionar as respectivas escolas do pensamento com o modelo de vida atual, buscando por um reconhecimento de si e dos outros por meio da fala e da escrita.<\/span><\/span><\/p>\n<p>[\/et_pb_toggle][\/et_pb_column][\/et_pb_row][et_pb_row _builder_version=&#8221;4.6.5&#8243; _module_preset=&#8221;default&#8221; custom_margin=&#8221;||-55px||false|false&#8221; custom_padding=&#8221;||||false|false&#8221; global_module=&#8221;283&#8243; saved_tabs=&#8221;all&#8221;][et_pb_column type=&#8221;4_4&#8243; _builder_version=&#8221;4.5.6&#8243; _module_preset=&#8221;default&#8221;][et_pb_text _builder_version=&#8221;4.6.5&#8243; _module_preset=&#8221;default&#8221; text_font=&#8221;|700|||||||&#8221; header_font=&#8221;Roboto|700|||||||&#8221; header_text_color=&#8221;#ffffff&#8221;]<\/p>\n<h1 style=\"text-align: center;\">Conte\u00fado Program\u00e1tico<\/h1>\n<p>&nbsp;<\/p>\n<p>&nbsp;<\/p>\n<p>[\/et_pb_text][\/et_pb_column][\/et_pb_row][et_pb_row column_structure=&#8221;1_3,1_3,1_3&#8243; _builder_version=&#8221;4.5.6&#8243; _module_preset=&#8221;default&#8221;][et_pb_column type=&#8221;1_3&#8243; _builder_version=&#8221;4.5.6&#8243; _module_preset=&#8221;default&#8221;][et_pb_toggle title=&#8221;A Filosofia:&#8221; open_toggle_text_color=&#8221;#623421&#8243; _builder_version=&#8221;4.6.5&#8243; _module_preset=&#8221;default&#8221; title_text_color=&#8221;#623421&#8243; title_font=&#8221;Arial|700|||||||&#8221; closed_title_line_height=&#8221;1.8em&#8221;]<\/p>\n<p align=\"justify\"><span face=\"Arial, serif\" style=\"font-family: Arial, serif;\"><span size=\"3\" style=\"font-size: medium;\">Etimologia da palavra, constru\u00e7\u00e3o hist\u00f3rica, fundamento e princ\u00edpio das ideias e pensamentos. Como a filosofia pode auxiliar na estrat\u00e9gia para a solu\u00e7\u00e3o de conflitos internos e entre as pessoas. Conceito de \u00e9tica.<\/span><\/span><\/p>\n<p>[\/et_pb_toggle][\/et_pb_column][et_pb_column type=&#8221;1_3&#8243; _builder_version=&#8221;4.5.6&#8243; _module_preset=&#8221;default&#8221;][et_pb_toggle title=&#8221;Os Per\u00edodos de Predomin\u00e2ncia do Pensamento:&#8221; open_toggle_text_color=&#8221;#623421&#8243; _builder_version=&#8221;4.6.5&#8243; _module_preset=&#8221;default&#8221; title_text_color=&#8221;#623421&#8243; title_font=&#8221;Arial|700|||||||&#8221; closed_title_line_height=&#8221;1.8em&#8221; hover_enabled=&#8221;0&#8243; sticky_enabled=&#8221;0&#8243;]<\/p>\n<p align=\"justify\"><span face=\"Arial, serif\" style=\"font-family: Arial, serif;\"><span size=\"3\" style=\"font-size: medium;\">Os per\u00edodos em que historicamente o homem se descobre como sujeito. As explica\u00e7\u00f5es de mundo e a constru\u00e7\u00e3o de modelos no modo de pensar.<\/span><\/span><\/p>\n<p>[\/et_pb_toggle][\/et_pb_column][et_pb_column type=&#8221;1_3&#8243; _builder_version=&#8221;4.5.6&#8243; _module_preset=&#8221;default&#8221;][et_pb_toggle title=&#8221;O Pensamento Pitag\u00f3rico e a Rela\u00e7\u00e3o com o Modelo de Pensamento Oriental:&#8221; open_toggle_text_color=&#8221;#623421&#8243; _builder_version=&#8221;4.6.5&#8243; _module_preset=&#8221;default&#8221; title_text_color=&#8221;#623421&#8243; title_font=&#8221;Arial|700|||||||&#8221; closed_title_line_height=&#8221;1.8em&#8221; hover_enabled=&#8221;0&#8243; sticky_enabled=&#8221;0&#8243;]<\/p>\n<p align=\"justify\"><span face=\"Arial, serif\" style=\"font-family: Arial, serif;\"><span size=\"3\" style=\"font-size: medium;\">Os princ\u00edpios da dualidade, das polaridades, dos hemisf\u00e9rios, da dupla interpreta\u00e7\u00e3o, da media\u00e7\u00e3o e da hist\u00f3ria que fundamenta os modelos vigentes. <\/span><\/span><\/p>\n<p>[\/et_pb_toggle][\/et_pb_column][\/et_pb_row][et_pb_row column_structure=&#8221;1_3,1_3,1_3&#8243; _builder_version=&#8221;4.5.6&#8243; _module_preset=&#8221;default&#8221;][et_pb_column type=&#8221;1_3&#8243; _builder_version=&#8221;4.5.6&#8243; _module_preset=&#8221;default&#8221;][et_pb_toggle title=&#8221;A Metaf\u00edsica e as Categorias:&#8221; open_toggle_text_color=&#8221;#623421&#8243; _builder_version=&#8221;4.6.5&#8243; _module_preset=&#8221;default&#8221; title_text_color=&#8221;#623421&#8243; title_font=&#8221;Arial|700|||||||&#8221; closed_title_line_height=&#8221;1.8em&#8221; hover_enabled=&#8221;0&#8243; sticky_enabled=&#8221;0&#8243;]<\/p>\n<p align=\"justify\"><span face=\"Arial, serif\" style=\"font-family: Arial, serif;\"><span size=\"3\" style=\"font-size: medium;\">De que maneira algo existe e se constitui como alguma coisa, o que o mundo das ideias pode produzir na assimila\u00e7\u00e3o ou mesmo na constru\u00e7\u00e3o e destrui\u00e7\u00e3o das coisas.<\/span><\/span><\/p>\n<p>[\/et_pb_toggle][\/et_pb_column][et_pb_column type=&#8221;1_3&#8243; _builder_version=&#8221;4.5.6&#8243; _module_preset=&#8221;default&#8221;][et_pb_toggle title=&#8221;Metodologia: &#8221; open_toggle_text_color=&#8221;#623421&#8243; _builder_version=&#8221;4.6.5&#8243; _module_preset=&#8221;default&#8221; title_text_color=&#8221;#623421&#8243; title_font=&#8221;Arial|700|||||||&#8221;]<\/p>\n<p align=\"justify\"><span face=\"Arial, serif\" style=\"font-family: Arial, serif;\"><span size=\"3\" style=\"font-size: medium;\">O processo metodol\u00f3gico envolve: <\/span><\/span><\/p>\n<p align=\"justify\"><span face=\"Arial, serif\" style=\"font-family: Arial, serif;\"><span size=\"3\" style=\"font-size: medium;\"><b>a)<\/b><\/span><\/span><span face=\"Arial, serif\" style=\"font-family: Arial, serif;\"><span size=\"3\" style=\"font-size: medium;\"> levantamento do modo de pensar b\u00e1sico dos participantes e da maneira como media suas ideias com o mundo; <\/span><\/span><\/p>\n<p align=\"justify\"><span face=\"Arial, serif\" style=\"font-family: Arial, serif;\"><span size=\"3\" style=\"font-size: medium;\"><b>b)<\/b><\/span><\/span><span face=\"Arial, serif\" style=\"font-family: Arial, serif;\"><span size=\"3\" style=\"font-size: medium;\"> estudo das escolas do pensamento antigo e contempor\u00e2neo; <\/span><\/span><\/p>\n<p align=\"justify\"><span face=\"Arial, serif\" style=\"font-family: Arial, serif;\"><span size=\"3\" style=\"font-size: medium;\"><b>c)<\/b><\/span><\/span><span face=\"Arial, serif\" style=\"font-family: Arial, serif;\"><span size=\"3\" style=\"font-size: medium;\"> reflex\u00f5es sistematizadas sobre os objetivos e a rela\u00e7\u00e3o que se estabelece com o modo de vida;<\/span><\/span><\/p>\n<p align=\"justify\"><span face=\"Arial, serif\" style=\"font-family: Arial, serif;\"><span size=\"3\" style=\"font-size: medium;\"><b>d)<\/b><\/span><\/span><span face=\"Arial, serif\" style=\"font-family: Arial, serif;\"><span size=\"3\" style=\"font-size: medium;\"> investiga\u00e7\u00f5es sobre o desejo, a consci\u00eancia e a necessidade de realiza\u00e7\u00e3o pessoal;<\/span><\/span><\/p>\n<p align=\"justify\"><span face=\"Arial, serif\" style=\"font-family: Arial, serif;\"><span size=\"3\" style=\"font-size: medium;\"><b>e)<\/b><\/span><\/span><span face=\"Arial, serif\" style=\"font-family: Arial, serif;\"><span size=\"3\" style=\"font-size: medium;\"> prop\u00f3sitos do cuidado e da gest\u00e3o de si na rela\u00e7\u00e3o com os outros; <\/span><\/span><\/p>\n<p align=\"justify\"><span face=\"Arial, serif\" style=\"font-family: Arial, serif;\"><span size=\"3\" style=\"font-size: medium;\"><b>f)<\/b><\/span><\/span><span face=\"Arial, serif\" style=\"font-family: Arial, serif;\"><span size=\"3\" style=\"font-size: medium;\"> conhecimentos de base para o desenvolvimento das categorias das coisas e do pensamento em S\u00f3crates, Plat\u00e3o, Arist\u00f3teles e Pit\u00e1goras; g) as tr\u00eas grandes fases do desenvolvimento do conceito de \u00e9tica.<\/span><\/span><\/p>\n<p>[\/et_pb_toggle][\/et_pb_column][et_pb_column type=&#8221;1_3&#8243; _builder_version=&#8221;4.5.6&#8243; _module_preset=&#8221;default&#8221;][\/et_pb_column][\/et_pb_row][et_pb_row _builder_version=&#8221;4.5.6&#8243; _module_preset=&#8221;default&#8221;][et_pb_column type=&#8221;4_4&#8243; _builder_version=&#8221;4.5.6&#8243; _module_preset=&#8221;default&#8221;][et_pb_toggle title=&#8221;Refer\u00eancias (para revisar):&#8221; open_toggle_text_color=&#8221;#623421&#8243; _builder_version=&#8221;4.6.5&#8243; _module_preset=&#8221;default&#8221; title_text_color=&#8221;#623421&#8243; title_font=&#8221;Arial|700|||||||&#8221;]<\/p>\n<p align=\"justify\"><span face=\"Arial, serif\" style=\"font-family: Arial, serif;\"><span size=\"3\" style=\"font-size: medium;\">EDINGER, Edward F. <\/span><\/span><span face=\"Arial, serif\" style=\"font-family: Arial, serif;\"><span size=\"3\" style=\"font-size: medium;\"><b>Ego e arqu\u00e9tipo<\/b><\/span><\/span><span face=\"Arial, serif\" style=\"font-family: Arial, serif;\"><span size=\"3\" style=\"font-size: medium;\">. S\u00e3o Paulo. Cultrix: 1972.<\/span><\/span><\/p>\n<p align=\"justify\"><span face=\"Arial, serif\" style=\"font-family: Arial, serif;\"><span size=\"3\" style=\"font-size: medium;\">FADIMAN, J. e FRAGER, R. <\/span><\/span><span face=\"Arial, serif\" style=\"font-family: Arial, serif;\"><span size=\"3\" style=\"font-size: medium;\"><b>Teorias da personalidade<\/b><\/span><\/span><span face=\"Arial, serif\" style=\"font-family: Arial, serif;\"><span size=\"3\" style=\"font-size: medium;\">. Tradu\u00e7\u00e3o de Camila Pedral Sampaio. S\u00e3o Paulo: Harbra, 1986.<\/span><\/span><\/p>\n<p align=\"justify\"><span face=\"Arial, serif\" style=\"font-family: Arial, serif;\"><span size=\"3\" style=\"font-size: medium;\">FREIRE, Paulo. <\/span><\/span><span face=\"Arial, serif\" style=\"font-family: Arial, serif;\"><span size=\"3\" style=\"font-size: medium;\"><b>A educa\u00e7\u00e3o do futuro<\/b><\/span><\/span><span face=\"Arial, serif\" style=\"font-family: Arial, serif;\"><span size=\"3\" style=\"font-size: medium;\">. Rio de Janeiro: O Globo, Caderno Prosa &amp; Verso, 24 maio 1997.<\/span><\/span><\/p>\n<p align=\"justify\"><span face=\"Arial, serif\" style=\"font-family: Arial, serif;\"><span size=\"3\" style=\"font-size: medium;\">GLEISER, M. <\/span><\/span><span face=\"Arial, serif\" style=\"font-family: Arial, serif;\"><span size=\"3\" style=\"font-size: medium;\"><b>A dan\u00e7a do universo<\/b><\/span><\/span><span face=\"Arial, serif\" style=\"font-family: Arial, serif;\"><span size=\"3\" style=\"font-size: medium;\">. S\u00e3o Paulo: Companhia das letras, 1997.<\/span><\/span><\/p>\n<p align=\"justify\"><span face=\"Arial, serif\" style=\"font-family: Arial, serif;\"><span size=\"3\" style=\"font-size: medium;\">GURDJIEFF, J. <\/span><\/span><span face=\"Arial, serif\" style=\"font-family: Arial, serif;\"><span size=\"3\" style=\"font-size: medium;\"><b>E o lobo uivou para a \u00e1guia: espiritualidade como pr\u00e1tica de vida<\/b><\/span><\/span><span face=\"Arial, serif\" style=\"font-family: Arial, serif;\"><span size=\"3\" style=\"font-size: medium;\">. <\/span><\/span><span face=\"Arial, serif\" style=\"font-family: Arial, serif;\"><span size=\"3\" style=\"font-size: medium;\"><span lang=\"en-US\">Nova Petr\u00f3polis: Luz da Serra, 2010.<\/span><\/span><\/span><\/p>\n<p align=\"justify\"><span color=\"#000000\" style=\"color: #000000;\"><span face=\"Times New Roman, serif\" style=\"font-family: 'Times New Roman', serif;\"><span size=\"3\" style=\"font-size: medium;\"><span face=\"Arial, serif\" style=\"font-family: Arial, serif;\">JAPIASSU, H. <\/span><span face=\"Arial, serif\" style=\"font-family: Arial, serif;\"><b>O sonho transdisciplinar e as raz\u00f5es da Filosofia<\/b><\/span><span face=\"Arial, serif\" style=\"font-family: Arial, serif;\">. <\/span><span face=\"Arial, serif\" style=\"font-family: Arial, serif;\">Rio de Janeiro: Imago, 2006. <\/span><\/span><\/span><\/span><\/p>\n<p align=\"justify\"><span face=\"Arial, serif\" style=\"font-family: Arial, serif;\"><span size=\"3\" style=\"font-size: medium;\">JUNG, C. G. <\/span><\/span><span face=\"Arial, serif\" style=\"font-family: Arial, serif;\"><span size=\"3\" style=\"font-size: medium;\"><b>O homem e seus s\u00edmbolos<\/b><\/span><\/span><span face=\"Arial, serif\" style=\"font-family: Arial, serif;\"><span size=\"3\" style=\"font-size: medium;\">. Rio de Janeiro. Nova Fronteira: 1998.<\/span><\/span><\/p>\n<p align=\"justify\"><span face=\"Arial, serif\" style=\"font-family: Arial, serif;\"><span size=\"3\" style=\"font-size: medium;\">JUNG, C. G. <\/span><\/span><span face=\"Arial, serif\" style=\"font-family: Arial, serif;\"><span size=\"3\" style=\"font-size: medium;\"><b>Psicologia e alquimia<\/b><\/span><\/span><span face=\"Arial, serif\" style=\"font-family: Arial, serif;\"><span size=\"3\" style=\"font-size: medium;\">. Petr\u00f3polis: Vozes, 1994.<\/span><\/span><\/p>\n<p align=\"justify\"><span face=\"Arial, serif\" style=\"font-family: Arial, serif;\"><span size=\"3\" style=\"font-size: medium;\">JUNG, C. G. <\/span><\/span><span face=\"Arial, serif\" style=\"font-family: Arial, serif;\"><span size=\"3\" style=\"font-size: medium;\"><b>AION-Estudos sobre o simbolismo do si-mesmo<\/b><\/span><\/span><span face=\"Arial, serif\" style=\"font-family: Arial, serif;\"><span size=\"3\" style=\"font-size: medium;\">. Petr\u00f3polis. Vozes: 1990.<\/span><\/span><\/p>\n<p align=\"justify\"><span face=\"Arial, serif\" style=\"font-family: Arial, serif;\"><span size=\"3\" style=\"font-size: medium;\">JUNG, C. G. <\/span><\/span><span face=\"Arial, serif\" style=\"font-family: Arial, serif;\"><span size=\"3\" style=\"font-size: medium;\"><b>O eu e o inconsciente<\/b><\/span><\/span><span face=\"Arial, serif\" style=\"font-family: Arial, serif;\"><span size=\"3\" style=\"font-size: medium;\">. Petr\u00f3polis. Vozes: 1987.<\/span><\/span><\/p>\n<p><span face=\"Arial, serif\" style=\"font-family: Arial, serif;\"><span size=\"3\" style=\"font-size: medium;\">JUNG, E. <\/span><\/span><span face=\"Arial, serif\" style=\"font-family: Arial, serif;\"><span size=\"3\" style=\"font-size: medium;\"><b>Animus e anima<\/b><\/span><\/span><span face=\"Arial, serif\" style=\"font-family: Arial, serif;\"><span size=\"3\" style=\"font-size: medium;\">. Tradu\u00e7\u00e3o de Dante Pignatari. S\u00e3o Paulo: Cultrix, 2006.<\/span><\/span><\/p>\n<p align=\"justify\"><span face=\"Arial, serif\" style=\"font-family: Arial, serif;\"><span size=\"3\" style=\"font-size: medium;\">MATURANA, Humberto; VARELA, Francisco. <\/span><\/span><span face=\"Arial, serif\" style=\"font-family: Arial, serif;\"><span size=\"3\" style=\"font-size: medium;\"><b>A \u00e1rvore do conhecimento<\/b><\/span><\/span><span face=\"Arial, serif\" style=\"font-family: Arial, serif;\"><span size=\"3\" style=\"font-size: medium;\">. Campinas: Psy II, 1995.<\/span><\/span><\/p>\n<p><span face=\"Arial, serif\" style=\"font-family: Arial, serif;\"><span size=\"3\" style=\"font-size: medium;\">MIRANDA, Eduardo E. <\/span><\/span><span face=\"Arial, serif\" style=\"font-family: Arial, serif;\"><span size=\"3\" style=\"font-size: medium;\"><b>Corpo territ\u00f3rio do sagrado<\/b><\/span><\/span><span face=\"Arial, serif\" style=\"font-family: Arial, serif;\"><span size=\"3\" style=\"font-size: medium;\">. S\u00e3o Paulo: Loyola, 2002.<\/span><\/span><\/p>\n<p align=\"justify\"><span face=\"Arial, serif\" style=\"font-family: Arial, serif;\"><span size=\"3\" style=\"font-size: medium;\">MORIN, E. <\/span><\/span><span face=\"Arial, serif\" style=\"font-family: Arial, serif;\"><span size=\"3\" style=\"font-size: medium;\"><b>Meu caminho<\/b><\/span><\/span><span face=\"Arial, serif\" style=\"font-family: Arial, serif;\"><span size=\"3\" style=\"font-size: medium;\">. Entrevistas com Dj\u00e9nane Kareh Tager; tradu\u00e7\u00e3o Edgard de Assis Carvalho e Mariza Perassi Bosco. Rio de Janeiro: Bertrand Brasil, 2010.<\/span><\/span><\/p>\n<p align=\"justify\"><span face=\"Arial, serif\" style=\"font-family: Arial, serif;\"><span size=\"3\" style=\"font-size: medium;\">MORIN, E. <\/span><\/span><span face=\"Arial, serif\" style=\"font-family: Arial, serif;\"><span size=\"3\" style=\"font-size: medium;\"><b>A cabe\u00e7a bem feita: repensar a reforma, reformar o pensamento<\/b><\/span><\/span><span face=\"Arial, serif\" style=\"font-family: Arial, serif;\"><span size=\"3\" style=\"font-size: medium;\">. Tradu\u00e7\u00e3o Elo\u00e1 Jacobina. Rio de Janeiro: Bertrand Brasil, 2003.<\/span><\/span><\/p>\n<p align=\"justify\"><span face=\"Arial, serif\" style=\"font-family: Arial, serif;\"><span size=\"3\" style=\"font-size: medium;\">PRIGOGINE, I. <\/span><\/span><span face=\"Arial, serif\" style=\"font-family: Arial, serif;\"><span size=\"3\" style=\"font-size: medium;\"><b>O fim das certezas \u2013 tempo, caos e as leis da natureza<\/b><\/span><\/span><span face=\"Arial, serif\" style=\"font-family: Arial, serif;\"><span size=\"3\" style=\"font-size: medium;\">. S\u00e3o Paulo: UNESP, 1996.<\/span><\/span><\/p>\n<p align=\"justify\"><span face=\"Arial, serif\" style=\"font-family: Arial, serif;\"><span size=\"3\" style=\"font-size: medium;\">TALBOT, Michael. <\/span><\/span><span face=\"Arial, serif\" style=\"font-family: Arial, serif;\"><span size=\"3\" style=\"font-size: medium;\"><b>O universo hologr\u00e1fico<\/b><\/span><\/span><span face=\"Arial, serif\" style=\"font-family: Arial, serif;\"><span size=\"3\" style=\"font-size: medium;\">. Trad. Maria de F\u00e1tima S. Marques. S\u00e3o Paulo: Best Seller, 1991. \u00a0\u00a0\u00a0\u00a0\u00a0\u00a0\u00a0<\/span><\/span><\/p>\n<p align=\"justify\"><span face=\"Arial, serif\" style=\"font-family: Arial, serif;\"><span size=\"3\" style=\"font-size: medium;\">TAMAYO, Alvaro e colaboradores. <\/span><\/span><span face=\"Arial, serif\" style=\"font-family: Arial, serif;\"><span size=\"3\" style=\"font-size: medium;\"><b>Cultura e sa\u00fade nas organiza\u00e7\u00f5es<\/b><\/span><\/span><span face=\"Arial, serif\" style=\"font-family: Arial, serif;\"><span size=\"3\" style=\"font-size: medium;\">. <\/span><\/span><span face=\"Arial, serif\" style=\"font-family: Arial, serif;\"><span size=\"3\" style=\"font-size: medium;\"><span lang=\"en-US\">Porto Alegre: Artmed, 2004. <\/span><\/span><\/span><\/p>\n<p align=\"justify\"><span face=\"Arial, serif\" style=\"font-family: Arial, serif;\"><span size=\"3\" style=\"font-size: medium;\">THIOLLENT, M. <\/span><\/span><span face=\"Arial, serif\" style=\"font-family: Arial, serif;\"><span size=\"3\" style=\"font-size: medium;\"><b>Metodologia de pesquisa-a\u00e7\u00e3o<\/b><\/span><\/span><span face=\"Arial, serif\" style=\"font-family: Arial, serif;\"><span size=\"3\" style=\"font-size: medium;\">. <\/span><\/span><span face=\"Arial, serif\" style=\"font-family: Arial, serif;\"><span size=\"3\" style=\"font-size: medium;\">S\u00e3o Paulo, Cortez Editora, 1988. \u00a0\u00a0\u00a0\u00a0\u00a0\u00a0\u00a0\u00a0<\/span><\/span><\/p>\n<p align=\"justify\"><span face=\"Arial, serif\" style=\"font-family: Arial, serif;\"><span size=\"3\" style=\"font-size: medium;\">UBALDI, PIETRO. <\/span><\/span><span face=\"Arial, serif\" style=\"font-family: Arial, serif;\"><span size=\"3\" style=\"font-size: medium;\"><b>A grande s\u00edntese<\/b><\/span><\/span><span face=\"Arial, serif\" style=\"font-family: Arial, serif;\"><span size=\"3\" style=\"font-size: medium;\">. Tradu\u00e7\u00e3o de Carlos Torres Pastorino e Paulo Vieira da Silva. Fraternidade Francisco de Assis, 2001.<\/span><\/span><\/p>\n<p align=\"justify\">[\/et_pb_toggle][\/et_pb_column][\/et_pb_row][et_pb_row _builder_version=&#8221;4.5.6&#8243; _module_preset=&#8221;default&#8221; global_module=&#8221;400&#8243; saved_tabs=&#8221;all&#8221;][et_pb_column type=&#8221;4_4&#8243; _builder_version=&#8221;4.5.6&#8243; _module_preset=&#8221;default&#8221;][et_pb_button button_url=&#8221;https:\/\/moradadastradicoes.com.br\/utmt\/formulario-de-inscricoes\/&#8221; url_new_window=&#8221;on&#8221; button_text=&#8221;Reserve Sua Vaga!&#8221; button_alignment=&#8221;center&#8221; _builder_version=&#8221;4.6.5&#8243; _module_preset=&#8221;default&#8221; custom_button=&#8221;on&#8221; button_text_color=&#8221;#623421&#8243; button_border_width=&#8221;1px&#8221; button_border_radius=&#8221;50px&#8221; button_letter_spacing=&#8221;2px&#8221; button_font=&#8221;Roboto|500|||||||&#8221; button_icon=&#8221;%%24%%&#8221;][\/et_pb_button][\/et_pb_column][\/et_pb_row][\/et_pb_section]<\/p>\n","protected":false},"excerpt":{"rendered":"<p>Programa Educacional da Morada das Tradi\u00e7\u00f5es 5-Filosofia e a Constitui\u00e7\u00e3o do Sujeito &nbsp;Programa Educacional da Morada das Tradi\u00e7\u00f5es 5-Filosofia e a Constitui\u00e7\u00e3o do Sujeito &nbsp;Conhecer os princ\u00edpios b\u00e1sicos sobre o modo de pensar e agir que a filosofia oferece, como uma refer\u00eancia que constr\u00f3i a ci\u00eancia, as teorias do conhecimento, considera a cultura e o [&hellip;]<\/p>\n","protected":false},"author":1,"featured_media":0,"parent":0,"menu_order":0,"comment_status":"closed","ping_status":"closed","template":"","meta":{"_et_pb_use_builder":"on","_et_pb_old_content":"","_et_gb_content_width":""},"_links":{"self":[{"href":"https:\/\/moradadastradicoes.com.br\/utmt\/wp-json\/wp\/v2\/pages\/306"}],"collection":[{"href":"https:\/\/moradadastradicoes.com.br\/utmt\/wp-json\/wp\/v2\/pages"}],"about":[{"href":"https:\/\/moradadastradicoes.com.br\/utmt\/wp-json\/wp\/v2\/types\/page"}],"author":[{"embeddable":true,"href":"https:\/\/moradadastradicoes.com.br\/utmt\/wp-json\/wp\/v2\/users\/1"}],"replies":[{"embeddable":true,"href":"https:\/\/moradadastradicoes.com.br\/utmt\/wp-json\/wp\/v2\/comments?post=306"}],"version-history":[{"count":12,"href":"https:\/\/moradadastradicoes.com.br\/utmt\/wp-json\/wp\/v2\/pages\/306\/revisions"}],"predecessor-version":[{"id":735,"href":"https:\/\/moradadastradicoes.com.br\/utmt\/wp-json\/wp\/v2\/pages\/306\/revisions\/735"}],"wp:attachment":[{"href":"https:\/\/moradadastradicoes.com.br\/utmt\/wp-json\/wp\/v2\/media?parent=306"}],"curies":[{"name":"wp","href":"https:\/\/api.w.org\/{rel}","templated":true}]}}