{"id":292,"date":"2020-11-23T13:57:48","date_gmt":"2020-11-23T13:57:48","guid":{"rendered":"https:\/\/moradadastradicoes.com.br\/utmt\/?page_id=292"},"modified":"2020-11-28T09:21:45","modified_gmt":"2020-11-28T09:21:45","slug":"leis-e-principios-da-espiritualidade","status":"publish","type":"page","link":"https:\/\/moradadastradicoes.com.br\/utmt\/leis-e-principios-da-espiritualidade\/","title":{"rendered":"LEIS E PRINC\u00cdPIOS DA ESPIRITUALIDADE"},"content":{"rendered":"<p>[et_pb_section fb_built=&#8221;1&#8243; next_background_color=&#8221;#f8b21f&#8221; _builder_version=&#8221;4.5.6&#8243; _module_preset=&#8221;default&#8221; custom_margin=&#8221;-50px||||false|false&#8221; custom_padding=&#8221;||||false|false&#8221; top_divider_color=&#8221;#e2a62e&#8221; bottom_divider_style=&#8221;wave2&#8243;][et_pb_row _builder_version=&#8221;4.5.6&#8243; _module_preset=&#8221;default&#8221;][et_pb_column type=&#8221;4_4&#8243; _builder_version=&#8221;4.5.6&#8243; _module_preset=&#8221;default&#8221;][et_pb_text disabled_on=&#8221;on|on|off&#8221; _builder_version=&#8221;4.6.5&#8243; _module_preset=&#8221;default&#8221; header_font=&#8221;Roboto||||||||&#8221; header_text_color=&#8221;#e2a62e&#8221;]<\/p>\n<h1 style=\"text-align: center;\">Programa Educacional da Morada das Tradi\u00e7\u00f5es<\/h1>\n<h1 style=\"text-align: center;\">3-Leis e Princ\u00edpios da Espiritualidade<\/h1>\n<p>&nbsp;<\/p>\n<p>&nbsp;<\/p>\n<p>[\/et_pb_text][et_pb_text disabled_on=&#8221;off|off|on&#8221; _builder_version=&#8221;4.6.5&#8243; _module_preset=&#8221;default&#8221; header_font=&#8221;Roboto||||||||&#8221; header_text_color=&#8221;#e2a62e&#8221; header_font_size=&#8221;20px&#8221; header_letter_spacing=&#8221;2px&#8221; header_line_height=&#8221;1.3em&#8221;]<\/p>\n<h1 style=\"text-align: center;\">Programa Educacional da Morada das Tradi\u00e7\u00f5es<\/h1>\n<h1 style=\"text-align: center;\">3-Leis e Princ\u00edpios da Espiritualidade<\/h1>\n<p>&nbsp;<\/p>\n<p>&nbsp;<\/p>\n<p>[\/et_pb_text][\/et_pb_column][\/et_pb_row][\/et_pb_section][et_pb_section fb_built=&#8221;1&#8243; prev_background_color=&#8221;#ffffff&#8221; _builder_version=&#8221;4.6.5&#8243; _module_preset=&#8221;default&#8221; background_color=&#8221;#f8b21f&#8221; background_enable_image=&#8221;off&#8221; background_size=&#8221;initial&#8221; min_height=&#8221;759px&#8221; custom_margin=&#8221;-150px||||false|false&#8221; custom_padding=&#8221;||||true|false&#8221; top_divider_style=&#8221;wave2&#8243;][et_pb_row column_structure=&#8221;1_3,1_3,1_3&#8243; _builder_version=&#8221;4.5.6&#8243; _module_preset=&#8221;default&#8221;][et_pb_column type=&#8221;1_3&#8243; _builder_version=&#8221;4.5.6&#8243; _module_preset=&#8221;default&#8221;][et_pb_toggle title=&#8221;Ementa:&#8221; open_toggle_text_color=&#8221;#623421&#8243; _builder_version=&#8221;4.6.5&#8243; _module_preset=&#8221;default&#8221; title_text_color=&#8221;#623421&#8243; title_font=&#8221;Arial|700|||||||&#8221;]<\/p>\n<p align=\"justify\"><span face=\"Arial, serif\" style=\"font-family: Arial, serif;\"><span size=\"3\" style=\"font-size: medium;\">Conhecer as bases hist\u00f3ricas que formam as teorias teol\u00f3gicas e as tradi\u00e7\u00f5es herm\u00e9ticas espirituais. Essas tradi\u00e7\u00f5es e teorias estruturam princ\u00edpios e fundamentos que seguem as leis da espiritualidade para construir ou melhorar uma consci\u00eancia sobre a espiritualidade na pr\u00e1tica da vida. <\/span><\/span><\/p>\n<p>[\/et_pb_toggle][\/et_pb_column][et_pb_column type=&#8221;1_3&#8243; _builder_version=&#8221;4.5.6&#8243; _module_preset=&#8221;default&#8221;][et_pb_toggle title=&#8221;Objetivo Geral:&#8221; open_toggle_text_color=&#8221;#623421&#8243; _builder_version=&#8221;4.6.5&#8243; _module_preset=&#8221;default&#8221; title_text_color=&#8221;#623421&#8243; title_font=&#8221;Arial|700|||||||&#8221;]<\/p>\n<p align=\"justify\"><span face=\"Arial, serif\" style=\"font-family: Arial, serif;\"><span size=\"3\" style=\"font-size: medium;\">A partir do estudo dos livros que fundamentam a religi\u00e3o, filosofia, ontologia e demais ci\u00eancias num di\u00e1logo com o hermetismo, busca-se conhecer as bases das leis espirituais regentes na humanidade, para reconhecer o caminho pessoal na vida como uma contribui\u00e7\u00e3o ao mundo.<\/span><\/span><\/p>\n<p>[\/et_pb_toggle][\/et_pb_column][et_pb_column type=&#8221;1_3&#8243; _builder_version=&#8221;4.5.6&#8243; _module_preset=&#8221;default&#8221;][et_pb_toggle title=&#8221;Objetivos Espec\u00edficos:&#8221; open_toggle_text_color=&#8221;#623421&#8243; _builder_version=&#8221;4.6.5&#8243; _module_preset=&#8221;default&#8221; title_text_color=&#8221;#623421&#8243; title_font=&#8221;Arial|700|||||||&#8221; hover_enabled=&#8221;0&#8243; sticky_enabled=&#8221;0&#8243;]<\/p>\n<p align=\"justify\"><span face=\"Arial, serif\" style=\"font-family: Arial, serif;\"><span size=\"3\" style=\"font-size: medium;\">Refletir sobre as bases dos livros religiosos e filos\u00f3ficos numa atitude construtiva de formas e reformas de si no mundo. <\/span><\/span><\/p>\n<p align=\"justify\"><span face=\"Arial, serif\" style=\"font-family: Arial, serif;\"><span size=\"3\" style=\"font-size: medium;\">Analisar as leis org\u00e2nicas do universo por meio dos fundamentos das teorias e tradi\u00e7\u00f5es espirituais.<\/span><\/span><\/p>\n<p align=\"justify\"><span face=\"Arial, serif\" style=\"font-family: Arial, serif;\"><span size=\"3\" style=\"font-size: medium;\">Relacionar os princ\u00edpios, fundamentos, leis espirituais e a consci\u00eancia humana no mundo contempor\u00e2neo.<\/span><\/span><\/p>\n<p>[\/et_pb_toggle][\/et_pb_column][\/et_pb_row][et_pb_row _builder_version=&#8221;4.6.5&#8243; _module_preset=&#8221;default&#8221; custom_margin=&#8221;||-55px||false|false&#8221; custom_padding=&#8221;||||false|false&#8221; global_module=&#8221;283&#8243; saved_tabs=&#8221;all&#8221;][et_pb_column type=&#8221;4_4&#8243; _builder_version=&#8221;4.5.6&#8243; _module_preset=&#8221;default&#8221;][et_pb_text _builder_version=&#8221;4.6.5&#8243; _module_preset=&#8221;default&#8221; text_font=&#8221;|700|||||||&#8221; header_font=&#8221;Roboto|700|||||||&#8221; header_text_color=&#8221;#ffffff&#8221;]<\/p>\n<h1 style=\"text-align: center;\">Conte\u00fado Program\u00e1tico<\/h1>\n<p>&nbsp;<\/p>\n<p>&nbsp;<\/p>\n<p>[\/et_pb_text][\/et_pb_column][\/et_pb_row][et_pb_row column_structure=&#8221;1_3,1_3,1_3&#8243; _builder_version=&#8221;4.5.6&#8243; _module_preset=&#8221;default&#8221;][et_pb_column type=&#8221;1_3&#8243; _builder_version=&#8221;4.5.6&#8243; _module_preset=&#8221;default&#8221;][et_pb_toggle title=&#8221;Bases Hist\u00f3ricas das Religi\u00f5es:&#8221; open_toggle_text_color=&#8221;#623421&#8243; _builder_version=&#8221;4.6.5&#8243; _module_preset=&#8221;default&#8221; title_text_color=&#8221;#623421&#8243; title_font=&#8221;Arial|700|||||||&#8221; closed_title_font_size=&#8221;14px&#8221; closed_title_letter_spacing=&#8221;1px&#8221; closed_title_line_height=&#8221;1.8em&#8221; hover_enabled=&#8221;0&#8243; sticky_enabled=&#8221;0&#8243;]<\/p>\n<p align=\"justify\"><span face=\"Arial, serif\" style=\"font-family: Arial, serif;\"><span size=\"3\" style=\"font-size: medium;\">conhecer as bases hist\u00f3ricas das grandes religi\u00f5es, bem como o fundamento e ensinamentos dos \u00edcones espirituais.<\/span><\/span><\/p>\n<p>[\/et_pb_toggle][\/et_pb_column][et_pb_column type=&#8221;1_3&#8243; _builder_version=&#8221;4.5.6&#8243; _module_preset=&#8221;default&#8221;][et_pb_toggle title=&#8221;Bases Hist\u00f3ricas e Conceitos de Tradi\u00e7\u00f5es Herm\u00e9ticas:&#8221; open_toggle_text_color=&#8221;#623421&#8243; _builder_version=&#8221;4.6.5&#8243; _module_preset=&#8221;default&#8221; title_text_color=&#8221;#623421&#8243; title_font=&#8221;Arial|700|||||||&#8221; closed_title_font_size=&#8221;14px&#8221; closed_title_line_height=&#8221;1.8em&#8221; hover_enabled=&#8221;0&#8243; sticky_enabled=&#8221;0&#8243;]<\/p>\n<p align=\"justify\"><span face=\"Arial, serif\" style=\"font-family: Arial, serif;\"><span size=\"3\" style=\"font-size: medium;\">conhecer as escolas que fundamentam as perspectivas espirituais, desde os modelos mais antigos e as reformas do pr\u00f3prio pensamento espiritual ao longo da hist\u00f3ria humana, como a cabala e o xamanismo, dentre outras.<\/span><\/span><\/p>\n<p>[\/et_pb_toggle][\/et_pb_column][et_pb_column type=&#8221;1_3&#8243; _builder_version=&#8221;4.5.6&#8243; _module_preset=&#8221;default&#8221;][et_pb_toggle title=&#8221;Conceitos de Leis, Princ\u00edpios e Fundamentos:&#8221; open_toggle_text_color=&#8221;#623421&#8243; _builder_version=&#8221;4.6.5&#8243; _module_preset=&#8221;default&#8221; title_text_color=&#8221;#623421&#8243; title_font=&#8221;Arial|700|||||||&#8221; closed_title_font_size=&#8221;14px&#8221; closed_title_line_height=&#8221;1.8em&#8221;]<\/p>\n<p align=\"justify\"><span face=\"Arial, serif\" style=\"font-family: Arial, serif;\"><span size=\"3\" style=\"font-size: medium;\">analisar os conceitos de leis, princ\u00edpios e fundamentos espirituais, religiosos e mobilizadores da consci\u00eancia como f\u00e9 e cren\u00e7as.<\/span><\/span><\/p>\n<p>[\/et_pb_toggle][\/et_pb_column][\/et_pb_row][et_pb_row column_structure=&#8221;1_3,1_3,1_3&#8243; _builder_version=&#8221;4.5.6&#8243; _module_preset=&#8221;default&#8221;][et_pb_column type=&#8221;1_3&#8243; _builder_version=&#8221;4.5.6&#8243; _module_preset=&#8221;default&#8221;][et_pb_toggle title=&#8221;Leis e Princ\u00edpios Espirituais como Modelo de Vida:&#8221; open_toggle_text_color=&#8221;#623421&#8243; _builder_version=&#8221;4.6.5&#8243; _module_preset=&#8221;default&#8221; title_text_color=&#8221;#623421&#8243; title_font=&#8221;Arial|700|||||||&#8221; closed_title_font_size=&#8221;14px&#8221; closed_title_line_height=&#8221;1.8em&#8221; hover_enabled=&#8221;0&#8243; sticky_enabled=&#8221;0&#8243;]<\/p>\n<p align=\"justify\"><span face=\"Arial, serif\" style=\"font-family: Arial, serif;\"><span size=\"3\" style=\"font-size: medium;\">apresentar os princ\u00edpios espirituais por meio de algumas tradi\u00e7\u00f5es como confirma\u00e7\u00e3o das leis que os constitu\u00edram para a forma\u00e7\u00e3o de modelos de indiv\u00edduo e sociedade.<\/span><\/span><\/p>\n<p>[\/et_pb_toggle][\/et_pb_column][et_pb_column type=&#8221;1_3&#8243; _builder_version=&#8221;4.5.6&#8243; _module_preset=&#8221;default&#8221;][et_pb_toggle title=&#8221;Metodologia: &#8221; open_toggle_text_color=&#8221;#623421&#8243; _builder_version=&#8221;4.6.5&#8243; _module_preset=&#8221;default&#8221; title_text_color=&#8221;#623421&#8243; title_font=&#8221;Arial|700|||||||&#8221;]<\/p>\n<p align=\"justify\"><span face=\"Arial, serif\" style=\"font-family: Arial, serif;\"><span size=\"3\" style=\"font-size: medium;\">O processo metodol\u00f3gico envolve:<\/span><\/span><\/p>\n<p align=\"justify\"><span face=\"Arial, serif\" style=\"font-family: Arial, serif;\"><span size=\"3\" style=\"font-size: medium;\"><strong> a)<\/strong> levantamento do conhecimento de religi\u00f5es e tradi\u00e7\u00f5es herm\u00e9ticas dos participantes; <\/span><\/span><\/p>\n<p align=\"justify\"><span face=\"Arial, serif\" style=\"font-family: Arial, serif;\"><span size=\"3\" style=\"font-size: medium;\"><strong>b)<\/strong> estudo hist\u00f3rico do fen\u00f4meno religioso universal; <\/span><\/span><\/p>\n<p align=\"justify\"><span face=\"Arial, serif\" style=\"font-family: Arial, serif;\"><span size=\"3\" style=\"font-size: medium;\"><strong>c)<\/strong> reflex\u00f5es sobre os \u00edcones religiosos e respectivos ensinamentos de base; <\/span><\/span><\/p>\n<p align=\"justify\"><span face=\"Arial, serif\" style=\"font-family: Arial, serif;\"><span size=\"3\" style=\"font-size: medium;\"><strong>d)<\/strong> investiga\u00e7\u00f5es sobre o princ\u00edpio que se mostra por meio de atitudes religiosas e\/ou herm\u00e9ticas; <\/span><\/span><\/p>\n<p align=\"justify\"><span face=\"Arial, serif\" style=\"font-family: Arial, serif;\"><span size=\"3\" style=\"font-size: medium;\"><strong>e)<\/strong> prop\u00f3sitos da gest\u00e3o de si na rela\u00e7\u00e3o com a cultura que norteia o modo de vida; <\/span><\/span><\/p>\n<p align=\"justify\"><span face=\"Arial, serif\" style=\"font-family: Arial, serif;\"><span size=\"3\" style=\"font-size: medium;\"><strong>f)<\/strong> conhecimentos b\u00e1sicos de tradi\u00e7\u00f5es que auxiliam na compreens\u00e3o dos fundamentos e leis como o eneagrama corporal, o quarto caminho, os princ\u00edpios da cabala, xamanismo e maneiras adequadas para ler os livros sagrados. <\/span><\/span><\/p>\n<p>[\/et_pb_toggle][\/et_pb_column][et_pb_column type=&#8221;1_3&#8243; _builder_version=&#8221;4.5.6&#8243; _module_preset=&#8221;default&#8221;][\/et_pb_column][\/et_pb_row][et_pb_row _builder_version=&#8221;4.5.6&#8243; _module_preset=&#8221;default&#8221;][et_pb_column type=&#8221;4_4&#8243; _builder_version=&#8221;4.5.6&#8243; _module_preset=&#8221;default&#8221;][et_pb_toggle title=&#8221;Refer\u00eancias (para revisar):&#8221; open_toggle_text_color=&#8221;#623421&#8243; _builder_version=&#8221;4.6.5&#8243; _module_preset=&#8221;default&#8221; title_text_color=&#8221;#623421&#8243; title_font=&#8221;Arial|700|||||||&#8221;]<\/p>\n<p align=\"justify\"><span face=\"Arial, serif\" style=\"font-family: Arial, serif;\"><span size=\"3\" style=\"font-size: medium;\">LEVI, Elifas. Cabala XXXXX<\/span><\/span><\/p>\n<p align=\"justify\"><span face=\"Arial, serif\" style=\"font-family: Arial, serif;\"><span size=\"3\" style=\"font-size: medium;\">GURDJIEFF, G. I. Em Busca do Ser \u2013 O Quarto Caminho para uma Nova Consci\u00eancia. S\u00e3o Paulo. Ed. Pensamento. 2017.<\/span><\/span><\/p>\n<p align=\"justify\"><span face=\"Arial, serif\" style=\"font-family: Arial, serif;\"><span size=\"3\" style=\"font-size: medium;\">_______________ Relatos de Belzebu a Seu Neto.<\/span><\/span><\/p>\n<p align=\"justify\"><span face=\"Arial, serif\" style=\"font-family: Arial, serif;\"><span size=\"3\" style=\"font-size: medium;\">GURDJIEFF, J. <\/span><\/span><span face=\"Arial, serif\" style=\"font-family: Arial, serif;\"><span size=\"3\" style=\"font-size: medium;\"><b>E o lobo uivou para a \u00e1guia: espiritualidade como pr\u00e1tica de vida<\/b><\/span><\/span><span face=\"Arial, serif\" style=\"font-family: Arial, serif;\"><span size=\"3\" style=\"font-size: medium;\">. <\/span><\/span><span face=\"Arial, serif\" style=\"font-family: Arial, serif;\"><span size=\"3\" style=\"font-size: medium;\"><span lang=\"en-US\">Nova Petr\u00f3polis: Luz da Serra, 2010.<\/span><\/span><\/span><\/p>\n<p align=\"justify\"><span face=\"Arial, serif\" style=\"font-family: Arial, serif;\"><span size=\"3\" style=\"font-size: medium;\"><span lang=\"en-US\">______________ Apostilas de Cabala \u2013 Numerologia Social.<\/span><\/span><\/span><\/p>\n<p align=\"justify\"><span face=\"Arial, serif\" style=\"font-family: Arial, serif;\"><span size=\"3\" style=\"font-size: medium;\"><span lang=\"en-US\">______________ Apostilas de Cabala \u2013 A \u00c1rvore da Vida.<\/span><\/span><\/span><\/p>\n<p align=\"justify\"><span face=\"Arial, serif\" style=\"font-family: Arial, serif;\"><span size=\"3\" style=\"font-size: medium;\">MATURANA, Humberto; VARELA, Francisco. <\/span><\/span><span face=\"Arial, serif\" style=\"font-family: Arial, serif;\"><span size=\"3\" style=\"font-size: medium;\"><b>A \u00e1rvore do conhecimento<\/b><\/span><\/span><span face=\"Arial, serif\" style=\"font-family: Arial, serif;\"><span size=\"3\" style=\"font-size: medium;\">. Campinas: Psy II, 1995.<\/span><\/span><\/p>\n<p><span face=\"Arial, serif\" style=\"font-family: Arial, serif;\"><span size=\"3\" style=\"font-size: medium;\">MIRANDA, Eduardo E. <\/span><\/span><span face=\"Arial, serif\" style=\"font-family: Arial, serif;\"><span size=\"3\" style=\"font-size: medium;\"><b>Corpo territ\u00f3rio do sagrado<\/b><\/span><\/span><span face=\"Arial, serif\" style=\"font-family: Arial, serif;\"><span size=\"3\" style=\"font-size: medium;\">. S\u00e3o Paulo: Loyola, 2002.<\/span><\/span><\/p>\n<p><span face=\"Arial, serif\" style=\"font-family: Arial, serif;\"><span size=\"3\" style=\"font-size: medium;\">PAPUS, Cabala XXXXX<\/span><\/span><\/p>\n<p align=\"justify\"><span face=\"Arial, serif\" style=\"font-family: Arial, serif;\"><span size=\"3\" style=\"font-size: medium;\">PRIGOGINE, I. <\/span><\/span><span face=\"Arial, serif\" style=\"font-family: Arial, serif;\"><span size=\"3\" style=\"font-size: medium;\"><b>O fim das certezas \u2013 tempo, caos e as leis da natureza<\/b><\/span><\/span><span face=\"Arial, serif\" style=\"font-family: Arial, serif;\"><span size=\"3\" style=\"font-size: medium;\">. S\u00e3o Paulo: UNESP, 1996.<\/span><\/span><\/p>\n<p align=\"justify\"><span face=\"Arial, serif\" style=\"font-family: Arial, serif;\"><span size=\"3\" style=\"font-size: medium;\">OUSPENSK, &#8230;. Fragmentos de Ensino Desconhecido. XXXX<\/span><\/span><\/p>\n<p align=\"justify\"><span face=\"Arial, serif\" style=\"font-family: Arial, serif;\"><span size=\"3\" style=\"font-size: medium;\">_____________ Psicologia Poss\u00edvel ao Homem. XXXX<\/span><\/span><\/p>\n<p align=\"justify\"><span face=\"Arial, serif\" style=\"font-family: Arial, serif;\"><span size=\"3\" style=\"font-size: medium;\">TALBOT, Michael. <\/span><\/span><span face=\"Arial, serif\" style=\"font-family: Arial, serif;\"><span size=\"3\" style=\"font-size: medium;\"><b>O universo hologr\u00e1fico<\/b><\/span><\/span><span face=\"Arial, serif\" style=\"font-family: Arial, serif;\"><span size=\"3\" style=\"font-size: medium;\">. Trad. Maria de F\u00e1tima S. Marques. S\u00e3o Paulo: Best Seller, 1991. \u00a0\u00a0\u00a0\u00a0\u00a0\u00a0\u00a0<\/span><\/span><\/p>\n<p align=\"justify\"><span face=\"Arial, serif\" style=\"font-family: Arial, serif;\"><span size=\"3\" style=\"font-size: medium;\">THIOLLENT, M. <\/span><\/span><span face=\"Arial, serif\" style=\"font-family: Arial, serif;\"><span size=\"3\" style=\"font-size: medium;\"><b>Metodologia de pesquisa-a\u00e7\u00e3o<\/b><\/span><\/span><span face=\"Arial, serif\" style=\"font-family: Arial, serif;\"><span size=\"3\" style=\"font-size: medium;\">. <\/span><\/span><span face=\"Arial, serif\" style=\"font-family: Arial, serif;\"><span size=\"3\" style=\"font-size: medium;\">S\u00e3o Paulo, Cortez Editora, 1988. \u00a0\u00a0\u00a0\u00a0\u00a0\u00a0\u00a0\u00a0<\/span><\/span><\/p>\n<p align=\"justify\"><span face=\"Arial, serif\" style=\"font-family: Arial, serif;\"><span size=\"3\" style=\"font-size: medium;\">UBALDI, PIETRO. <\/span><\/span><span face=\"Arial, serif\" style=\"font-family: Arial, serif;\"><span size=\"3\" style=\"font-size: medium;\"><b>A grande s\u00edntese<\/b><\/span><\/span><span face=\"Arial, serif\" style=\"font-family: Arial, serif;\"><span size=\"3\" style=\"font-size: medium;\">. Tradu\u00e7\u00e3o de Carlos Torres Pastorino e Paulo Vieira da Silva. Fraternidade Francisco de Assis, 2001.<\/span><\/span><\/p>\n<p>[\/et_pb_toggle][\/et_pb_column][\/et_pb_row][et_pb_row _builder_version=&#8221;4.5.6&#8243; _module_preset=&#8221;default&#8221;][et_pb_column type=&#8221;4_4&#8243; _builder_version=&#8221;4.5.6&#8243; _module_preset=&#8221;default&#8221;][et_pb_button button_url=&#8221;https:\/\/moradadastradicoes.com.br\/utmt\/formulario-de-inscricoes\/&#8221; url_new_window=&#8221;on&#8221; button_text=&#8221;Reserve Sua Vaga!&#8221; button_alignment=&#8221;center&#8221; _builder_version=&#8221;4.6.5&#8243; _module_preset=&#8221;default&#8221; custom_button=&#8221;on&#8221; button_text_color=&#8221;#623421&#8243; button_border_width=&#8221;1px&#8221; button_border_radius=&#8221;50px&#8221; button_letter_spacing=&#8221;2px&#8221; button_font=&#8221;Roboto|500|||||||&#8221; button_icon=&#8221;%%24%%&#8221;][\/et_pb_button][\/et_pb_column][\/et_pb_row][\/et_pb_section]<\/p>\n","protected":false},"excerpt":{"rendered":"<p>Programa Educacional da Morada das Tradi\u00e7\u00f5es 3-Leis e Princ\u00edpios da Espiritualidade &nbsp; &nbsp;Programa Educacional da Morada das Tradi\u00e7\u00f5es 3-Leis e Princ\u00edpios da Espiritualidade &nbsp; &nbsp;Conhecer as bases hist\u00f3ricas que formam as teorias teol\u00f3gicas e as tradi\u00e7\u00f5es herm\u00e9ticas espirituais. Essas tradi\u00e7\u00f5es e teorias estruturam princ\u00edpios e fundamentos que seguem as leis da espiritualidade para construir ou [&hellip;]<\/p>\n","protected":false},"author":1,"featured_media":0,"parent":0,"menu_order":0,"comment_status":"closed","ping_status":"closed","template":"","meta":{"_et_pb_use_builder":"on","_et_pb_old_content":"","_et_gb_content_width":""},"_links":{"self":[{"href":"https:\/\/moradadastradicoes.com.br\/utmt\/wp-json\/wp\/v2\/pages\/292"}],"collection":[{"href":"https:\/\/moradadastradicoes.com.br\/utmt\/wp-json\/wp\/v2\/pages"}],"about":[{"href":"https:\/\/moradadastradicoes.com.br\/utmt\/wp-json\/wp\/v2\/types\/page"}],"author":[{"embeddable":true,"href":"https:\/\/moradadastradicoes.com.br\/utmt\/wp-json\/wp\/v2\/users\/1"}],"replies":[{"embeddable":true,"href":"https:\/\/moradadastradicoes.com.br\/utmt\/wp-json\/wp\/v2\/comments?post=292"}],"version-history":[{"count":10,"href":"https:\/\/moradadastradicoes.com.br\/utmt\/wp-json\/wp\/v2\/pages\/292\/revisions"}],"predecessor-version":[{"id":731,"href":"https:\/\/moradadastradicoes.com.br\/utmt\/wp-json\/wp\/v2\/pages\/292\/revisions\/731"}],"wp:attachment":[{"href":"https:\/\/moradadastradicoes.com.br\/utmt\/wp-json\/wp\/v2\/media?parent=292"}],"curies":[{"name":"wp","href":"https:\/\/api.w.org\/{rel}","templated":true}]}}