{"id":1684,"date":"2024-05-16T02:40:25","date_gmt":"2024-05-16T02:40:25","guid":{"rendered":"https:\/\/suportegratis.com.br\/totemtalentos\/oncapintadadopantanal\/?page_id=1684"},"modified":"2025-05-01T03:34:20","modified_gmt":"2025-05-01T03:34:20","slug":"homeciinza","status":"publish","type":"page","link":"https:\/\/moradadastradicoes.com.br\/totemtalentos\/","title":{"rendered":"HomeCinza"},"content":{"rendered":"<p>[et_pb_section fb_built=&#8221;1&#8243; admin_label=&#8221;Home&#8221; module_id=&#8221;Home&#8221; _builder_version=&#8221;4.23.4&#8243; _module_preset=&#8221;default&#8221; background_image=&#8221;https:\/\/moradadastradicoes.com.br\/totemtalentos\/wp-content\/uploads\/2024\/06\/pordosol.jpg&#8221; custom_padding=&#8221;10vw||200px||false|false&#8221; background_last_edited=&#8221;on|phone&#8221; collapsed=&#8221;on&#8221; global_colors_info=&#8221;{}&#8221;][et_pb_row _builder_version=&#8221;4.20.0&#8243; _module_preset=&#8221;default&#8221; global_colors_info=&#8221;{}&#8221;][et_pb_column type=&#8221;4_4&#8243; _builder_version=&#8221;4.20.0&#8243; _module_preset=&#8221;default&#8221; global_colors_info=&#8221;{}&#8221;][et_pb_text content_tablet=&#8221;<\/p>\n<h1>Os Talentos como Caminhos da Vida<\/h1>\n<p>&#8221; content_phone=&#8221;<\/p>\n<h1 style=%22text-align: center;%22>Os Talentos como Caminhos da Vida<\/h1>\n<p>&#8221; content_last_edited=&#8221;on|phone&#8221; _builder_version=&#8221;4.25.1&#8243; _module_preset=&#8221;_initial&#8221; header_text_color=&#8221;#FFFFFF&#8221; header_font_size=&#8221;58px&#8221; header_letter_spacing=&#8221;2px&#8221; background_layout=&#8221;dark&#8221; global_colors_info=&#8221;{}&#8221;]<\/p>\n<h1>Os Talentos como Caminhos da Vida<\/h1>\n<p>[\/et_pb_text][\/et_pb_column][\/et_pb_row][\/et_pb_section][et_pb_section fb_built=&#8221;1&#8243; admin_label=&#8221;Sobre&#8221; module_id=&#8221;Sobre&#8221; _builder_version=&#8221;4.25.1&#8243; _module_preset=&#8221;default&#8221; background_color=&#8221;RGBA(255,255,255,0)&#8221; custom_padding=&#8221;0px||||false|false&#8221; collapsed=&#8221;on&#8221; global_colors_info=&#8221;{}&#8221;][et_pb_row column_structure=&#8221;2_5,3_5&#8243; custom_padding_last_edited=&#8221;on|phone&#8221; _builder_version=&#8221;4.25.1&#8243; _module_preset=&#8221;default&#8221; background_color=&#8221;#D6D6D6&#8243; background_enable_pattern_style=&#8221;on&#8221; background_pattern_style=&#8221;diagonal-stripes-2&#8243; custom_margin=&#8221;-148px||||false|false&#8221; custom_padding=&#8221;50px|50px|50px|50px|true|true&#8221; custom_padding_tablet=&#8221;30px|30px|30px|30px|true|true&#8221; custom_padding_phone=&#8221;||||false|false&#8221; border_radii=&#8221;off|6vw|||&#8221; border_radii_last_edited=&#8221;off|desktop&#8221; box_shadow_style=&#8221;preset3&#8243; global_colors_info=&#8221;{}&#8221;][et_pb_column type=&#8221;2_5&#8243; _builder_version=&#8221;4.20.0&#8243; _module_preset=&#8221;default&#8221; global_colors_info=&#8221;{}&#8221;][et_pb_video src=&#8221;https:\/\/drive.google.com\/file\/d\/1ae6eYwBejwS9M2aA3onN-F31LXnaVSyD\/view?usp=drive_link&#8221; _builder_version=&#8221;4.27.4&#8243; _module_preset=&#8221;default&#8221; custom_margin=&#8221;20px||||false|false&#8221; custom_padding=&#8221;25px||25px||true|false&#8221; hover_enabled=&#8221;0&#8243; box_shadow_style=&#8221;preset1&#8243; global_colors_info=&#8221;{}&#8221; sticky_enabled=&#8221;0&#8243;][\/et_pb_video][\/et_pb_column][et_pb_column type=&#8221;3_5&#8243; _builder_version=&#8221;4.25.1&#8243; _module_preset=&#8221;default&#8221; background_color=&#8221;#d6d6d6&#8243; border_radii=&#8221;off|55px|||55px&#8221; box_shadow_style=&#8221;preset1&#8243; global_colors_info=&#8221;{}&#8221;][et_pb_toggle title=&#8221;Nossa Hist\u00f3rica&#8221; open_toggle_text_color=&#8221;#000000&#8243; open_toggle_background_color=&#8221;RGBA(255,255,255,0)&#8221; closed_toggle_text_color=&#8221;#000000&#8243; closed_toggle_background_color=&#8221;RGBA(255,255,255,0)&#8221; icon_color=&#8221;#000000&#8243; toggle_icon=&#8221;&#x4c;||divi||400&#8243; use_icon_font_size=&#8221;on&#8221; icon_font_size=&#8221;32px&#8221; open_icon_color=&#8221;#000000&#8243; open_toggle_icon=&#8221;&#x4b;||divi||400&#8243; open_use_icon_font_size=&#8221;on&#8221; open_icon_font_size=&#8221;64px&#8221; icon_font_size_tablet=&#8221;&#8221; icon_font_size_phone=&#8221;32px&#8221; icon_font_size_last_edited=&#8221;on|phone&#8221; open_icon_font_size_tablet=&#8221;&#8221; open_icon_font_size_phone=&#8221;32px&#8221; open_icon_font_size_last_edited=&#8221;on|desktop&#8221; _builder_version=&#8221;4.25.1&#8243; _module_preset=&#8221;_initial&#8221; title_text_color=&#8221;#000000&#8243; title_font=&#8221;Lora||||||||&#8221; title_font_size=&#8221;32px&#8221; body_font=&#8221;Work Sans|500|||||||&#8221; body_text_color=&#8221;#FFFFFF&#8221; custom_margin=&#8221;|15px||15px|false|true&#8221; custom_padding=&#8221;|0px||0px|false|true&#8221; title_font_size_tablet=&#8221;24px&#8221; title_font_size_phone=&#8221;18px&#8221; title_font_size_last_edited=&#8221;on|desktop&#8221; border_radii=&#8221;off|25px|||25px&#8221; border_width_all=&#8221;0px&#8221; border_width_bottom=&#8221;1px&#8221; border_color_bottom=&#8221;#000000&#8243; global_colors_info=&#8221;{}&#8221;]<\/p>\n<p align=\"justify\"><span style=\"color: #000000;\">A palavra\u00a0<b>TOTEM<\/b>\u00a0para as tradi\u00e7\u00f5es ind\u00edgenas ou tamb\u00e9m conhecidos como filhos da terra, significa a representa\u00e7\u00e3o dos valores essenciais que est\u00e3o contidos em suas tribos ou comunidades, e que alicer\u00e7am todas as a\u00e7\u00f5es na vida.<\/span><\/p>\n<p align=\"justify\"><span style=\"color: #000000;\">Nos inspiramos nessa cultura, para oferecer formas de reconhecer e estimular as potencialidades pessoais nos complexos processos da vida.<\/span><\/p>\n<p align=\"justify\"><span style=\"color: #000000;\">Da uni\u00e3o de experi\u00eancias e de esfor\u00e7os acad\u00eamicos surgiu a\u00a0<b>TOTEM Talentos,<\/b>\u00a0que se dedica ao estudo de identifica\u00e7\u00e3o e acompanhamento dos talentos ou valores essenciais de uma pessoa, como tamb\u00e9m numa organiza\u00e7\u00e3o do trabalho. Nas\u00a0<b>consultorias organizacionais<\/b>, identificamos o potencial cultural da empresa e elaboramos planos estrat\u00e9gicos espec\u00edficos para o sucesso sustent\u00e1vel desejado. Nos\u00a0<b>treinamentos com grupos<\/b>, nos ocupamos com o reconhecimento das potencialidades individuais e coletivas, fortalecendo assim a consci\u00eancia de cidadania dos participantes. Em\u00a0<b>processos individuais<\/b>, procuramos identificar e inspirar os talentos pessoais, para que sejam direcionados na qualifica\u00e7\u00e3o e sustenta\u00e7\u00e3o da qualidade de vida em harmonia.\u00a0<b>O que oferecemos como trabalho \u00e9 tamb\u00e9m e especialmente o nosso prop\u00f3sito de vida.<\/b><\/span><\/p>\n<p>[\/et_pb_toggle][et_pb_toggle title=&#8221;Miss\u00e3o, Vis\u00e3o e Valores&#8221; open_toggle_text_color=&#8221;#000000&#8243; open_toggle_background_color=&#8221;RGBA(255,255,255,0)&#8221; closed_toggle_background_color=&#8221;RGBA(255,255,255,0)&#8221; icon_color=&#8221;#000000&#8243; toggle_icon=&#8221;&#x4c;||divi||400&#8243; use_icon_font_size=&#8221;on&#8221; icon_font_size=&#8221;32px&#8221; open_icon_color=&#8221;#000000&#8243; open_toggle_icon=&#8221;&#x4b;||divi||400&#8243; open_use_icon_font_size=&#8221;on&#8221; open_icon_font_size=&#8221;64px&#8221; icon_font_size_tablet=&#8221;&#8221; icon_font_size_phone=&#8221;32px&#8221; icon_font_size_last_edited=&#8221;on|phone&#8221; open_icon_font_size_tablet=&#8221;&#8221; open_icon_font_size_phone=&#8221;32px&#8221; open_icon_font_size_last_edited=&#8221;on|desktop&#8221; _builder_version=&#8221;4.25.1&#8243; _module_preset=&#8221;_initial&#8221; title_text_color=&#8221;#000000&#8243; title_font=&#8221;Lora||||||||&#8221; title_font_size=&#8221;32px&#8221; body_font=&#8221;Work Sans|500|||||||&#8221; body_text_color=&#8221;#000000&#8243; custom_margin=&#8221;|15px||15px|false|true&#8221; custom_padding=&#8221;|0px||0px|false|true&#8221; title_font_size_tablet=&#8221;24px&#8221; title_font_size_phone=&#8221;18px&#8221; title_font_size_last_edited=&#8221;on|desktop&#8221; border_radii=&#8221;off|25px|||25px&#8221; border_width_all=&#8221;0px&#8221; border_width_bottom=&#8221;1px&#8221; border_color_bottom=&#8221;#000000&#8243; global_colors_info=&#8221;{}&#8221;]<\/p>\n<p>Miss\u00e3o \u2013 Oferecer produtos e servi\u00e7os de alta qualidade em identifica\u00e7\u00e3o, desenvolvimento, estrat\u00e9gias e gest\u00e3o de talentos organizacionais.<span>\u00a0<\/span><\/p>\n<p>Vis\u00e3o \u2013 Gerar satisfa\u00e7\u00e3o e resultados relevantes em todas as dimens\u00f5es dos trabalhos realizados juntos aos nossos clientes.<span>\u00a0<\/span><\/p>\n<p>Valores \u2013 Alteridade, Compromisso Social, Excel\u00eancia, Integridade s\u00e3o alguns dos valores que integram nossos trabalhos.<span>\u00a0<\/span><\/p>\n<p>[\/et_pb_toggle][et_pb_toggle title=&#8221;Consultoria&#8221; open_toggle_text_color=&#8221;#000000&#8243; open_toggle_background_color=&#8221;RGBA(255,255,255,0)&#8221; closed_toggle_text_color=&#8221;#000000&#8243; closed_toggle_background_color=&#8221;RGBA(255,255,255,0)&#8221; icon_color=&#8221;#000000&#8243; toggle_icon=&#8221;&#x4c;||divi||400&#8243; use_icon_font_size=&#8221;on&#8221; icon_font_size=&#8221;32px&#8221; open_icon_color=&#8221;#FFFFFF&#8221; open_toggle_icon=&#8221;&#x4b;||divi||400&#8243; open_use_icon_font_size=&#8221;on&#8221; open_icon_font_size=&#8221;64px&#8221; icon_font_size_tablet=&#8221;&#8221; icon_font_size_phone=&#8221;32px&#8221; icon_font_size_last_edited=&#8221;on|phone&#8221; open_icon_font_size_tablet=&#8221;&#8221; open_icon_font_size_phone=&#8221;32px&#8221; open_icon_font_size_last_edited=&#8221;on|desktop&#8221; _builder_version=&#8221;4.25.1&#8243; _module_preset=&#8221;_initial&#8221; title_text_color=&#8221;#000000&#8243; title_font=&#8221;Lora||||||||&#8221; title_font_size=&#8221;32px&#8221; body_font=&#8221;Work Sans|500|||||||&#8221; body_text_color=&#8221;#000000&#8243; custom_margin=&#8221;|15px||15px|false|true&#8221; custom_padding=&#8221;|0px||0px|false|true&#8221; title_font_size_tablet=&#8221;24px&#8221; title_font_size_phone=&#8221;18px&#8221; title_font_size_last_edited=&#8221;on|desktop&#8221; border_radii=&#8221;off|25px|||25px&#8221; border_width_all=&#8221;0px&#8221; border_width_bottom=&#8221;1px&#8221; border_color_bottom=&#8221;#000000&#8243; global_colors_info=&#8221;{}&#8221;]<\/p>\n<div id=\"ultimate-heading-82495b8a3ee08aaa2\" class=\"uvc-heading ultimate-heading-82495b8a3ee08aaa2 uvc-2492 \" data-hspacer=\"line_only\" data-halign=\"left\">\n<div class=\"uvc-sub-heading ult-responsive\" data-ultimate-target=\".uvc-heading.ultimate-heading-82495b8a3ee08aaa2 .uvc-sub-heading \" data-responsive-json-new=\"{&quot;font-size&quot;:&quot;&quot;,&quot;line-height&quot;:&quot;&quot;}\">Nossa consultoria preza por um atendimento em elevados padr\u00f5es \u00e9ticos e profissionais, conforme nossos princ\u00edpios da qualidade:<\/div>\n<p>&nbsp;<\/p>\n<\/div>\n<div class=\"wpb_text_column wpb_content_element \">\n<div class=\"wpb_wrapper\">\n<ul>\n<li>compreender o conceito de qualidade de acordo como a vis\u00e3o e os valores dos nossos clientes;<\/li>\n<li>garantir e manter a credibilidade e confiabilidade de nossos produtos e servi\u00e7os em padr\u00e3o de excel\u00eancia, por meio de um atendimento transdiciplinar;<\/li>\n<li>planejar e agir de forma objetiva e coerente em benef\u00edcio de nossos clientes;<\/li>\n<li>manter a qualidade dos servi\u00e7os durante todo o processo;<\/li>\n<li>avaliar constantemente o andamento e resultados do trabalho;<\/li>\n<li>garantir a confidencialidade e respeito a nossos clientes<\/li>\n<\/ul>\n<\/div>\n<\/div>\n<p>[\/et_pb_toggle][\/et_pb_column][\/et_pb_row][\/et_pb_section][et_pb_section fb_built=&#8221;1&#8243; admin_label=&#8221;Servicos&#8221; module_id=&#8221;Servicos&#8221; _builder_version=&#8221;4.25.1&#8243; _module_preset=&#8221;default&#8221; background_color=&#8221;#d6d6d6&#8243; background_enable_pattern_style=&#8221;on&#8221; background_pattern_style=&#8221;diagonal-stripes-2&#8243; collapsed=&#8221;on&#8221; global_colors_info=&#8221;{}&#8221;][et_pb_row _builder_version=&#8221;4.20.0&#8243; _module_preset=&#8221;default&#8221; global_colors_info=&#8221;{}&#8221;][et_pb_column type=&#8221;4_4&#8243; _builder_version=&#8221;4.20.0&#8243; _module_preset=&#8221;default&#8221; global_colors_info=&#8221;{}&#8221;][et_pb_text _builder_version=&#8221;4.25.1&#8243; _module_preset=&#8221;_initial&#8221; header_3_text_align=&#8221;center&#8221; header_3_font_size=&#8221;39px&#8221; global_colors_info=&#8221;{}&#8221;]<\/p>\n<h3 style=\"text-align: center;\">Servi\u00e7os<\/h3>\n<p>[\/et_pb_text][\/et_pb_column][\/et_pb_row][et_pb_row column_structure=&#8221;1_2,1_2&#8243; use_custom_gutter=&#8221;on&#8221; gutter_width=&#8221;1&#8243; make_equal=&#8221;on&#8221; _builder_version=&#8221;4.25.1&#8243; _module_preset=&#8221;default&#8221; background_color=&#8221;#d6d6d6&#8243; custom_padding=&#8221;0px||0px||false|false&#8221; global_colors_info=&#8221;{}&#8221;][et_pb_column type=&#8221;1_2&#8243; _builder_version=&#8221;4.25.1&#8243; _module_preset=&#8221;default&#8221; custom_padding=&#8221;40px|40px|40px|40px|true|true&#8221; custom_padding_tablet=&#8221;30px|30px|30px|30px|true|true&#8221; custom_padding_phone=&#8221;20px|20px|20px|20px|true|true&#8221; custom_padding_last_edited=&#8221;on|phone&#8221; border_radii=&#8221;on|17px|17px|17px|17px&#8221; border_width_all=&#8221;1px&#8221; border_color_all=&#8221;gcid-a98e4de7-9914-4c7d-a8d3-981528735fdb&#8221; box_shadow_style=&#8221;preset2&#8243; global_colors_info=&#8221;{%22gcid-a98e4de7-9914-4c7d-a8d3-981528735fdb%22:%91%22border_color_all%22%93}&#8221;][et_pb_blurb title=&#8221;Estudo de Logomarcas&#8221; use_icon=&#8221;on&#8221; font_icon=&#8221;&#xf2a2;||fa||900&#8243; icon_color=&#8221;#E02B20&#8243; image_icon_width=&#8221;55px&#8221; _builder_version=&#8221;4.23.4&#8243; _module_preset=&#8221;_initial&#8221; header_font=&#8221;|700|||||||&#8221; header_text_align=&#8221;center&#8221; header_font_size=&#8221;18px&#8221; body_font_size=&#8221;16px&#8221; body_line_height=&#8221;2em&#8221; global_colors_info=&#8221;{}&#8221;]<\/p>\n<div class=\"aio-icon-component  vc_custom_1535797499369  accent-icon-color accent-border-color style_1\">\n<div id=\"Info-box-wrap-3478\" class=\"aio-icon-box top-icon\">\n<div class=\"aio-icon-description ult-responsive\" data-ultimate-target=\"#Info-box-wrap-3478 .aio-icon-description\" data-responsive-json-new=\"{&quot;font-size&quot;:&quot;&quot;,&quot;line-height&quot;:&quot;&quot;}\">\n<p style=\"text-align: justify;\">A logomarca \u00e9 a identidade de uma empresa. \u00c9 o Totem da empresa, que expressa as caracter\u00edsticas e sonhos de seu fundador e gestores. Sendo assim, \u00e9 de vital import\u00e2ncia que a logomarca de uma empresa<\/p>\n<\/div>\n<\/div>\n<\/div>\n<p>[\/et_pb_blurb][et_pb_text _builder_version=&#8221;4.23.4&#8243; _module_preset=&#8221;_initial&#8221; custom_margin=&#8221;45px||||false|false&#8221; custom_margin_tablet=&#8221;30px||||false|false&#8221; custom_margin_phone=&#8221;0px||||false|false&#8221; custom_margin_last_edited=&#8221;on|phone&#8221; custom_padding=&#8221;||||true|false&#8221; global_colors_info=&#8221;{}&#8221;]<\/p>\n<h3 class=\"aio-icon-title ult-responsive\" data-ultimate-target=\"#Info-box-wrap-1914 .aio-icon-title\" data-responsive-json-new=\"{&quot;font-size&quot;:&quot;desktop:24px;&quot;,&quot;line-height&quot;:&quot;desktop:34px;&quot;}\" style=\"text-align: center;\"><strong><a href=\"http:\/\/api.whatsapp.com\/send?1=pt_BR&amp;phone=554899691893\" target=\"_blank\" rel=\"noopener\"><span style=\"color: #d11111;\"><span style=\"font-size: 16px;\"><i>Entre em Contato<\/i><\/span><\/span><\/a><\/strong><\/h3>\n<p>[\/et_pb_text][\/et_pb_column][et_pb_column type=&#8221;1_2&#8243; _builder_version=&#8221;4.25.1&#8243; _module_preset=&#8221;default&#8221; custom_padding=&#8221;40px|40px|40px|40px|true|true&#8221; custom_padding_tablet=&#8221;30px|30px|30px|30px|true|true&#8221; custom_padding_phone=&#8221;20px|20px|20px|20px|true|true&#8221; custom_padding_last_edited=&#8221;on|phone&#8221; border_radii=&#8221;on|17px|17px|17px|17px&#8221; border_width_all=&#8221;1px&#8221; border_color_all=&#8221;gcid-a98e4de7-9914-4c7d-a8d3-981528735fdb&#8221; box_shadow_style=&#8221;preset1&#8243; global_colors_info=&#8221;{%22gcid-a98e4de7-9914-4c7d-a8d3-981528735fdb%22:%91%22border_color_all%22%93}&#8221;][et_pb_blurb title=&#8221;Palestras e Cursos&#8221; use_icon=&#8221;on&#8221; font_icon=&#8221;&#xf0a1;||fa||900&#8243; icon_color=&#8221;#E02B20&#8243; image_icon_background_color=&#8221;RGBA(255,255,255,0)&#8221; image_icon_width=&#8221;55px&#8221; _builder_version=&#8221;4.23.4&#8243; _module_preset=&#8221;_initial&#8221; header_font=&#8221;|700|||||||&#8221; header_text_align=&#8221;center&#8221; header_font_size=&#8221;18px&#8221; body_font_size=&#8221;16px&#8221; body_line_height=&#8221;2em&#8221; global_colors_info=&#8221;{}&#8221;]<\/p>\n<p style=\"text-align: justify;\"><span><\/span><\/p>\n<p style=\"text-align: justify;\"><span>A transmiss\u00e3o do conhecimento e a implanta\u00e7\u00e3o de novas metodologias de produ\u00e7\u00e3o do trabalho, recebem grande impacto quando apresentados por palestras e cursos, gerando maior efetividade nas a\u00e7\u00f5es espec\u00edficas e direcionando os objetivos gerais.<\/span><\/p>\n<p>[\/et_pb_blurb][et_pb_text _builder_version=&#8221;4.23.4&#8243; _module_preset=&#8221;_initial&#8221; custom_margin=&#8221;15px||||false|false&#8221; custom_padding=&#8221;||||true|false&#8221; global_colors_info=&#8221;{}&#8221;]<\/p>\n<h3 class=\"aio-icon-title ult-responsive\" data-ultimate-target=\"#Info-box-wrap-1914 .aio-icon-title\" data-responsive-json-new=\"{&quot;font-size&quot;:&quot;desktop:24px;&quot;,&quot;line-height&quot;:&quot;desktop:34px;&quot;}\" style=\"text-align: center;\"><strong><a href=\"http:\/\/api.whatsapp.com\/send?1=pt_BR&amp;phone=5548999420768\" target=\"_blank\" rel=\"noopener\"><span style=\"font-size: 16px;\"><i><span style=\"color: #d11111;\">Entre em Contato<\/span><\/i><\/span><\/a><\/strong><\/h3>\n<p>[\/et_pb_text][\/et_pb_column][\/et_pb_row][et_pb_row column_structure=&#8221;1_2,1_2&#8243; use_custom_gutter=&#8221;on&#8221; gutter_width=&#8221;1&#8243; make_equal=&#8221;on&#8221; _builder_version=&#8221;4.25.1&#8243; _module_preset=&#8221;default&#8221; background_color=&#8221;#d6d6d6&#8243; custom_padding=&#8221;0px||0px||false|false&#8221; global_colors_info=&#8221;{}&#8221;][et_pb_column type=&#8221;1_2&#8243; _builder_version=&#8221;4.25.1&#8243; _module_preset=&#8221;default&#8221; custom_padding=&#8221;40px|40px|40px|40px|true|true&#8221; custom_padding_tablet=&#8221;30px|30px|30px|30px|true|true&#8221; custom_padding_phone=&#8221;20px|20px|20px|20px|true|true&#8221; custom_padding_last_edited=&#8221;on|phone&#8221; border_radii=&#8221;on|17px|17px|17px|17px&#8221; border_width_all=&#8221;1px&#8221; border_color_all=&#8221;gcid-a98e4de7-9914-4c7d-a8d3-981528735fdb&#8221; box_shadow_style=&#8221;preset2&#8243; global_colors_info=&#8221;{%22gcid-a98e4de7-9914-4c7d-a8d3-981528735fdb%22:%91%22border_color_all%22%93}&#8221;][et_pb_blurb title=&#8221;Atendimento Personalizado \/ Mentoring Profissional&#8221; use_icon=&#8221;on&#8221; font_icon=&#8221;&#xf51c;||fa||900&#8243; icon_color=&#8221;#E02B20&#8243; image_icon_background_color=&#8221;RGBA(255,255,255,0)&#8221; image_icon_width=&#8221;55px&#8221; _builder_version=&#8221;4.23.4&#8243; _module_preset=&#8221;2ea03fe1-1ae8-42f7-9971-06a31c46b5f2&#8243; header_font=&#8221;|700|||||||&#8221; header_text_align=&#8221;center&#8221; header_font_size=&#8221;18px&#8221; header_line_height=&#8221;1.6em&#8221; body_font_size=&#8221;16px&#8221; locked=&#8221;off&#8221; global_colors_info=&#8221;{}&#8221;]<\/p>\n<div class=\"aio-icon-component  vc_custom_1535797943736  accent-icon-color accent-border-color style_1\">\n<div id=\"Info-box-wrap-6442\" class=\"aio-icon-box top-icon\">\n<div class=\"aio-icon-description ult-responsive\" data-ultimate-target=\"#Info-box-wrap-6442 .aio-icon-description\" data-responsive-json-new=\"{&quot;font-size&quot;:&quot;&quot;,&quot;line-height&quot;:&quot;&quot;}\">\n<p style=\"text-align: justify;\"><strong><\/strong><\/p>\n<p style=\"text-align: justify;\"><span>Realizamos consultas personalizadas para orienta\u00e7\u00f5es e tomada de decis\u00f5es empresariais ou pessoais, levando em considera\u00e7\u00e3o os talentos de cada pessoa, bem como a cultura em que est\u00e1 inserido na organiza\u00e7\u00e3o do trabalho.<\/span><\/p>\n<\/div>\n<\/div>\n<\/div>\n<p>[\/et_pb_blurb][et_pb_text _builder_version=&#8221;4.23.4&#8243; _module_preset=&#8221;_initial&#8221; custom_margin=&#8221;25px||||false|false&#8221; custom_margin_tablet=&#8221;30px||||false|false&#8221; custom_margin_phone=&#8221;0px||||false|false&#8221; custom_margin_last_edited=&#8221;on|phone&#8221; custom_padding=&#8221;||||true|false&#8221; global_colors_info=&#8221;{}&#8221;]<\/p>\n<h3 class=\"aio-icon-title ult-responsive\" data-ultimate-target=\"#Info-box-wrap-1914 .aio-icon-title\" data-responsive-json-new=\"{&quot;font-size&quot;:&quot;desktop:24px;&quot;,&quot;line-height&quot;:&quot;desktop:34px;&quot;}\" style=\"text-align: center;\"><strong><a href=\"http:\/\/api.whatsapp.com\/send?1=pt_BR&amp;phone=554899691893\" target=\"_blank\" rel=\"noopener\"><span style=\"color: #d11111;\"><span style=\"font-size: 16px;\"><i>Entre em Contato<\/i><\/span><\/span><\/a><\/strong><\/h3>\n<p>[\/et_pb_text][\/et_pb_column][et_pb_column type=&#8221;1_2&#8243; _builder_version=&#8221;4.25.1&#8243; _module_preset=&#8221;default&#8221; custom_padding=&#8221;40px|40px|40px|40px|true|true&#8221; custom_padding_tablet=&#8221;30px|30px|30px|30px|true|true&#8221; custom_padding_phone=&#8221;20px|20px|20px|20px|true|true&#8221; custom_padding_last_edited=&#8221;on|phone&#8221; border_radii=&#8221;on|17px|17px|17px|17px&#8221; border_width_all=&#8221;1px&#8221; border_color_all=&#8221;gcid-a98e4de7-9914-4c7d-a8d3-981528735fdb&#8221; box_shadow_style=&#8221;preset1&#8243; global_colors_info=&#8221;{%22gcid-a98e4de7-9914-4c7d-a8d3-981528735fdb%22:%91%22border_color_all%22%93}&#8221;][et_pb_blurb title=&#8221;Consultoria em Gest\u00e3o Estrat\u00e9gica e Organizacional&#8221; use_icon=&#8221;on&#8221; font_icon=&#8221;&#xf2b5;||fa||400&#8243; icon_color=&#8221;#E02B20&#8243; image_icon_background_color=&#8221;RGBA(255,255,255,0)&#8221; image_icon_width=&#8221;55px&#8221; _builder_version=&#8221;4.23.4&#8243; _module_preset=&#8221;2ea03fe1-1ae8-42f7-9971-06a31c46b5f2&#8243; header_font=&#8221;|700|||||||&#8221; header_text_align=&#8221;center&#8221; header_font_size=&#8221;18px&#8221; header_line_height=&#8221;1.6em&#8221; body_font_size=&#8221;16px&#8221; locked=&#8221;off&#8221; global_colors_info=&#8221;{}&#8221;]<\/p>\n<div class=\"aio-icon-component  vc_custom_1535797499369  accent-icon-color accent-border-color style_1\">\n<div id=\"Info-box-wrap-3478\" class=\"aio-icon-box top-icon\">\n<div class=\"aio-icon-description ult-responsive\" data-ultimate-target=\"#Info-box-wrap-3478 .aio-icon-description\" data-responsive-json-new=\"{&quot;font-size&quot;:&quot;&quot;,&quot;line-height&quot;:&quot;&quot;}\">\n<p style=\"text-align: justify;\"><span><\/span><\/p>\n<p style=\"text-align: justify;\"><span>Com uma metodologia pr\u00f3pria, a TOTEM Talentos, promove o levantamento dos dados e informa\u00e7\u00f5es da organiza\u00e7\u00e3o e transforma tudo isso em conhecimento pr\u00e1tico, aplic\u00e1vel e projetado no tempo para sua execu\u00e7\u00e3o e acompanhamento.<\/span><\/p>\n<\/div>\n<\/div>\n<\/div>\n<p>[\/et_pb_blurb][et_pb_text _builder_version=&#8221;4.23.4&#8243; _module_preset=&#8221;_initial&#8221; custom_margin=&#8221;25px||||false|false&#8221; custom_padding=&#8221;||||true|false&#8221; global_colors_info=&#8221;{}&#8221;]<\/p>\n<h3 class=\"aio-icon-title ult-responsive\" data-ultimate-target=\"#Info-box-wrap-1914 .aio-icon-title\" data-responsive-json-new=\"{&quot;font-size&quot;:&quot;desktop:24px;&quot;,&quot;line-height&quot;:&quot;desktop:34px;&quot;}\" style=\"text-align: center;\"><strong><a href=\"http:\/\/api.whatsapp.com\/send?1=pt_BR&amp;phone=5548999420768\" target=\"_blank\" rel=\"noopener\"><span style=\"font-size: 16px;\"><i><span style=\"color: #d11111;\">Entre em Contato<\/span><\/i><\/span><\/a><\/strong><\/h3>\n<p>[\/et_pb_text][\/et_pb_column][\/et_pb_row][\/et_pb_section][et_pb_section fb_built=&#8221;1&#8243; disabled_on=&#8221;off|on|on&#8221; admin_label=&#8221;Consultoresap&#8221; module_id=&#8221;Consultoresap&#8221; _builder_version=&#8221;4.23.4&#8243; _module_preset=&#8221;default&#8221; background_enable_pattern_style=&#8221;on&#8221; background_pattern_style=&#8221;diagonal-stripes-2&#8243; box_shadow_style=&#8221;preset1&#8243; collapsed=&#8221;on&#8221; global_colors_info=&#8221;{}&#8221;][et_pb_row _builder_version=&#8221;4.25.1&#8243; _module_preset=&#8221;default&#8221; global_colors_info=&#8221;{}&#8221;][et_pb_column type=&#8221;4_4&#8243; _builder_version=&#8221;4.25.1&#8243; _module_preset=&#8221;default&#8221; global_colors_info=&#8221;{}&#8221;][et_pb_text _builder_version=&#8221;4.25.1&#8243; _module_preset=&#8221;_initial&#8221; header_3_text_align=&#8221;center&#8221; header_3_font_size=&#8221;39px&#8221; global_colors_info=&#8221;{}&#8221;]<\/p>\n<h3 style=\"text-align: center;\">Consultores<\/h3>\n<p>[\/et_pb_text][\/et_pb_column][\/et_pb_row][et_pb_row _builder_version=&#8221;4.25.1&#8243; _module_preset=&#8221;default&#8221; background_color=&#8221;#d6d6d6&#8243; global_colors_info=&#8221;{}&#8221;][et_pb_column type=&#8221;4_4&#8243; _builder_version=&#8221;4.20.0&#8243; _module_preset=&#8221;default&#8221; global_colors_info=&#8221;{}&#8221;][et_pb_image src=&#8221;https:\/\/moradadastradicoes.com.br\/totemtalentos\/wp-content\/uploads\/2024\/05\/co-working-13b.png&#8221; title_text=&#8221;Juarez-800&#8243; _builder_version=&#8221;4.25.1&#8243; _module_preset=&#8221;default&#8221; background_image=&#8221;https:\/\/moradadastradicoes.com.br\/totemtalentos\/wp-content\/uploads\/2024\/06\/Juarez-800-1.jpg&#8221; global_colors_info=&#8221;{}&#8221;][\/et_pb_image][et_pb_text _builder_version=&#8221;4.25.1&#8243; _module_preset=&#8221;_initial&#8221; text_font_size=&#8221;17px&#8221; text_line_height=&#8221;1.8em&#8221; custom_margin=&#8221;|||21px|false|false&#8221; global_colors_info=&#8221;{}&#8221;]<\/p>\n<div class=\"wpb_column vc_column_container vc_col-sm-3\">\n<div class=\"vc_column-inner \">\n<div class=\"wpb_wrapper\">\n<div class=\"wpb_text_column wpb_content_element \">\n<div class=\"wpb_wrapper\">\n<div class=\"uvc-main-heading ult-responsive\" data-ultimate-target=\".uvc-heading.ultimate-heading-55935b8c80a8e0d38 h2\" data-responsive-json-new=\"{&quot;font-size&quot;:&quot;desktop:40px;&quot;,&quot;line-height&quot;:&quot;&quot;}\">\n<p><strong>Juarez Gurdjieff<\/strong><\/p>\n<\/div>\n<div class=\"uvc-sub-heading ult-responsive\" data-ultimate-target=\".uvc-heading.ultimate-heading-55935b8c80a8e0d38 .uvc-sub-heading \" data-responsive-json-new=\"{&quot;font-size&quot;:&quot;desktop:17px;&quot;,&quot;line-height&quot;:&quot;desktop:25px;&quot;}\">\n<p><strong>Consultor S\u00eanior<\/strong><\/p>\n<p><strong><\/strong><\/p>\n<\/div>\n<\/div>\n<\/div>\n<\/div>\n<\/div>\n<\/div>\n<p>[\/et_pb_text][et_pb_text _builder_version=&#8221;4.25.1&#8243; _module_preset=&#8221;_initial&#8221; text_line_height=&#8221;1.8em&#8221; custom_margin=&#8221;-45px|||21px|false|false&#8221; global_colors_info=&#8221;{}&#8221;]<\/p>\n<div class=\"wpb_column vc_column_container vc_col-sm-3\">\n<div class=\"vc_column-inner \">\n<div class=\"wpb_wrapper\">\n<div class=\"wpb_text_column wpb_content_element \">\n<div class=\"wpb_wrapper\">\n<div class=\"uvc-main-heading ult-responsive\" data-ultimate-target=\".uvc-heading.ultimate-heading-55935b8c80a8e0d38 h2\" data-responsive-json-new=\"{&quot;font-size&quot;:&quot;desktop:40px;&quot;,&quot;line-height&quot;:&quot;&quot;}\"><\/div>\n<div class=\"uvc-sub-heading ult-responsive\" data-ultimate-target=\".uvc-heading.ultimate-heading-55935b8c80a8e0d38 .uvc-sub-heading \" data-responsive-json-new=\"{&quot;font-size&quot;:&quot;desktop:17px;&quot;,&quot;line-height&quot;:&quot;desktop:25px;&quot;}\">\n<p><strong><a href=\"http:\/\/187.93.113.74:8080\/siscafweb\/carregaConselho.do?tipoAcesso=4&amp;s=1&amp;tipoConsulta=pf&amp;controle=0&amp;sigla=crpsp&amp;ini=1\" target=\"_blank\" rel=\"noopener\">CRP 08\/08156<\/a><\/strong><\/p>\n<p><strong><\/strong><\/p>\n<\/div>\n<\/div>\n<\/div>\n<\/div>\n<\/div>\n<\/div>\n<p>[\/et_pb_text][et_pb_text _builder_version=&#8221;4.23.4&#8243; _module_preset=&#8221;_initial&#8221; custom_margin=&#8221;|||21px|false|false&#8221; global_colors_info=&#8221;{}&#8221;]<\/p>\n<ul>\n<li>Doutorando em Educa\u00e7\u00e3o;<\/li>\n<li>Mestrado em Organiza\u00e7\u00f5es e Desenvolvimento;<\/li>\n<li>Mestre em Teologia;<\/li>\n<li>Especialista em Psicologia das Organiza\u00e7\u00f5es e do Trabalho;<\/li>\n<li>Especialista em Gest\u00e3o de Pessoas;<\/li>\n<li>Especialista em Psicologia Anal\u00edtica;<\/li>\n<\/ul>\n<p><strong>Consultor | Mentoring | Escritor | Professor Universit\u00e1rio<\/strong><\/p>\n<p>[\/et_pb_text][et_pb_button button_url=&#8221;https:\/\/buscatextual.cnpq.br\/buscatextual\/visualizacv.do?id=K4232607A3&#8243; url_new_window=&#8221;on&#8221; button_text=&#8221;Download CV&#8221; button_alignment=&#8221;center&#8221; _builder_version=&#8221;4.23.4&#8243; _module_preset=&#8221;_initial&#8221; custom_button=&#8221;on&#8221; button_bg_color=&#8221;#FFFFFF&#8221; button_border_radius=&#8221;16px&#8221; global_colors_info=&#8221;{}&#8221;][\/et_pb_button][\/et_pb_column][\/et_pb_row][\/et_pb_section][et_pb_section fb_built=&#8221;1&#8243; disabled_on=&#8221;on|on|off&#8221; admin_label=&#8221;Consultores&#8221; module_id=&#8221;Consultores&#8221; _builder_version=&#8221;4.23.4&#8243; _module_preset=&#8221;default&#8221; background_color=&#8221;#d6d6d6&#8243; background_enable_pattern_style=&#8221;on&#8221; background_pattern_style=&#8221;diagonal-stripes-2&#8243; box_shadow_style=&#8221;preset1&#8243; collapsed=&#8221;on&#8221; global_colors_info=&#8221;{}&#8221;][et_pb_row _builder_version=&#8221;4.25.1&#8243; _module_preset=&#8221;default&#8221; global_colors_info=&#8221;{}&#8221;][et_pb_column type=&#8221;4_4&#8243; _builder_version=&#8221;4.25.1&#8243; _module_preset=&#8221;default&#8221; global_colors_info=&#8221;{}&#8221;][et_pb_text disabled_on=&#8221;on|on|off&#8221; _builder_version=&#8221;4.25.1&#8243; _module_preset=&#8221;_initial&#8221; header_3_text_align=&#8221;center&#8221; header_3_font_size=&#8221;39px&#8221; global_colors_info=&#8221;{}&#8221;]<\/p>\n<h3 style=\"text-align: center;\">Consultores<\/h3>\n<p>[\/et_pb_text][\/et_pb_column][\/et_pb_row][et_pb_row column_structure=&#8221;1_2,1_2&#8243; _builder_version=&#8221;4.23.4&#8243; _module_preset=&#8221;default&#8221; background_enable_color=&#8221;off&#8221; custom_padding=&#8221;||||true|false&#8221; global_colors_info=&#8221;{}&#8221;][et_pb_column type=&#8221;1_2&#8243; _builder_version=&#8221;4.23.4&#8243; _module_preset=&#8221;default&#8221; background_color=&#8221;#D6D6D6&#8243; custom_padding=&#8221;20px||20px|35px|true|false&#8221; border_radii=&#8221;on|35px|35px|35px|35px&#8221; box_shadow_style=&#8221;preset2&#8243; global_colors_info=&#8221;{}&#8221;][et_pb_text _builder_version=&#8221;4.23.4&#8243; _module_preset=&#8221;_initial&#8221; text_font_size=&#8221;19px&#8221; text_line_height=&#8221;1.8em&#8221; global_colors_info=&#8221;{}&#8221;]<\/p>\n<div class=\"wpb_column vc_column_container vc_col-sm-3\">\n<div class=\"vc_column-inner \">\n<div class=\"wpb_wrapper\">\n<div class=\"wpb_text_column wpb_content_element \">\n<div class=\"wpb_wrapper\">\n<div class=\"uvc-main-heading ult-responsive\" data-ultimate-target=\".uvc-heading.ultimate-heading-55935b8c80a8e0d38 h2\" data-responsive-json-new=\"{&quot;font-size&quot;:&quot;desktop:40px;&quot;,&quot;line-height&quot;:&quot;&quot;}\">\n<p><strong>Juarez Gurdjieff<\/strong><\/p>\n<\/div>\n<div class=\"uvc-sub-heading ult-responsive\" data-ultimate-target=\".uvc-heading.ultimate-heading-55935b8c80a8e0d38 .uvc-sub-heading \" data-responsive-json-new=\"{&quot;font-size&quot;:&quot;desktop:17px;&quot;,&quot;line-height&quot;:&quot;desktop:25px;&quot;}\">\n<p><strong><\/strong><\/p>\n<\/div>\n<\/div>\n<\/div>\n<\/div>\n<\/div>\n<\/div>\n<p>[\/et_pb_text][et_pb_text _builder_version=&#8221;4.23.4&#8243; _module_preset=&#8221;_initial&#8221; text_font_size=&#8221;13px&#8221; text_line_height=&#8221;1.8em&#8221; custom_margin=&#8221;-25px||||false|false&#8221; global_colors_info=&#8221;{}&#8221;]<\/p>\n<div class=\"wpb_column vc_column_container vc_col-sm-3\">\n<div class=\"vc_column-inner \">\n<div class=\"wpb_wrapper\">\n<div class=\"wpb_text_column wpb_content_element \">\n<div class=\"wpb_wrapper\">\n<div class=\"uvc-main-heading ult-responsive\" data-ultimate-target=\".uvc-heading.ultimate-heading-55935b8c80a8e0d38 h2\" data-responsive-json-new=\"{&quot;font-size&quot;:&quot;desktop:40px;&quot;,&quot;line-height&quot;:&quot;&quot;}\"><strong><em>Consultor S\u00eanior | Mentoria | Professor Pesquisador | Psicoterapeuta | Especialista em Simbologia | Escritor<\/em><\/strong><\/div>\n<div class=\"uvc-sub-heading ult-responsive\" data-ultimate-target=\".uvc-heading.ultimate-heading-55935b8c80a8e0d38 .uvc-sub-heading \" data-responsive-json-new=\"{&quot;font-size&quot;:&quot;desktop:17px;&quot;,&quot;line-height&quot;:&quot;desktop:25px;&quot;}\">\n<p><strong><em><\/em><\/strong><\/p>\n<\/div>\n<\/div>\n<\/div>\n<\/div>\n<\/div>\n<\/div>\n<p>[\/et_pb_text][et_pb_text _builder_version=&#8221;4.23.4&#8243; _module_preset=&#8221;_initial&#8221; text_line_height=&#8221;1.8em&#8221; custom_margin=&#8221;-30px||||false|false&#8221; global_colors_info=&#8221;{}&#8221;]<\/p>\n<div class=\"wpb_column vc_column_container vc_col-sm-3\">\n<div class=\"vc_column-inner \">\n<div class=\"wpb_wrapper\">\n<div class=\"wpb_text_column wpb_content_element \">\n<div class=\"wpb_wrapper\">\n<div class=\"uvc-main-heading ult-responsive\" data-ultimate-target=\".uvc-heading.ultimate-heading-55935b8c80a8e0d38 h2\" data-responsive-json-new=\"{&quot;font-size&quot;:&quot;desktop:40px;&quot;,&quot;line-height&quot;:&quot;&quot;}\"><strong><a href=\"http:\/\/187.93.113.74:8080\/siscafweb\/carregaConselho.do?tipoAcesso=4&amp;s=1&amp;tipoConsulta=pf&amp;controle=0&amp;sigla=crpsp&amp;ini=1\" target=\"_blank\" rel=\"noopener\">CRP 08\/08156<\/a><\/strong><\/div>\n<div class=\"uvc-sub-heading ult-responsive\" data-ultimate-target=\".uvc-heading.ultimate-heading-55935b8c80a8e0d38 .uvc-sub-heading \" data-responsive-json-new=\"{&quot;font-size&quot;:&quot;desktop:17px;&quot;,&quot;line-height&quot;:&quot;desktop:25px;&quot;}\">\n<p><strong><\/strong><\/p>\n<\/div>\n<\/div>\n<\/div>\n<\/div>\n<\/div>\n<\/div>\n<p>[\/et_pb_text][et_pb_text _builder_version=&#8221;4.23.4&#8243; _module_preset=&#8221;_initial&#8221; global_colors_info=&#8221;{}&#8221;]<\/p>\n<ul>\n<li>Doutorando em Educa\u00e7\u00e3o;<\/li>\n<li>Mestrado em Organiza\u00e7\u00f5es e Desenvolvimento;<\/li>\n<li>Mestre em Teologia;<\/li>\n<li>Especialista em Psicologia das Organiza\u00e7\u00f5es e do Trabalho;<\/li>\n<li>Especialista em Gest\u00e3o de Pessoas;<\/li>\n<li>Especialista em Psicologia Anal\u00edtica;<\/li>\n<\/ul>\n<p><strong>Consultor | Mentoring | Escritor | Professor Universit\u00e1rio<\/strong><\/p>\n<p>[\/et_pb_text][et_pb_button button_url=&#8221;https:\/\/buscatextual.cnpq.br\/buscatextual\/visualizacv.do?id=K4232607A3&#8243; url_new_window=&#8221;on&#8221; button_text=&#8221;Download CV&#8221; button_alignment=&#8221;center&#8221; _builder_version=&#8221;4.23.4&#8243; _module_preset=&#8221;_initial&#8221; custom_button=&#8221;on&#8221; button_bg_color=&#8221;#FFFFFF&#8221; button_border_radius=&#8221;16px&#8221; custom_margin=&#8221;||||false|false&#8221; global_colors_info=&#8221;{}&#8221;][\/et_pb_button][\/et_pb_column][et_pb_column type=&#8221;1_2&#8243; _builder_version=&#8221;4.23.4&#8243; _module_preset=&#8221;default&#8221; background_color=&#8221;#D6D6D6&#8243; custom_padding=&#8221;8px||8px||true|false&#8221; global_colors_info=&#8221;{}&#8221;][et_pb_image src=&#8221;https:\/\/moradadastradicoes.com.br\/totemtalentos\/wp-content\/uploads\/2024\/05\/co-working-13b.png&#8221; title_text=&#8221;Juarez-800&#8243; _builder_version=&#8221;4.23.4&#8243; _module_preset=&#8221;default&#8221; background_image=&#8221;https:\/\/moradadastradicoes.com.br\/totemtalentos\/wp-content\/uploads\/2024\/06\/Juarez-800-1.jpg&#8221; box_shadow_style=&#8221;preset1&#8243; global_colors_info=&#8221;{}&#8221;][\/et_pb_image][\/et_pb_column][\/et_pb_row][\/et_pb_section][et_pb_section fb_built=&#8221;1&#8243; admin_label=&#8221;Membership&#8221; _builder_version=&#8221;4.25.1&#8243; _module_preset=&#8221;default&#8221; background_color=&#8221;#d6d6d6&#8243; background_enable_pattern_style=&#8221;on&#8221; background_pattern_style=&#8221;diagonal-stripes-2&#8243; box_shadow_style=&#8221;preset1&#8243; collapsed=&#8221;on&#8221; global_colors_info=&#8221;{}&#8221;][et_pb_row column_structure=&#8221;1_2,1_2&#8243; _builder_version=&#8221;4.23.4&#8243; _module_preset=&#8221;default&#8221; global_colors_info=&#8221;{}&#8221;][et_pb_column type=&#8221;1_2&#8243; _builder_version=&#8221;4.23.4&#8243; _module_preset=&#8221;default&#8221; background_image=&#8221;https:\/\/moradadastradicoes.com.br\/totemtalentos\/wp-content\/uploads\/2024\/05\/co-working-13b.png&#8221; global_colors_info=&#8221;{}&#8221;][et_pb_image src=&#8221;https:\/\/moradadastradicoes.com.br\/totemtalentos\/wp-content\/uploads\/2024\/05\/co-working-13b.png&#8221; title_text=&#8221;Paulo800&#8243; _builder_version=&#8221;4.23.4&#8243; _module_preset=&#8221;default&#8221; background_image=&#8221;https:\/\/moradadastradicoes.com.br\/totemtalentos\/wp-content\/uploads\/2024\/06\/Paulo800.jpg&#8221; box_shadow_style=&#8221;preset2&#8243; global_colors_info=&#8221;{}&#8221;][\/et_pb_image][\/et_pb_column][et_pb_column type=&#8221;1_2&#8243; _builder_version=&#8221;4.23.4&#8243; _module_preset=&#8221;default&#8221; background_color=&#8221;#d6d6d6&#8243; custom_padding=&#8221;15px||15px|25px|true|false&#8221; border_radii=&#8221;on|35px|35px|35px|35px&#8221; box_shadow_style=&#8221;preset1&#8243; global_colors_info=&#8221;{}&#8221;][et_pb_text _builder_version=&#8221;4.23.4&#8243; _module_preset=&#8221;_initial&#8221; text_font_size=&#8221;17px&#8221; text_line_height=&#8221;1.8em&#8221; custom_margin=&#8221;5px||||false|false&#8221; global_colors_info=&#8221;{}&#8221;]<\/p>\n<div class=\"wpb_column vc_column_container vc_col-sm-3\">\n<div class=\"vc_column-inner \">\n<div class=\"wpb_wrapper\">\n<div class=\"wpb_text_column wpb_content_element \">\n<div class=\"wpb_wrapper\">\n<div class=\"uvc-main-heading ult-responsive\" data-ultimate-target=\".uvc-heading.ultimate-heading-55935b8c80a8e0d38 h2\" data-responsive-json-new=\"{&quot;font-size&quot;:&quot;desktop:40px;&quot;,&quot;line-height&quot;:&quot;&quot;}\">\n<p style=\"text-align: left;\"><strong>Paulo S. Orti<\/strong><\/p>\n<\/div>\n<div class=\"uvc-sub-heading ult-responsive\" data-ultimate-target=\".uvc-heading.ultimate-heading-55935b8c80a8e0d38 .uvc-sub-heading \" data-responsive-json-new=\"{&quot;font-size&quot;:&quot;desktop:17px;&quot;,&quot;line-height&quot;:&quot;desktop:25px;&quot;}\">\n<p><strong><\/strong><\/p>\n<\/div>\n<\/div>\n<\/div>\n<\/div>\n<\/div>\n<\/div>\n<p>[\/et_pb_text][et_pb_text _builder_version=&#8221;4.23.4&#8243; _module_preset=&#8221;_initial&#8221; text_font_size=&#8221;13px&#8221; text_line_height=&#8221;1.8em&#8221; custom_margin=&#8221;-25px||||false|false&#8221; global_colors_info=&#8221;{}&#8221;]<\/p>\n<div class=\"wpb_column vc_column_container vc_col-sm-3\">\n<div class=\"vc_column-inner \">\n<div class=\"wpb_wrapper\">\n<div class=\"wpb_text_column wpb_content_element \">\n<div class=\"wpb_wrapper\">\n<div class=\"uvc-main-heading ult-responsive\" data-ultimate-target=\".uvc-heading.ultimate-heading-55935b8c80a8e0d38 h2\" data-responsive-json-new=\"{&quot;font-size&quot;:&quot;desktop:40px;&quot;,&quot;line-height&quot;:&quot;&quot;}\"><\/div>\n<div class=\"uvc-sub-heading ult-responsive\" data-ultimate-target=\".uvc-heading.ultimate-heading-55935b8c80a8e0d38 .uvc-sub-heading \" data-responsive-json-new=\"{&quot;font-size&quot;:&quot;desktop:17px;&quot;,&quot;line-height&quot;:&quot;desktop:25px;&quot;}\">\n<p style=\"text-align: left;\"><strong><em>Consultor de Planejamento e Gest\u00e3o Organizacional | Mentoria | Professor Universit\u00e1rio<\/em><\/strong><\/p>\n<p><strong><\/strong><\/p>\n<\/div>\n<\/div>\n<\/div>\n<\/div>\n<\/div>\n<\/div>\n<p>[\/et_pb_text][et_pb_text _builder_version=&#8221;4.23.4&#8243; _module_preset=&#8221;_initial&#8221; text_line_height=&#8221;1.8em&#8221; custom_margin=&#8221;-40px||||false|false&#8221; global_colors_info=&#8221;{}&#8221;]<\/p>\n<div class=\"wpb_column vc_column_container vc_col-sm-3\">\n<div class=\"vc_column-inner \">\n<div class=\"wpb_wrapper\">\n<div class=\"wpb_text_column wpb_content_element \">\n<div class=\"wpb_wrapper\">\n<div class=\"uvc-main-heading ult-responsive\" data-ultimate-target=\".uvc-heading.ultimate-heading-55935b8c80a8e0d38 h2\" data-responsive-json-new=\"{&quot;font-size&quot;:&quot;desktop:40px;&quot;,&quot;line-height&quot;:&quot;&quot;}\"><\/div>\n<div class=\"uvc-sub-heading ult-responsive\" data-ultimate-target=\".uvc-heading.ultimate-heading-55935b8c80a8e0d38 .uvc-sub-heading \" data-responsive-json-new=\"{&quot;font-size&quot;:&quot;desktop:17px;&quot;,&quot;line-height&quot;:&quot;desktop:25px;&quot;}\">\n<p><strong><a href=\"http:\/\/187.93.113.74:8080\/siscafweb\/carregaConselho.do?tipoAcesso=4&amp;s=1&amp;tipoConsulta=pf&amp;controle=0&amp;sigla=crpsp&amp;ini=1\" target=\"_blank\" rel=\"noopener\">CRP 08\/20595<\/a><\/strong><\/p>\n<p><strong><\/strong><\/p>\n<\/div>\n<\/div>\n<\/div>\n<\/div>\n<\/div>\n<\/div>\n<p>[\/et_pb_text][et_pb_text _builder_version=&#8221;4.23.4&#8243; _module_preset=&#8221;_initial&#8221; custom_margin=&#8221;-35px||||false|false&#8221; global_colors_info=&#8221;{}&#8221;]<\/p>\n<ul>\n<li>Mestrado em Engenharia de Produ\u00e7\u00e3o, com \u00eanfase em Gest\u00e3o do Conhecimento;<\/li>\n<li>Especialista em Administra\u00e7\u00e3o de Recursos Humanos;<\/li>\n<li>Especialista em Gest\u00e3o de Servi\u00e7os;<\/li>\n<li>Terapeuta Ayurverda \u2013 Medicina Indiana;<\/li>\n<li>Gradua\u00e7\u00e3o em Psicologia;<\/li>\n<li>Gradua\u00e7\u00e3o em Tecnologia da Ger\u00eancia;<\/li>\n<\/ul>\n<div class=\"three dfd_col-tabletop-3 dfd_col-laptop-3 dfd_col-mobile-12 dfd_col-tablet-6 columns vc-column-extra-class-5b8fbfbdf104a vc_custom_1489235772282\" data-parallax_sense=\"30\">\n<div class=\"wpb_wrapper\">\n<div class=\"wpb_text_column wpb_content_element cr-animate-gen animation-done\" data-animate-type=\"transition.slideLeftBigIn\"><\/div>\n<\/div>\n<\/div>\n<p>[\/et_pb_text][et_pb_text _builder_version=&#8221;4.23.4&#8243; _module_preset=&#8221;_initial&#8221; custom_margin=&#8221;-35px||||false|false&#8221; custom_padding=&#8221;||||true|false&#8221; global_colors_info=&#8221;{}&#8221;]<\/p>\n<h3 class=\"aio-icon-title ult-responsive\" data-ultimate-target=\"#Info-box-wrap-1914 .aio-icon-title\" data-responsive-json-new=\"{&quot;font-size&quot;:&quot;desktop:24px;&quot;,&quot;line-height&quot;:&quot;desktop:34px;&quot;}\" style=\"text-align: center;\"><strong><a href=\"http:\/\/api.whatsapp.com\/send?1=pt_BR&amp;phone=5548999420768\" target=\"_blank\" rel=\"noopener\"><span style=\"font-size: 16px;\"><i><span style=\"color: #d11111;\">Entre em Contato com Paulo S. Orti<\/span><\/i><\/span><\/a><\/strong><\/h3>\n<p>[\/et_pb_text][et_pb_button button_url=&#8221;https:\/\/buscatextual.cnpq.br\/buscatextual\/visualizacv.do?id=K4218513D6&#8243; url_new_window=&#8221;on&#8221; button_text=&#8221;Download CV&#8221; button_alignment=&#8221;center&#8221; button_alignment_tablet=&#8221;center&#8221; button_alignment_phone=&#8221;center&#8221; button_alignment_last_edited=&#8221;on|phone&#8221; _builder_version=&#8221;4.23.4&#8243; _module_preset=&#8221;_initial&#8221; custom_button=&#8221;on&#8221; button_bg_color=&#8221;#FFFFFF&#8221; button_border_radius=&#8221;16px&#8221; custom_margin=&#8221;-15px||||false|false&#8221; global_colors_info=&#8221;{}&#8221;][\/et_pb_button][\/et_pb_column][\/et_pb_row][\/et_pb_section][et_pb_section fb_built=&#8221;1&#8243; admin_label=&#8221;Talentograma&#8221; module_id=&#8221;Talentograma&#8221; _builder_version=&#8221;4.25.1&#8243; _module_preset=&#8221;default&#8221; background_color=&#8221;#d6d6d6&#8243; background_enable_pattern_style=&#8221;on&#8221; background_pattern_style=&#8221;diagonal-stripes-2&#8243; box_shadow_style=&#8221;preset1&#8243; collapsed=&#8221;on&#8221; global_colors_info=&#8221;{}&#8221;][et_pb_row _builder_version=&#8221;4.20.0&#8243; _module_preset=&#8221;default&#8221; border_color_all=&#8221;#000000&#8243; border_width_bottom=&#8221;1px&#8221; global_colors_info=&#8221;{}&#8221;][et_pb_column type=&#8221;4_4&#8243; _builder_version=&#8221;4.20.0&#8243; _module_preset=&#8221;default&#8221; global_colors_info=&#8221;{}&#8221;][et_pb_text _builder_version=&#8221;4.25.1&#8243; _module_preset=&#8221;_initial&#8221; header_3_text_align=&#8221;center&#8221; header_3_font_size=&#8221;39px&#8221; global_colors_info=&#8221;{}&#8221;]<\/p>\n<h3 style=\"text-align: center;\">Talentograma<\/h3>\n<p>[\/et_pb_text][\/et_pb_column][\/et_pb_row][et_pb_row column_structure=&#8221;1_4,3_4&#8243; _builder_version=&#8221;4.25.1&#8243; _module_preset=&#8221;default&#8221; background_color=&#8221;#d6d6d6&#8243; border_color_all=&#8221;#000000&#8243; border_width_bottom=&#8221;1px&#8221; global_colors_info=&#8221;{}&#8221;][et_pb_column type=&#8221;1_4&#8243; _builder_version=&#8221;4.20.0&#8243; _module_preset=&#8221;default&#8221; global_colors_info=&#8221;{}&#8221;][et_pb_image src=&#8221;https:\/\/moradadastradicoes.com.br\/totemtalentos\/wp-content\/uploads\/2018\/09\/talentograma-coaching-vocacional.jpeg&#8221; title_text=&#8221;talentograma-coaching-vocacional&#8221; align_tablet=&#8221;&#8221; align_phone=&#8221;center&#8221; align_last_edited=&#8221;on|phone&#8221; _builder_version=&#8221;4.23.4&#8243; _module_preset=&#8221;default&#8221; global_colors_info=&#8221;{}&#8221;][\/et_pb_image][\/et_pb_column][et_pb_column type=&#8221;3_4&#8243; _builder_version=&#8221;4.20.0&#8243; _module_preset=&#8221;default&#8221; global_colors_info=&#8221;{}&#8221;][et_pb_text _builder_version=&#8221;4.23.4&#8243; _module_preset=&#8221;_initial&#8221; global_colors_info=&#8221;{}&#8221;]<\/p>\n<h3 style=\"text-align: center;\">Talentograma Vocacional<\/h3>\n<p>[\/et_pb_text][et_pb_button button_url=&#8221;https:\/\/moradadastradicoes.com.br\/totemtalentos\/talentograma-vocacional\/&#8221; url_new_window=&#8221;on&#8221; button_text=&#8221;Clique e Pe\u00e7a o SEU!&#8221; button_text_tablet=&#8221;Clique e Pe\u00e7a o SEU!&#8221; button_text_phone=&#8221;Clique e Pe\u00e7a o SEU!&#8221; button_text_last_edited=&#8221;on|phone&#8221; button_alignment_tablet=&#8221;&#8221; button_alignment_phone=&#8221;center&#8221; button_alignment_last_edited=&#8221;on|phone&#8221; _builder_version=&#8221;4.23.4&#8243; _module_preset=&#8221;_initial&#8221; custom_button=&#8221;on&#8221; button_bg_color=&#8221;#FFFFFF&#8221; button_border_radius=&#8221;16px&#8221; global_colors_info=&#8221;{}&#8221;][\/et_pb_button][\/et_pb_column][\/et_pb_row][\/et_pb_section][et_pb_section fb_built=&#8221;1&#8243; admin_label=&#8221;Contato&#8221; module_id=&#8221;Contato&#8221; _builder_version=&#8221;4.25.1&#8243; _module_preset=&#8221;default&#8221; background_image=&#8221;https:\/\/moradadastradicoes.com.br\/totemtalentos\/wp-content\/uploads\/2018\/09\/Teia-de-aranha-post-n.jpg&#8221; box_shadow_style=&#8221;preset1&#8243; saved_tabs=&#8221;all&#8221; collapsed=&#8221;on&#8221; global_colors_info=&#8221;{}&#8221;][et_pb_row _builder_version=&#8221;4.20.0&#8243; _module_preset=&#8221;default&#8221; global_colors_info=&#8221;{}&#8221;][et_pb_column type=&#8221;4_4&#8243; _builder_version=&#8221;4.20.0&#8243; _module_preset=&#8221;default&#8221; global_colors_info=&#8221;{}&#8221;][et_pb_text _builder_version=&#8221;4.25.1&#8243; _module_preset=&#8221;_initial&#8221; header_3_text_align=&#8221;center&#8221; header_3_text_color=&#8221;#FFFFFF&#8221; header_3_font_size=&#8221;39px&#8221; global_colors_info=&#8221;{}&#8221;]<\/p>\n<h3 style=\"text-align: center;\">Entre em Contato<\/h3>\n<p>[\/et_pb_text][et_pb_contact_form use_spam_service=&#8221;on&#8221; recaptcha_list=&#8221;TOTEM TALENTOS|TOTEM TALENTOS-0&#8243; email=&#8221;contato@totemtalentos.com.br&#8221; custom_message=&#8221;Email Recebido Atrav\u00e9s do Formul\u00e1rio de Contato TOTEM TALENTOS.||et_pb_line_break_holder||||et_pb_line_break_holder||Nome&#8230;&#8230;:  %%Nome%%||et_pb_line_break_holder||Email&#8230;&#8230;.:  %%Email%%||et_pb_line_break_holder||Tel&#8230;&#8230;&#8230;&#8230;:  %%Telefone%%||et_pb_line_break_holder||Empresa..:  %%Empresa%%||et_pb_line_break_holder||Mensagem: ||et_pb_line_break_holder||%%Mensagem%%||et_pb_line_break_holder||&#8221; use_redirect=&#8221;on&#8221; redirect_url=&#8221;https:\/\/suportegratis.com.br\/totemtalentos\/oncapintadadopantanal\/#Home&#8221; success_message=&#8221;Mensagem enviada com \u00caxito&#8221; _builder_version=&#8221;4.23.4&#8243; _module_preset=&#8221;default&#8221; _unique_id=&#8221;e5d8942b-e65f-47da-b308-25c48a893fc2&#8243; captcha_text_color=&#8221;#FFFFFF&#8221; captcha_font_size=&#8221;60px&#8221; captcha_letter_spacing=&#8221;3px&#8221; custom_button=&#8221;on&#8221; button_text_color=&#8221;#FFFFFF&#8221; button_bg_color=&#8221;#d11111&#8243; button_border_radius=&#8221;16px&#8221; global_colors_info=&#8221;{}&#8221;][et_pb_contact_field field_id=&#8221;Name&#8221; field_title=&#8221;Nome&#8221; _builder_version=&#8221;4.16&#8243; _module_preset=&#8221;default&#8221; global_colors_info=&#8221;{}&#8221; button_text_size__hover_enabled=&#8221;off&#8221; button_one_text_size__hover_enabled=&#8221;off&#8221; button_two_text_size__hover_enabled=&#8221;off&#8221; button_text_color__hover_enabled=&#8221;off&#8221; button_one_text_color__hover_enabled=&#8221;off&#8221; button_two_text_color__hover_enabled=&#8221;off&#8221; button_border_width__hover_enabled=&#8221;off&#8221; button_one_border_width__hover_enabled=&#8221;off&#8221; button_two_border_width__hover_enabled=&#8221;off&#8221; button_border_color__hover_enabled=&#8221;off&#8221; button_one_border_color__hover_enabled=&#8221;off&#8221; button_two_border_color__hover_enabled=&#8221;off&#8221; button_border_radius__hover_enabled=&#8221;off&#8221; button_one_border_radius__hover_enabled=&#8221;off&#8221; button_two_border_radius__hover_enabled=&#8221;off&#8221; button_letter_spacing__hover_enabled=&#8221;off&#8221; button_one_letter_spacing__hover_enabled=&#8221;off&#8221; button_two_letter_spacing__hover_enabled=&#8221;off&#8221; button_bg_color__hover_enabled=&#8221;off&#8221; button_one_bg_color__hover_enabled=&#8221;off&#8221; button_two_bg_color__hover_enabled=&#8221;off&#8221;][\/et_pb_contact_field][et_pb_contact_field field_id=&#8221;Email&#8221; field_title=&#8221;E-mail&#8221; field_type=&#8221;email&#8221; _builder_version=&#8221;4.16&#8243; _module_preset=&#8221;default&#8221; global_colors_info=&#8221;{}&#8221; button_text_size__hover_enabled=&#8221;off&#8221; button_one_text_size__hover_enabled=&#8221;off&#8221; button_two_text_size__hover_enabled=&#8221;off&#8221; button_text_color__hover_enabled=&#8221;off&#8221; button_one_text_color__hover_enabled=&#8221;off&#8221; button_two_text_color__hover_enabled=&#8221;off&#8221; button_border_width__hover_enabled=&#8221;off&#8221; button_one_border_width__hover_enabled=&#8221;off&#8221; button_two_border_width__hover_enabled=&#8221;off&#8221; button_border_color__hover_enabled=&#8221;off&#8221; button_one_border_color__hover_enabled=&#8221;off&#8221; button_two_border_color__hover_enabled=&#8221;off&#8221; button_border_radius__hover_enabled=&#8221;off&#8221; button_one_border_radius__hover_enabled=&#8221;off&#8221; button_two_border_radius__hover_enabled=&#8221;off&#8221; button_letter_spacing__hover_enabled=&#8221;off&#8221; button_one_letter_spacing__hover_enabled=&#8221;off&#8221; button_two_letter_spacing__hover_enabled=&#8221;off&#8221; button_bg_color__hover_enabled=&#8221;off&#8221; button_one_bg_color__hover_enabled=&#8221;off&#8221; button_two_bg_color__hover_enabled=&#8221;off&#8221;][\/et_pb_contact_field][et_pb_contact_field field_id=&#8221;Telefone&#8221; field_title=&#8221;Telefone&#8221; _builder_version=&#8221;4.25.1&#8243; _module_preset=&#8221;default&#8221; global_colors_info=&#8221;{}&#8221; button_text_size__hover_enabled=&#8221;off&#8221; button_one_text_size__hover_enabled=&#8221;off&#8221; button_two_text_size__hover_enabled=&#8221;off&#8221; button_text_color__hover_enabled=&#8221;off&#8221; button_one_text_color__hover_enabled=&#8221;off&#8221; button_two_text_color__hover_enabled=&#8221;off&#8221; button_border_width__hover_enabled=&#8221;off&#8221; button_one_border_width__hover_enabled=&#8221;off&#8221; button_two_border_width__hover_enabled=&#8221;off&#8221; button_border_color__hover_enabled=&#8221;off&#8221; button_one_border_color__hover_enabled=&#8221;off&#8221; button_two_border_color__hover_enabled=&#8221;off&#8221; button_border_radius__hover_enabled=&#8221;off&#8221; button_one_border_radius__hover_enabled=&#8221;off&#8221; button_two_border_radius__hover_enabled=&#8221;off&#8221; button_letter_spacing__hover_enabled=&#8221;off&#8221; button_one_letter_spacing__hover_enabled=&#8221;off&#8221; button_two_letter_spacing__hover_enabled=&#8221;off&#8221; button_bg_color__hover_enabled=&#8221;off&#8221; button_one_bg_color__hover_enabled=&#8221;off&#8221; button_two_bg_color__hover_enabled=&#8221;off&#8221;][\/et_pb_contact_field][et_pb_contact_field field_id=&#8221;Empresa&#8221; field_title=&#8221;Empresa&#8221; _builder_version=&#8221;4.25.1&#8243; _module_preset=&#8221;default&#8221; global_colors_info=&#8221;{}&#8221; button_text_size__hover_enabled=&#8221;off&#8221; button_one_text_size__hover_enabled=&#8221;off&#8221; button_two_text_size__hover_enabled=&#8221;off&#8221; button_text_color__hover_enabled=&#8221;off&#8221; button_one_text_color__hover_enabled=&#8221;off&#8221; button_two_text_color__hover_enabled=&#8221;off&#8221; button_border_width__hover_enabled=&#8221;off&#8221; button_one_border_width__hover_enabled=&#8221;off&#8221; button_two_border_width__hover_enabled=&#8221;off&#8221; button_border_color__hover_enabled=&#8221;off&#8221; button_one_border_color__hover_enabled=&#8221;off&#8221; button_two_border_color__hover_enabled=&#8221;off&#8221; button_border_radius__hover_enabled=&#8221;off&#8221; button_one_border_radius__hover_enabled=&#8221;off&#8221; button_two_border_radius__hover_enabled=&#8221;off&#8221; button_letter_spacing__hover_enabled=&#8221;off&#8221; button_one_letter_spacing__hover_enabled=&#8221;off&#8221; button_two_letter_spacing__hover_enabled=&#8221;off&#8221; button_bg_color__hover_enabled=&#8221;off&#8221; button_one_bg_color__hover_enabled=&#8221;off&#8221; button_two_bg_color__hover_enabled=&#8221;off&#8221;][\/et_pb_contact_field][et_pb_contact_field field_id=&#8221;Message&#8221; field_title=&#8221;Mensagem&#8221; field_type=&#8221;text&#8221; fullwidth_field=&#8221;on&#8221; _builder_version=&#8221;4.16&#8243; _module_preset=&#8221;default&#8221; global_colors_info=&#8221;{}&#8221; button_text_size__hover_enabled=&#8221;off&#8221; button_one_text_size__hover_enabled=&#8221;off&#8221; button_two_text_size__hover_enabled=&#8221;off&#8221; button_text_color__hover_enabled=&#8221;off&#8221; button_one_text_color__hover_enabled=&#8221;off&#8221; button_two_text_color__hover_enabled=&#8221;off&#8221; button_border_width__hover_enabled=&#8221;off&#8221; button_one_border_width__hover_enabled=&#8221;off&#8221; button_two_border_width__hover_enabled=&#8221;off&#8221; button_border_color__hover_enabled=&#8221;off&#8221; button_one_border_color__hover_enabled=&#8221;off&#8221; button_two_border_color__hover_enabled=&#8221;off&#8221; button_border_radius__hover_enabled=&#8221;off&#8221; button_one_border_radius__hover_enabled=&#8221;off&#8221; button_two_border_radius__hover_enabled=&#8221;off&#8221; button_letter_spacing__hover_enabled=&#8221;off&#8221; button_one_letter_spacing__hover_enabled=&#8221;off&#8221; button_two_letter_spacing__hover_enabled=&#8221;off&#8221; button_bg_color__hover_enabled=&#8221;off&#8221; button_one_bg_color__hover_enabled=&#8221;off&#8221; button_two_bg_color__hover_enabled=&#8221;off&#8221;][\/et_pb_contact_field][\/et_pb_contact_form][\/et_pb_column][\/et_pb_row][\/et_pb_section][et_pb_section fb_built=&#8221;1&#8243; admin_label=&#8221;Localizacao&#8221; module_id=&#8221;Localizacao&#8221; _builder_version=&#8221;4.25.1&#8243; _module_preset=&#8221;default&#8221; background_color=&#8221;#d6d6d6&#8243; background_enable_pattern_style=&#8221;on&#8221; background_pattern_style=&#8221;diagonal-stripes-2&#8243; box_shadow_style=&#8221;preset1&#8243; saved_tabs=&#8221;all&#8221; collapsed=&#8221;on&#8221; global_colors_info=&#8221;{}&#8221;][et_pb_row column_structure=&#8221;1_3,1_3,1_3&#8243; _builder_version=&#8221;4.23.4&#8243; _module_preset=&#8221;default&#8221; background_color=&#8221;#d6d6d6&#8243; border_radii=&#8221;on|16px|16px|16px|16px&#8221; global_colors_info=&#8221;{}&#8221;][et_pb_column type=&#8221;1_3&#8243; _builder_version=&#8221;4.25.1&#8243; _module_preset=&#8221;default&#8221; global_colors_info=&#8221;{}&#8221;][et_pb_blurb use_icon=&#8221;on&#8221; font_icon=&#8221;&#xe081;||divi||400&#8243; icon_placement=&#8221;left&#8221; image_icon_width=&#8221;35px&#8221; _builder_version=&#8221;4.25.1&#8243; _module_preset=&#8221;_initial&#8221; custom_margin=&#8221;|||21px|false|false&#8221; global_colors_info=&#8221;{}&#8221;][\/et_pb_blurb][et_pb_text _builder_version=&#8221;4.25.1&#8243; _module_preset=&#8221;_initial&#8221; link_text_color=&#8221;#000000&#8243; custom_margin=&#8221;||0px|21px|false|false&#8221; global_colors_info=&#8221;{}&#8221;]<\/p>\n<p><strong>Rua 06 de Novembro, 407 \u2013 Sala 1<\/strong><\/p>\n<p>[\/et_pb_text][et_pb_text _builder_version=&#8221;4.25.1&#8243; _module_preset=&#8221;_initial&#8221; link_text_color=&#8221;#000000&#8243; custom_margin=&#8221;||0px|21px|false|false&#8221; global_colors_info=&#8221;{}&#8221;]<\/p>\n<p><strong>Cep: 88181-520<\/strong><\/p>\n<p>[\/et_pb_text][et_pb_text _builder_version=&#8221;4.25.1&#8243; _module_preset=&#8221;_initial&#8221; link_text_color=&#8221;#000000&#8243; custom_margin=&#8221;||0px|21px|false|false&#8221; global_colors_info=&#8221;{}&#8221;]<\/p>\n<p><span><strong>Ant\u00f4nio Carlos\u00a0<\/strong><\/span><span><strong>\u2013 SC<\/strong><\/span><\/p>\n<p>[\/et_pb_text][\/et_pb_column][et_pb_column type=&#8221;1_3&#8243; _builder_version=&#8221;4.20.0&#8243; _module_preset=&#8221;default&#8221; global_colors_info=&#8221;{}&#8221;][et_pb_blurb use_icon=&#8221;on&#8221; font_icon=&#8221;&#xe090;||divi||400&#8243; icon_placement=&#8221;left&#8221; image_icon_width=&#8221;35px&#8221; _builder_version=&#8221;4.25.1&#8243; _module_preset=&#8221;_initial&#8221; custom_margin=&#8221;|||21px|false|false&#8221; global_colors_info=&#8221;{}&#8221;][\/et_pb_blurb][et_pb_text _builder_version=&#8221;4.23.4&#8243; _module_preset=&#8221;_initial&#8221; link_text_color=&#8221;#000000&#8243; custom_margin=&#8221;||0px|21px|false|false&#8221; global_colors_info=&#8221;{}&#8221;]<\/p>\n<p><strong><span id=\"et-info-phone\">Whatsapp (48) 99942-0768<\/span><\/strong><\/p>\n<p>[\/et_pb_text][\/et_pb_column][et_pb_column type=&#8221;1_3&#8243; _builder_version=&#8221;4.20.0&#8243; _module_preset=&#8221;default&#8221; global_colors_info=&#8221;{}&#8221;][et_pb_blurb use_icon=&#8221;on&#8221; font_icon=&#8221;&#xf017;||fa||900&#8243; icon_placement=&#8221;left&#8221; image_icon_width=&#8221;35px&#8221; _builder_version=&#8221;4.25.1&#8243; _module_preset=&#8221;_initial&#8221; custom_margin=&#8221;|||21px|false|false&#8221; global_colors_info=&#8221;{}&#8221;][\/et_pb_blurb][et_pb_text _builder_version=&#8221;4.25.1&#8243; _module_preset=&#8221;_initial&#8221; link_text_color=&#8221;#000000&#8243; custom_margin=&#8221;||0px|21px|false|false&#8221; global_colors_info=&#8221;{}&#8221;]<\/p>\n<p><strong><em>Hor\u00e1rio de Atendimento<\/em><\/strong><\/p>\n<p>[\/et_pb_text][et_pb_text _builder_version=&#8221;4.25.1&#8243; _module_preset=&#8221;_initial&#8221; link_text_color=&#8221;#000000&#8243; custom_margin=&#8221;||0px|21px|false|false&#8221; global_colors_info=&#8221;{}&#8221;]<\/p>\n<p><strong><em>De Segunda a Domingo<\/em><\/strong><\/p>\n<p>[\/et_pb_text][et_pb_text _builder_version=&#8221;4.25.1&#8243; _module_preset=&#8221;_initial&#8221; link_text_color=&#8221;#000000&#8243; custom_margin=&#8221;||0px|21px|false|false&#8221; global_colors_info=&#8221;{}&#8221;]<\/p>\n<p><strong><em>Conforme Disponibilidade dos Profissionais<\/em><\/strong><\/p>\n<p>[\/et_pb_text][\/et_pb_column][\/et_pb_row][\/et_pb_section]<\/p>\n","protected":false},"excerpt":{"rendered":"<p>Os Talentos como Caminhos da VidaA palavra\u00a0TOTEM\u00a0para as tradi\u00e7\u00f5es ind\u00edgenas ou tamb\u00e9m conhecidos como filhos da terra, significa a representa\u00e7\u00e3o dos valores essenciais que est\u00e3o contidos em suas tribos ou comunidades, e que alicer\u00e7am todas as a\u00e7\u00f5es na vida. Nos inspiramos nessa cultura, para oferecer formas de reconhecer e estimular as potencialidades pessoais nos complexos [&hellip;]<\/p>\n","protected":false},"author":1,"featured_media":0,"parent":0,"menu_order":0,"comment_status":"closed","ping_status":"closed","template":"","meta":{"_et_pb_use_builder":"on","_et_pb_old_content":"","_et_gb_content_width":"","footnotes":""},"class_list":["post-1684","page","type-page","status-publish","hentry"],"_links":{"self":[{"href":"https:\/\/moradadastradicoes.com.br\/totemtalentos\/wp-json\/wp\/v2\/pages\/1684","targetHints":{"allow":["GET"]}}],"collection":[{"href":"https:\/\/moradadastradicoes.com.br\/totemtalentos\/wp-json\/wp\/v2\/pages"}],"about":[{"href":"https:\/\/moradadastradicoes.com.br\/totemtalentos\/wp-json\/wp\/v2\/types\/page"}],"author":[{"embeddable":true,"href":"https:\/\/moradadastradicoes.com.br\/totemtalentos\/wp-json\/wp\/v2\/users\/1"}],"replies":[{"embeddable":true,"href":"https:\/\/moradadastradicoes.com.br\/totemtalentos\/wp-json\/wp\/v2\/comments?post=1684"}],"version-history":[{"count":35,"href":"https:\/\/moradadastradicoes.com.br\/totemtalentos\/wp-json\/wp\/v2\/pages\/1684\/revisions"}],"predecessor-version":[{"id":1920,"href":"https:\/\/moradadastradicoes.com.br\/totemtalentos\/wp-json\/wp\/v2\/pages\/1684\/revisions\/1920"}],"wp:attachment":[{"href":"https:\/\/moradadastradicoes.com.br\/totemtalentos\/wp-json\/wp\/v2\/media?parent=1684"}],"curies":[{"name":"wp","href":"https:\/\/api.w.org\/{rel}","templated":true}]}}